{"id":3990,"date":"2025-11-26T18:33:54","date_gmt":"2025-11-26T18:33:54","guid":{"rendered":"https:\/\/www.kosmetologiamagiczna.pl\/?page_id=3990"},"modified":"2025-12-31T19:26:12","modified_gmt":"2025-12-31T19:26:12","slug":"redukcja-przebarwien","status":"publish","type":"page","link":"http:\/\/www.kosmetologiamagiczna.pl\/index.php\/redukcja-przebarwien\/","title":{"rendered":"Redukcja przebarwie\u0144"},"content":{"rendered":"\t\t<div data-elementor-type=\"wp-page\" data-elementor-id=\"3990\" class=\"elementor elementor-3990\">\n\t\t\t\t\t\t<section class=\"elementor-section elementor-top-section elementor-element elementor-element-b70a7f1 elementor-section-boxed elementor-section-height-default elementor-section-height-default\" data-id=\"b70a7f1\" data-element_type=\"section\" data-e-type=\"section\" data-settings=\"{&quot;background_background&quot;:&quot;classic&quot;}\">\n\t\t\t\t\t\t<div class=\"elementor-container elementor-column-gap-default\">\n\t\t\t\t\t<div class=\"elementor-column elementor-col-33 elementor-top-column elementor-element elementor-element-40110c2\" data-id=\"40110c2\" data-element_type=\"column\" data-e-type=\"column\">\n\t\t\t<div class=\"elementor-widget-wrap elementor-element-populated\">\n\t\t\t\t\t\t<div class=\"elementor-element elementor-element-9c0588d elementor-widget elementor-widget-spacer\" data-id=\"9c0588d\" data-element_type=\"widget\" data-e-type=\"widget\" data-widget_type=\"spacer.default\">\n\t\t\t\t\t\t\t<div class=\"elementor-spacer\">\n\t\t\t<div class=\"elementor-spacer-inner\"><\/div>\n\t\t<\/div>\n\t\t\t\t\t\t<\/div>\n\t\t\t\t<div class=\"elementor-element elementor-element-5615131 elementor-widget__width-initial elementor-widget elementor-widget-heading\" data-id=\"5615131\" data-element_type=\"widget\" data-e-type=\"widget\" data-widget_type=\"heading.default\">\n\t\t\t\t\t<h4 class=\"elementor-heading-title elementor-size-default\">Pozb\u0105d\u017a si\u0119 przebarwie\u0144 i odkryj naturalnie promienn\u0105 sk\u00f3r\u0119!<\/h4>\t\t\t\t<\/div>\n\t\t\t\t<div class=\"elementor-element elementor-element-c35ed49 elementor-widget elementor-widget-text-editor\" data-id=\"c35ed49\" data-element_type=\"widget\" data-e-type=\"widget\" data-widget_type=\"text-editor.default\">\n\t\t\t\t\t\t\t\t\t<p>Nier\u00f3wny koloryt, plamy pos\u0142oneczne czy \u015blady po tr\u0105dziku potrafi\u0105 odebra\u0107 pewno\u015b\u0107 siebie. Na szcz\u0119\u015bcie dzi\u015b istniej\u0105 skuteczne sposoby, by przywr\u00f3ci\u0107 sk\u00f3rze jednolity odcie\u0144 i zdrowy blask. Poznaj przyczyny powstawania przebarwie\u0144 i sprawd\u017a, jak nowoczesne metody piel\u0119gnacji oraz zabiegi kosmetologiczne mog\u0105 pom\u00f3c Ci odzyska\u0107 g\u0142adk\u0105, roz\u015bwietlon\u0105 cer\u0119.<\/p>\t\t\t\t\t\t\t\t<\/div>\n\t\t\t\t<div class=\"elementor-element elementor-element-6deb1c6 elementor-widget elementor-widget-spacer\" data-id=\"6deb1c6\" data-element_type=\"widget\" data-e-type=\"widget\" data-widget_type=\"spacer.default\">\n\t\t\t\t\t\t\t<div class=\"elementor-spacer\">\n\t\t\t<div class=\"elementor-spacer-inner\"><\/div>\n\t\t<\/div>\n\t\t\t\t\t\t<\/div>\n\t\t\t\t<div class=\"elementor-element elementor-element-a174ffb elementor-widget elementor-widget-heading\" data-id=\"a174ffb\" data-element_type=\"widget\" data-e-type=\"widget\" data-widget_type=\"heading.default\">\n\t\t\t\t\t<h5 class=\"elementor-heading-title elementor-size-default\">Zadowolenie klienta jest naszym priorytetem.<\/h5>\t\t\t\t<\/div>\n\t\t\t\t\t<\/div>\n\t\t<\/div>\n\t\t\t\t<div class=\"elementor-column elementor-col-33 elementor-top-column elementor-element elementor-element-e5486b4\" data-id=\"e5486b4\" data-element_type=\"column\" data-e-type=\"column\" data-settings=\"{&quot;background_background&quot;:&quot;classic&quot;}\">\n\t\t\t<div class=\"elementor-widget-wrap\">\n\t\t\t\t\t\t\t<\/div>\n\t\t<\/div>\n\t\t\t\t<div class=\"elementor-column elementor-col-33 elementor-top-column elementor-element elementor-element-04904ad\" data-id=\"04904ad\" data-element_type=\"column\" data-e-type=\"column\" data-settings=\"{&quot;background_background&quot;:&quot;classic&quot;}\">\n\t\t\t<div class=\"elementor-widget-wrap elementor-element-populated\">\n\t\t\t\t\t\t<div class=\"elementor-element elementor-element-a7c1594 elementor-widget elementor-widget-image\" data-id=\"a7c1594\" data-element_type=\"widget\" data-e-type=\"widget\" data-widget_type=\"image.default\">\n\t\t\t\t\t\t\t\t\t\t\t\t\t\t\t<img loading=\"lazy\" decoding=\"async\" width=\"979\" height=\"644\" src=\"http:\/\/www.kosmetologiamagiczna.pl\/wp-content\/uploads\/2025\/12\/przebarwienia.webp\" class=\"attachment-1536x1536 size-1536x1536 wp-image-5090\" alt=\"\" srcset=\"http:\/\/www.kosmetologiamagiczna.pl\/wp-content\/uploads\/2025\/12\/przebarwienia.webp 979w, http:\/\/www.kosmetologiamagiczna.pl\/wp-content\/uploads\/2025\/12\/przebarwienia-300x197.webp 300w, http:\/\/www.kosmetologiamagiczna.pl\/wp-content\/uploads\/2025\/12\/przebarwienia-768x505.webp 768w, http:\/\/www.kosmetologiamagiczna.pl\/wp-content\/uploads\/2025\/12\/przebarwienia-480x316.webp 480w\" sizes=\"auto, (max-width: 979px) 100vw, 979px\" title=\"przebarwienia\" \/>\t\t\t\t\t\t\t\t\t\t\t\t\t\t\t<\/div>\n\t\t\t\t\t<\/div>\n\t\t<\/div>\n\t\t\t\t\t<\/div>\n\t\t<\/section>\n\t\t\t\t<section class=\"elementor-section elementor-top-section elementor-element elementor-element-6b87d0a elementor-section-boxed elementor-section-height-default elementor-section-height-default\" data-id=\"6b87d0a\" data-element_type=\"section\" data-e-type=\"section\" data-settings=\"{&quot;background_background&quot;:&quot;classic&quot;}\">\n\t\t\t\t\t\t<div class=\"elementor-container elementor-column-gap-default\">\n\t\t\t\t\t<div class=\"elementor-column elementor-col-100 elementor-top-column elementor-element elementor-element-a308b56\" data-id=\"a308b56\" data-element_type=\"column\" data-e-type=\"column\">\n\t\t\t<div class=\"elementor-widget-wrap elementor-element-populated\">\n\t\t\t\t\t\t<div class=\"elementor-element elementor-element-a3a5cad elementor-widget elementor-widget-spacer\" data-id=\"a3a5cad\" data-element_type=\"widget\" data-e-type=\"widget\" data-widget_type=\"spacer.default\">\n\t\t\t\t\t\t\t<div class=\"elementor-spacer\">\n\t\t\t<div class=\"elementor-spacer-inner\"><\/div>\n\t\t<\/div>\n\t\t\t\t\t\t<\/div>\n\t\t\t\t<div class=\"elementor-element elementor-element-7fbdc3d elementor-widget elementor-widget-text-editor\" data-id=\"7fbdc3d\" data-element_type=\"widget\" data-e-type=\"widget\" data-widget_type=\"text-editor.default\">\n\t\t\t\t\t\t\t\t\t<p><span style=\"font-weight: 900; color: #000080;\" class=\"gt3_font-weight\">M<\/span>elanocyty to kom\u00f3rki barwnikowe, kt\u00f3re znajduj\u0105 si\u0119 w nask\u00f3rku, w warstwie podstawnej (rozrodczej). Melanocyty zawieraj\u0105 barwnik sk\u00f3ry &#8211; melanin\u0119. Melanina jest to pigment powstaj\u0105cy w procesie melanogenezy. Jej wytwarzanie zale\u017cy od czynnik\u00f3w genetycznych, hormonalnych i zewn\u0119trznych bod\u017ac\u00f3w, takich jak promieniowanie ultrafioletowe. Kolor naszej sk\u00f3ry, w\u0142os\u00f3w i t\u0119cz\u00f3wki oka zale\u017cy od ilo\u015bci melaniny. W r\u00f3\u017cnych typach sk\u00f3ry przewa\u017caj\u0105 r\u00f3\u017cne odcienie melaniny (\u017c\u00f3\u0142ty, czerwony, br\u0105zowy i czarny). Im karnacja ciemniejsza tym wi\u0119cej melaniny znajduje si\u0119 w nask\u00f3rku.<\/p><p>Melanina pe\u0142ni bardzo wa\u017cn\u0105 role, mianowicie chroni nasz\u0105 sk\u00f3r\u0119 przed s\u0142o\u0144cem i jego szkodliwym dzia\u0142aniem. Pe\u0142ni te\u017c role naturalnego filtru ochronnego, ma zdolno\u015b\u0107 do cz\u0119\u015bciowego poch\u0142aniania i rozpraszania promieniowania UV padaj\u0105cego na nasz\u0105 sk\u00f3r\u0119. Jednak pod wp\u0142ywem r\u00f3\u017cnorodnych czynnik\u00f3w, dochodzi do nadprodukcji melaniny, do jej nier\u00f3wnomiernego roz\u0142o\u017cenia w sk\u00f3rze lub rozrostu kom\u00f3rek barwnikowych, co uwidacznia si\u0119 jako plamy &#8211; czyli przebarwienia.<\/p><p>Przebarwienia- zaliczamy do grupy zaburze\u0144 barwnikowych. S\u0105 to wykwity w poziomie sk\u00f3ry. S\u0105 niewyczuwalne w dotyku. R\u00f3\u017cni\u0105 si\u0119 od otaczaj\u0105cej sk\u00f3ry zabarwieniem. Plamy s\u0105 w kolorze od jasnobrunatnego, przez wszystkie odcienie a\u017c do czarnego. Wielko\u015b\u0107 i kszta\u0142t jest r\u00f3\u017cna. Mog\u0105 by\u0107 umiejscowione wsz\u0119dzie, najcz\u0119\u015bciej jednak znajduj\u0105 si\u0119 w miejscach ods\u0142oni\u0119tych, eksponowanych na s\u0142o\u0144ce.<\/p>\t\t\t\t\t\t\t\t<\/div>\n\t\t\t\t<div class=\"elementor-element elementor-element-7836c5c elementor-widget elementor-widget-spacer\" data-id=\"7836c5c\" data-element_type=\"widget\" data-e-type=\"widget\" data-widget_type=\"spacer.default\">\n\t\t\t\t\t\t\t<div class=\"elementor-spacer\">\n\t\t\t<div class=\"elementor-spacer-inner\"><\/div>\n\t\t<\/div>\n\t\t\t\t\t\t<\/div>\n\t\t\t\t<div class=\"elementor-element elementor-element-a33f914 elementor-widget elementor-widget-text-editor\" data-id=\"a33f914\" data-element_type=\"widget\" data-e-type=\"widget\" data-widget_type=\"text-editor.default\">\n\t\t\t\t\t\t\t\t\t<p>Przebarwienia sk\u00f3rne dzielimy na:<\/p>\t\t\t\t\t\t\t\t<\/div>\n\t\t\t\t<div class=\"elementor-element elementor-element-798a2d3 elementor-widget elementor-widget-spacer\" data-id=\"798a2d3\" data-element_type=\"widget\" data-e-type=\"widget\" data-widget_type=\"spacer.default\">\n\t\t\t\t\t\t\t<div class=\"elementor-spacer\">\n\t\t\t<div class=\"elementor-spacer-inner\"><\/div>\n\t\t<\/div>\n\t\t\t\t\t\t<\/div>\n\t\t\t\t<div class=\"elementor-element elementor-element-41a7dec elementor-widget elementor-widget-text-editor\" data-id=\"41a7dec\" data-element_type=\"widget\" data-e-type=\"widget\" data-widget_type=\"text-editor.default\">\n\t\t\t\t\t\t\t\t\t<p>Nask\u00f3rkowe:<\/p><p>&#8211; Ostuda &#8211; wyst\u0119puje w wyniku wzmo\u017conego wydzielania melaniny. Plamy o nieregularnych konturach najcz\u0119\u015bciej umiejscowione s\u0105 na czole, policzkach, czasami na brodzie, bez poprzedzaj\u0105cego i towarzysz\u0105cego stanu zapalnego. Wyst\u0119puje g\u0142\u00f3wnie u kobiet. Cz\u0119\u015bciej zauwa\u017cana u brunetek ni\u017c blondynek. Plamy te pojawi\u0105 si\u0119 te\u017c u kobiet w II po\u0142owie ci\u0105\u017cy, najcz\u0119\u015bciej znika po porodzie, lecz nie zawsze. Wykwity w postaci plam barwnikowych mog\u0105 nasili\u0107 si\u0119 pod wp\u0142ywem nadmiernej ekspozycji na promieniowanie s\u0142oneczne ( tak\u017ce solarium). Nasilenie zmian pojawia si\u0119 wi\u0119c bardzo cz\u0119sto w okresie letnim. Ostuda mo\u017ce wyst\u0105pi\u0107 u kobiet stosuj\u0105cych leki hormonalne ( antykoncepcje, hormonaln\u0105 terapie zast\u0119pcz\u0105).<\/p><p>&#8211; Plamy soczewicowate &#8211; wyst\u0119puj\u0105 g\u0142\u00f3wnie na grzbiecie d\u0142oni, ramionach, twarzy oraz dekolcie. S\u0105 koloru \u017c\u00f3\u0142tobrunatnego po ciemnobr\u0105zowy. S\u0105 okr\u0105g\u0142e, owalne, wyra\u017anie ograniczone od zdrowej sk\u00f3ry. D\u0142ugotrwa\u0142a ekspozycja zmian na s\u0142o\u0144ce powoduje, \u017ce plamy ciemniej\u0105 i pojawiaj\u0105 si\u0119 nowe. Plamy soczewicowate lokalizuj\u0105 si\u0119 do\u015b\u0107 g\u0142\u0119boko, i trudno jest je usun\u0105\u0107 bez pomocy do\u015bwiadczonej kosmetyczki czy lekarza dermatologa.<\/p><p>&#8211; Piegi &#8211; zlokalizowane na twarzy, dekolcie lub rozsiane na ca\u0142ym ciele. S\u0105 to plamki wielko\u015bci 1-4 mm, zwi\u0105zane z nagromadzeniem barwnika. Cz\u0119\u015bciej wyst\u0119puj\u0105 u os\u00f3b o jasnej karnacji, jasnych i rudych w\u0142osach. Przybywa ich po opalaniu. Mo\u017cna ograniczy\u0107 ich pojawianie si\u0119 poprzez systematyczne stosowanie preparat\u00f3w ochronnych o wysokim SPF. Z wiekiem ubywa nam pieg\u00f3w, jednak mog\u0105 za to pojawia\u0107 si\u0119 plamy soczewicowate.<\/p><p>&#8211; Przebarwienia pozapalne- rozwijaj\u0105 si\u0119 na pod\u0142o\u017cu stan\u00f3w po tr\u0105dzikowych. Pojawiaj\u0105 si\u0119 r\u00f3wnie\u017c po poparzeniach sk\u00f3ry.<\/p>\t\t\t\t\t\t\t\t<\/div>\n\t\t\t\t<div class=\"elementor-element elementor-element-e3969c3 elementor-widget elementor-widget-spacer\" data-id=\"e3969c3\" data-element_type=\"widget\" data-e-type=\"widget\" data-widget_type=\"spacer.default\">\n\t\t\t\t\t\t\t<div class=\"elementor-spacer\">\n\t\t\t<div class=\"elementor-spacer-inner\"><\/div>\n\t\t<\/div>\n\t\t\t\t\t\t<\/div>\n\t\t\t\t<div class=\"elementor-element elementor-element-0e96bfd elementor-widget elementor-widget-text-editor\" data-id=\"0e96bfd\" data-element_type=\"widget\" data-e-type=\"widget\" data-widget_type=\"text-editor.default\">\n\t\t\t\t\t\t\t\t\t<p>Sk\u00f3rne: s\u0105 to przebarwienia si\u0119gaj\u0105ce sk\u00f3ry w\u0142a\u015bciwej. Melanina zlokalizowana jest w warstwie brodawkowej.<\/p>\t\t\t\t\t\t\t\t<\/div>\n\t\t\t\t<div class=\"elementor-element elementor-element-ae7907d elementor-widget elementor-widget-spacer\" data-id=\"ae7907d\" data-element_type=\"widget\" data-e-type=\"widget\" data-widget_type=\"spacer.default\">\n\t\t\t\t\t\t\t<div class=\"elementor-spacer\">\n\t\t\t<div class=\"elementor-spacer-inner\"><\/div>\n\t\t<\/div>\n\t\t\t\t\t\t<\/div>\n\t\t\t\t<div class=\"elementor-element elementor-element-9a374bd elementor-widget elementor-widget-text-editor\" data-id=\"9a374bd\" data-element_type=\"widget\" data-e-type=\"widget\" data-widget_type=\"text-editor.default\">\n\t\t\t\t\t\t\t\t\t<p>Mieszane: posiadaj\u0105 cechy zar\u00f3wno nask\u00f3rkowych jak i sk\u00f3rnych przebarwie\u0144.<\/p>\t\t\t\t\t\t\t\t<\/div>\n\t\t\t\t<div class=\"elementor-element elementor-element-00fb785 elementor-widget elementor-widget-spacer\" data-id=\"00fb785\" data-element_type=\"widget\" data-e-type=\"widget\" data-widget_type=\"spacer.default\">\n\t\t\t\t\t\t\t<div class=\"elementor-spacer\">\n\t\t\t<div class=\"elementor-spacer-inner\"><\/div>\n\t\t<\/div>\n\t\t\t\t\t\t<\/div>\n\t\t\t\t<div class=\"elementor-element elementor-element-45127f6 elementor-widget elementor-widget-text-editor\" data-id=\"45127f6\" data-element_type=\"widget\" data-e-type=\"widget\" data-widget_type=\"text-editor.default\">\n\t\t\t\t\t\t\t\t\t<p>Przyczyny powstawania przebarwie\u0144:<\/p><p>&#8211; promieniowanie s\u0142oneczne, solarium;<br \/>&#8211; ci\u0105\u017ca;<br \/>&#8211; menopauza;<br \/>&#8211; zast\u0119pcza terapia hormonalna;<br \/>&#8211; doustna antykoncepcja;<br \/>&#8211; choroby w\u0105troby;<br \/>&#8211; nadczynno\u015b\u0107 tarczycy;<br \/>&#8211; niewydolno\u015b\u0107 nadnerczy;<br \/>&#8211; zapalenie przydatk\u00f3w;<br \/>&#8211; stosowanie preparat\u00f3w \u015bwiat\u0142o uczulaj\u0105cych (antybiotyki, \u015brodki uspokajaj\u0105ce, &#8211; przeciwdepresyjne, moczop\u0119dne, zio\u0142a- dziurawiec, arcydzi\u0119giel);<br \/>&#8211; kosmetyki zawieraj\u0105ce alkohol;<\/p>\t\t\t\t\t\t\t\t<\/div>\n\t\t\t\t<div class=\"elementor-element elementor-element-019ef3a elementor-widget elementor-widget-spacer\" data-id=\"019ef3a\" data-element_type=\"widget\" data-e-type=\"widget\" data-widget_type=\"spacer.default\">\n\t\t\t\t\t\t\t<div class=\"elementor-spacer\">\n\t\t\t<div class=\"elementor-spacer-inner\"><\/div>\n\t\t<\/div>\n\t\t\t\t\t\t<\/div>\n\t\t\t\t<div class=\"elementor-element-custom_font_weight elementor-element elementor-element-57f2049 elementor-widget elementor-widget-text-editor\" data-id=\"57f2049\" data-element_type=\"widget\" data-e-type=\"widget\" data-widget_type=\"text-editor.default\">\n\t\t\t\t\t\t\t\t\t<p><span style=\"color: #003366;\">Najszybsz\u0105, najskuteczniejsz\u0105 i ca\u0142kowicie nieinwazyjn\u0105 metod\u0105 usuwania przebarwie\u0144 jest zastosowanie Intensywnego \u015awiat\u0142a Pulsacyjnego IPL.<\/span><\/p><p><span style=\"color: #003366;\">W wyniku dzia\u0142ania tego \u015bwiat\u0142a przebarwienia ciemniej\u0105 w czasie kilku godzin po zabiegu. Nale\u017cy by\u0107 przygotowanym, \u017ce mog\u0105 nabra\u0107 koloru gorzkiej czekolady. Od nast\u0119pnego dnia rozpoczyna si\u0119 proces \u0142agodnego z\u0142uszczania nask\u00f3rka i trwa on do 2 tygodni. Po oko\u0142o 2 tygodniach sk\u00f3ra ma pi\u0119kny kolor, jest od\u015bwie\u017cona i ujednolicona. W przypadku g\u0142\u0119bokich przebarwie\u0144 zabiegi nale\u017cy powtarza\u0107 nawet do 4 razy.<\/span><\/p>\t\t\t\t\t\t\t\t<\/div>\n\t\t\t\t<div class=\"elementor-element elementor-element-aa2418a elementor-widget elementor-widget-spacer\" data-id=\"aa2418a\" data-element_type=\"widget\" data-e-type=\"widget\" data-widget_type=\"spacer.default\">\n\t\t\t\t\t\t\t<div class=\"elementor-spacer\">\n\t\t\t<div class=\"elementor-spacer-inner\"><\/div>\n\t\t<\/div>\n\t\t\t\t\t\t<\/div>\n\t\t\t\t<div class=\"elementor-element-custom_color elementor-element elementor-element-9fa1dcb elementor-widget elementor-widget-text-editor\" data-id=\"9fa1dcb\" data-element_type=\"widget\" data-e-type=\"widget\" data-widget_type=\"text-editor.default\">\n\t\t\t\t\t\t\t\t\t<p>Przeciwwskazania do zabiegu:<\/p>\t\t\t\t\t\t\t\t<\/div>\n\t\t\t\t<div class=\"elementor-element-custom_color elementor-element elementor-element-b709a95 elementor-widget elementor-widget-text-editor\" data-id=\"b709a95\" data-element_type=\"widget\" data-e-type=\"widget\" data-widget_type=\"text-editor.default\">\n\t\t\t\t\t\t\t\t\t<p>&#8211; ci\u0105\u017ca;<br \/>&#8211; karmienie piersi\u0105;<br \/>&#8211; opalanie si\u0119 przed zabiegiem (1 m-c przed zabiegiem);<br \/>&#8211; krem z retinolem (kwas witaminy A) (1 m-c przed zabiegiem);<br \/>&#8211; peeling (2 tyg. przed zabiegiem);<br \/>&#8211; przyjmowanie lek\u00f3w \u015bwiat\u0142o uczulaj\u0105cych (retinoidy, tetracykliny);<br \/>&#8211; picie zi\u00f3\u0142: nagietek, dziurawiec (1 m-c przed zabiegiem);<br \/>&#8211; bielactwo;<br \/>&#8211; padaczka;<br \/>&#8211; keloidy (bliznowiec);<br \/>&#8211; naczyniaki;<br \/>&#8211; cukrzyca nieunormowana;<br \/>&#8211; zaburzenia krzepliwo\u015bci krwi;<br \/>&#8211; leki zmniejszaj\u0105ce krzepliwo\u015b\u0107 krwi;<br \/>&#8211; \u0142uszczyca;<br \/>&#8211; spo\u017cywanie alkoholu (24 h przed zabiegiem);<br \/>&#8211; nawil\u017canie sk\u00f3ry w dniu zabiegu;<\/p>\t\t\t\t\t\t\t\t<\/div>\n\t\t\t\t<div class=\"elementor-element elementor-element-8bdeacf elementor-widget elementor-widget-spacer\" data-id=\"8bdeacf\" data-element_type=\"widget\" data-e-type=\"widget\" data-widget_type=\"spacer.default\">\n\t\t\t\t\t\t\t<div class=\"elementor-spacer\">\n\t\t\t<div class=\"elementor-spacer-inner\"><\/div>\n\t\t<\/div>\n\t\t\t\t\t\t<\/div>\n\t\t\t\t<div class=\"elementor-element-custom_color elementor-element elementor-element-37186b3 elementor-widget elementor-widget-text-editor\" data-id=\"37186b3\" data-element_type=\"widget\" data-e-type=\"widget\" data-widget_type=\"text-editor.default\">\n\t\t\t\t\t\t\t\t\t<p>Zasady post\u0119powania po zabiegu:<\/p>\t\t\t\t\t\t\t\t<\/div>\n\t\t\t\t<div class=\"elementor-element-custom_color elementor-element elementor-element-3943a97 elementor-widget elementor-widget-text-editor\" data-id=\"3943a97\" data-element_type=\"widget\" data-e-type=\"widget\" data-widget_type=\"text-editor.default\">\n\t\t\t\t\t\t\t\t\t<p>&#8211; zabiegi nale\u017cy powtarza\u0107, co 2-4 tygodnie. Znacz\u0105ce wyd\u0142u\u017cenie lub skr\u00f3cenie przerwy mi\u0119dzy zabiegami mo\u017ce spowodowa\u0107 s\u0142abszy efekt zabiegu.<br \/>&#8211; nie stosowa\u0107 myd\u0142a, kosmetyk\u00f3w z zawarto\u015bci\u0105 alkoholu (kilka dni);<br \/>&#8211; nie wykonywa\u0107 peelingu (1 miesi\u0105c);<br \/>&#8211; ochrona przed s\u0142o\u0144cem (1 miesi\u0105c);<br \/>&#8211; stosowa\u0107 kremy z wysokim faktorem przeciws\u0142onecznym;<br \/>&#8211; unika\u0107 ci\u0119\u017ckich \u0107wicze\u0144 fizycznych, sauny ( 4-5 dni);<br \/>&#8211; intensywnie nawil\u017ca\u0107 sk\u00f3r\u0119 ( 2 razy dziennie);<br \/>&#8211; makija\u017c mo\u017cna wykona\u0107 1 dzie\u0144 po zabiegu (w przypadkach bardzo wra\u017cliwej sk\u00f3ry po 4-5 dniach);<br \/>&#8211; leczenie w nielicznych przypadkach &#8211; \u0142agodna ma\u015b\u0107 sterydowa;<br \/>&#8211; kontrola po 3 tygodniach;<\/p>\t\t\t\t\t\t\t\t<\/div>\n\t\t\t\t<div class=\"elementor-element elementor-element-d8df24f elementor-widget elementor-widget-spacer\" data-id=\"d8df24f\" data-element_type=\"widget\" data-e-type=\"widget\" data-widget_type=\"spacer.default\">\n\t\t\t\t\t\t\t<div class=\"elementor-spacer\">\n\t\t\t<div class=\"elementor-spacer-inner\"><\/div>\n\t\t<\/div>\n\t\t\t\t\t\t<\/div>\n\t\t\t\t\t<\/div>\n\t\t<\/div>\n\t\t\t\t\t<\/div>\n\t\t<\/section>\n\t\t\t\t<\/div>\n\t\t","protected":false},"excerpt":{"rendered":"<p>Pozb\u0105d\u017a si\u0119 przebarwie\u0144 i odkryj naturalnie promienn\u0105 sk\u00f3r\u0119! Nier\u00f3wny koloryt, plamy pos\u0142oneczne czy \u015blady po tr\u0105dziku potrafi\u0105 odebra\u0107 pewno\u015b\u0107 siebie. Na szcz\u0119\u015bcie dzi\u015b istniej\u0105 skuteczne sposoby, by przywr\u00f3ci\u0107 sk\u00f3rze jednolity odcie\u0144 i zdrowy blask. Poznaj przyczyny powstawania przebarwie\u0144 i sprawd\u017a, jak nowoczesne metody piel\u0119gnacji oraz zabiegi kosmetologiczne mog\u0105 pom\u00f3c Ci odzyska\u0107 g\u0142adk\u0105, roz\u015bwietlon\u0105 cer\u0119. Zadowolenie [&hellip;]<\/p>\n","protected":false},"author":1,"featured_media":0,"parent":0,"menu_order":0,"comment_status":"closed","ping_status":"closed","template":"","meta":{"_kadence_starter_templates_imported_post":false,"footnotes":""},"class_list":["post-3990","page","type-page","status-publish","hentry"],"yoast_head":"<!-- This site is optimized with the Yoast SEO plugin v27.1.1 - https:\/\/yoast.com\/product\/yoast-seo-wordpress\/ -->\n<title>Redukcja przebarwie\u0144 - Kosmetologia Estetyczna MAGICZNA<\/title>\n<meta name=\"description\" content=\"Pozb\u0105d\u017a si\u0119 przebarwie\u0144 i odkryj naturalnie promienn\u0105 sk\u00f3r\u0119! Nier\u00f3wny koloryt, plamy pos\u0142oneczne czy \u015blady po tr\u0105dziku potrafi\u0105 odebra\u0107 pewno\u015b\u0107 siebie. Na szcz\u0119\u015bcie dzi\u015b istniej\u0105 skuteczne sposoby, by przywr\u00f3ci\u0107 sk\u00f3rze jednolity odcie\u0144 i zdrowy blask. Poznaj przyczyny powstawania przebarwie\u0144 i sprawd\u017a, jak nowoczesne metody piel\u0119gnacji oraz zabiegi kosmetologiczne mog\u0105 pom\u00f3c Ci odzyska\u0107 g\u0142adk\u0105, roz\u015bwietlon\u0105 cer\u0119.\" \/>\n<meta name=\"robots\" content=\"index, follow, max-snippet:-1, max-image-preview:large, max-video-preview:-1\" \/>\n<link rel=\"canonical\" href=\"http:\/\/www.kosmetologiamagiczna.pl\/index.php\/redukcja-przebarwien\/\" \/>\n<meta property=\"og:locale\" content=\"pl_PL\" \/>\n<meta property=\"og:type\" content=\"article\" \/>\n<meta property=\"og:title\" content=\"Redukcja przebarwie\u0144 - Kosmetologia Estetyczna MAGICZNA\" \/>\n<meta property=\"og:description\" content=\"Pozb\u0105d\u017a si\u0119 przebarwie\u0144 i odkryj naturalnie promienn\u0105 sk\u00f3r\u0119! Nier\u00f3wny koloryt, plamy pos\u0142oneczne czy \u015blady po tr\u0105dziku potrafi\u0105 odebra\u0107 pewno\u015b\u0107 siebie. Na szcz\u0119\u015bcie dzi\u015b istniej\u0105 skuteczne sposoby, by przywr\u00f3ci\u0107 sk\u00f3rze jednolity odcie\u0144 i zdrowy blask. Poznaj przyczyny powstawania przebarwie\u0144 i sprawd\u017a, jak nowoczesne metody piel\u0119gnacji oraz zabiegi kosmetologiczne mog\u0105 pom\u00f3c Ci odzyska\u0107 g\u0142adk\u0105, roz\u015bwietlon\u0105 cer\u0119.\" \/>\n<meta property=\"og:url\" content=\"http:\/\/www.kosmetologiamagiczna.pl\/index.php\/redukcja-przebarwien\/\" \/>\n<meta property=\"og:site_name\" content=\"Kosmetologia Estetyczna MAGICZNA\" \/>\n<meta property=\"article:publisher\" content=\"https:\/\/www.facebook.com\/KosmetologiaEstetycznaMAGICZNA\" \/>\n<meta property=\"article:modified_time\" content=\"2025-12-31T19:26:12+00:00\" \/>\n<meta property=\"og:image\" content=\"http:\/\/www.kosmetologiamagiczna.pl\/wp-content\/uploads\/2025\/12\/przebarwienia.webp\" \/>\n<meta name=\"twitter:card\" content=\"summary_large_image\" \/>\n<meta name=\"twitter:label1\" content=\"Szacowany czas czytania\" \/>\n\t<meta name=\"twitter:data1\" content=\"5 minut\" \/>\n<script type=\"application\/ld+json\" class=\"yoast-schema-graph\">{\"@context\":\"https:\/\/schema.org\",\"@graph\":[{\"@type\":\"WebPage\",\"@id\":\"http:\/\/www.kosmetologiamagiczna.pl\/index.php\/redukcja-przebarwien\/\",\"url\":\"http:\/\/www.kosmetologiamagiczna.pl\/index.php\/redukcja-przebarwien\/\",\"name\":\"Redukcja przebarwie\u0144 - Kosmetologia Estetyczna MAGICZNA\",\"isPartOf\":{\"@id\":\"https:\/\/www.kosmetologiamagiczna.pl\/#website\"},\"primaryImageOfPage\":{\"@id\":\"http:\/\/www.kosmetologiamagiczna.pl\/index.php\/redukcja-przebarwien\/#primaryimage\"},\"image\":{\"@id\":\"http:\/\/www.kosmetologiamagiczna.pl\/index.php\/redukcja-przebarwien\/#primaryimage\"},\"thumbnailUrl\":\"http:\/\/www.kosmetologiamagiczna.pl\/wp-content\/uploads\/2025\/12\/przebarwienia.webp\",\"datePublished\":\"2025-11-26T18:33:54+00:00\",\"dateModified\":\"2025-12-31T19:26:12+00:00\",\"description\":\"Pozb\u0105d\u017a si\u0119 przebarwie\u0144 i odkryj naturalnie promienn\u0105 sk\u00f3r\u0119! Nier\u00f3wny koloryt, plamy pos\u0142oneczne czy \u015blady po tr\u0105dziku potrafi\u0105 odebra\u0107 pewno\u015b\u0107 siebie. Na szcz\u0119\u015bcie dzi\u015b istniej\u0105 skuteczne sposoby, by przywr\u00f3ci\u0107 sk\u00f3rze jednolity odcie\u0144 i zdrowy blask. Poznaj przyczyny powstawania przebarwie\u0144 i sprawd\u017a, jak nowoczesne metody piel\u0119gnacji oraz zabiegi kosmetologiczne mog\u0105 pom\u00f3c Ci odzyska\u0107 g\u0142adk\u0105, roz\u015bwietlon\u0105 cer\u0119.\",\"breadcrumb\":{\"@id\":\"http:\/\/www.kosmetologiamagiczna.pl\/index.php\/redukcja-przebarwien\/#breadcrumb\"},\"inLanguage\":\"pl-PL\",\"potentialAction\":[{\"@type\":\"ReadAction\",\"target\":[\"http:\/\/www.kosmetologiamagiczna.pl\/index.php\/redukcja-przebarwien\/\"]}]},{\"@type\":\"ImageObject\",\"inLanguage\":\"pl-PL\",\"@id\":\"http:\/\/www.kosmetologiamagiczna.pl\/index.php\/redukcja-przebarwien\/#primaryimage\",\"url\":\"http:\/\/www.kosmetologiamagiczna.pl\/wp-content\/uploads\/2025\/12\/przebarwienia.webp\",\"contentUrl\":\"http:\/\/www.kosmetologiamagiczna.pl\/wp-content\/uploads\/2025\/12\/przebarwienia.webp\"},{\"@type\":\"BreadcrumbList\",\"@id\":\"http:\/\/www.kosmetologiamagiczna.pl\/index.php\/redukcja-przebarwien\/#breadcrumb\",\"itemListElement\":[{\"@type\":\"ListItem\",\"position\":1,\"name\":\"Strona g\u0142\u00f3wna\",\"item\":\"https:\/\/www.kosmetologiamagiczna.pl\/\"},{\"@type\":\"ListItem\",\"position\":2,\"name\":\"Redukcja przebarwie\u0144\"}]},{\"@type\":\"WebSite\",\"@id\":\"https:\/\/www.kosmetologiamagiczna.pl\/#website\",\"url\":\"https:\/\/www.kosmetologiamagiczna.pl\/\",\"name\":\"Kosmetologia Estetyczna MAGICZNA\",\"description\":\"Pi\u0119kno, kt\u00f3re podkre\u015bla Twoj\u0105 naturalno\u015b\u0107.\",\"publisher\":{\"@id\":\"https:\/\/www.kosmetologiamagiczna.pl\/#organization\"},\"potentialAction\":[{\"@type\":\"SearchAction\",\"target\":{\"@type\":\"EntryPoint\",\"urlTemplate\":\"https:\/\/www.kosmetologiamagiczna.pl\/?s={search_term_string}\"},\"query-input\":{\"@type\":\"PropertyValueSpecification\",\"valueRequired\":true,\"valueName\":\"search_term_string\"}}],\"inLanguage\":\"pl-PL\"},{\"@type\":\"Organization\",\"@id\":\"https:\/\/www.kosmetologiamagiczna.pl\/#organization\",\"name\":\"Kosmetologia Estetyczna MAGICZNA\",\"url\":\"https:\/\/www.kosmetologiamagiczna.pl\/\",\"logo\":{\"@type\":\"ImageObject\",\"inLanguage\":\"pl-PL\",\"@id\":\"https:\/\/www.kosmetologiamagiczna.pl\/#\/schema\/logo\/image\/\",\"url\":\"http:\/\/www.kosmetologiamagiczna.pl\/wp-content\/uploads\/2025\/11\/cropped-logoAnkaCorel18.png\",\"contentUrl\":\"http:\/\/www.kosmetologiamagiczna.pl\/wp-content\/uploads\/2025\/11\/cropped-logoAnkaCorel18.png\",\"width\":512,\"height\":512,\"caption\":\"Kosmetologia Estetyczna MAGICZNA\"},\"image\":{\"@id\":\"https:\/\/www.kosmetologiamagiczna.pl\/#\/schema\/logo\/image\/\"},\"sameAs\":[\"https:\/\/www.facebook.com\/KosmetologiaEstetycznaMAGICZNA\"]}]}<\/script>\n<!-- \/ Yoast SEO plugin. -->","yoast_head_json":{"title":"Redukcja przebarwie\u0144 - Kosmetologia Estetyczna MAGICZNA","description":"Pozb\u0105d\u017a si\u0119 przebarwie\u0144 i odkryj naturalnie promienn\u0105 sk\u00f3r\u0119! Nier\u00f3wny koloryt, plamy pos\u0142oneczne czy \u015blady po tr\u0105dziku potrafi\u0105 odebra\u0107 pewno\u015b\u0107 siebie. Na szcz\u0119\u015bcie dzi\u015b istniej\u0105 skuteczne sposoby, by przywr\u00f3ci\u0107 sk\u00f3rze jednolity odcie\u0144 i zdrowy blask. Poznaj przyczyny powstawania przebarwie\u0144 i sprawd\u017a, jak nowoczesne metody piel\u0119gnacji oraz zabiegi kosmetologiczne mog\u0105 pom\u00f3c Ci odzyska\u0107 g\u0142adk\u0105, roz\u015bwietlon\u0105 cer\u0119.","robots":{"index":"index","follow":"follow","max-snippet":"max-snippet:-1","max-image-preview":"max-image-preview:large","max-video-preview":"max-video-preview:-1"},"canonical":"http:\/\/www.kosmetologiamagiczna.pl\/index.php\/redukcja-przebarwien\/","og_locale":"pl_PL","og_type":"article","og_title":"Redukcja przebarwie\u0144 - Kosmetologia Estetyczna MAGICZNA","og_description":"Pozb\u0105d\u017a si\u0119 przebarwie\u0144 i odkryj naturalnie promienn\u0105 sk\u00f3r\u0119! Nier\u00f3wny koloryt, plamy pos\u0142oneczne czy \u015blady po tr\u0105dziku potrafi\u0105 odebra\u0107 pewno\u015b\u0107 siebie. Na szcz\u0119\u015bcie dzi\u015b istniej\u0105 skuteczne sposoby, by przywr\u00f3ci\u0107 sk\u00f3rze jednolity odcie\u0144 i zdrowy blask. Poznaj przyczyny powstawania przebarwie\u0144 i sprawd\u017a, jak nowoczesne metody piel\u0119gnacji oraz zabiegi kosmetologiczne mog\u0105 pom\u00f3c Ci odzyska\u0107 g\u0142adk\u0105, roz\u015bwietlon\u0105 cer\u0119.","og_url":"http:\/\/www.kosmetologiamagiczna.pl\/index.php\/redukcja-przebarwien\/","og_site_name":"Kosmetologia Estetyczna MAGICZNA","article_publisher":"https:\/\/www.facebook.com\/KosmetologiaEstetycznaMAGICZNA","article_modified_time":"2025-12-31T19:26:12+00:00","og_image":[{"url":"http:\/\/www.kosmetologiamagiczna.pl\/wp-content\/uploads\/2025\/12\/przebarwienia.webp","type":"","width":"","height":""}],"twitter_card":"summary_large_image","twitter_misc":{"Szacowany czas czytania":"5 minut"},"schema":{"@context":"https:\/\/schema.org","@graph":[{"@type":"WebPage","@id":"http:\/\/www.kosmetologiamagiczna.pl\/index.php\/redukcja-przebarwien\/","url":"http:\/\/www.kosmetologiamagiczna.pl\/index.php\/redukcja-przebarwien\/","name":"Redukcja przebarwie\u0144 - Kosmetologia Estetyczna MAGICZNA","isPartOf":{"@id":"https:\/\/www.kosmetologiamagiczna.pl\/#website"},"primaryImageOfPage":{"@id":"http:\/\/www.kosmetologiamagiczna.pl\/index.php\/redukcja-przebarwien\/#primaryimage"},"image":{"@id":"http:\/\/www.kosmetologiamagiczna.pl\/index.php\/redukcja-przebarwien\/#primaryimage"},"thumbnailUrl":"http:\/\/www.kosmetologiamagiczna.pl\/wp-content\/uploads\/2025\/12\/przebarwienia.webp","datePublished":"2025-11-26T18:33:54+00:00","dateModified":"2025-12-31T19:26:12+00:00","description":"Pozb\u0105d\u017a si\u0119 przebarwie\u0144 i odkryj naturalnie promienn\u0105 sk\u00f3r\u0119! Nier\u00f3wny koloryt, plamy pos\u0142oneczne czy \u015blady po tr\u0105dziku potrafi\u0105 odebra\u0107 pewno\u015b\u0107 siebie. Na szcz\u0119\u015bcie dzi\u015b istniej\u0105 skuteczne sposoby, by przywr\u00f3ci\u0107 sk\u00f3rze jednolity odcie\u0144 i zdrowy blask. Poznaj przyczyny powstawania przebarwie\u0144 i sprawd\u017a, jak nowoczesne metody piel\u0119gnacji oraz zabiegi kosmetologiczne mog\u0105 pom\u00f3c Ci odzyska\u0107 g\u0142adk\u0105, roz\u015bwietlon\u0105 cer\u0119.","breadcrumb":{"@id":"http:\/\/www.kosmetologiamagiczna.pl\/index.php\/redukcja-przebarwien\/#breadcrumb"},"inLanguage":"pl-PL","potentialAction":[{"@type":"ReadAction","target":["http:\/\/www.kosmetologiamagiczna.pl\/index.php\/redukcja-przebarwien\/"]}]},{"@type":"ImageObject","inLanguage":"pl-PL","@id":"http:\/\/www.kosmetologiamagiczna.pl\/index.php\/redukcja-przebarwien\/#primaryimage","url":"http:\/\/www.kosmetologiamagiczna.pl\/wp-content\/uploads\/2025\/12\/przebarwienia.webp","contentUrl":"http:\/\/www.kosmetologiamagiczna.pl\/wp-content\/uploads\/2025\/12\/przebarwienia.webp"},{"@type":"BreadcrumbList","@id":"http:\/\/www.kosmetologiamagiczna.pl\/index.php\/redukcja-przebarwien\/#breadcrumb","itemListElement":[{"@type":"ListItem","position":1,"name":"Strona g\u0142\u00f3wna","item":"https:\/\/www.kosmetologiamagiczna.pl\/"},{"@type":"ListItem","position":2,"name":"Redukcja przebarwie\u0144"}]},{"@type":"WebSite","@id":"https:\/\/www.kosmetologiamagiczna.pl\/#website","url":"https:\/\/www.kosmetologiamagiczna.pl\/","name":"Kosmetologia Estetyczna MAGICZNA","description":"Pi\u0119kno, kt\u00f3re podkre\u015bla Twoj\u0105 naturalno\u015b\u0107.","publisher":{"@id":"https:\/\/www.kosmetologiamagiczna.pl\/#organization"},"potentialAction":[{"@type":"SearchAction","target":{"@type":"EntryPoint","urlTemplate":"https:\/\/www.kosmetologiamagiczna.pl\/?s={search_term_string}"},"query-input":{"@type":"PropertyValueSpecification","valueRequired":true,"valueName":"search_term_string"}}],"inLanguage":"pl-PL"},{"@type":"Organization","@id":"https:\/\/www.kosmetologiamagiczna.pl\/#organization","name":"Kosmetologia Estetyczna MAGICZNA","url":"https:\/\/www.kosmetologiamagiczna.pl\/","logo":{"@type":"ImageObject","inLanguage":"pl-PL","@id":"https:\/\/www.kosmetologiamagiczna.pl\/#\/schema\/logo\/image\/","url":"http:\/\/www.kosmetologiamagiczna.pl\/wp-content\/uploads\/2025\/11\/cropped-logoAnkaCorel18.png","contentUrl":"http:\/\/www.kosmetologiamagiczna.pl\/wp-content\/uploads\/2025\/11\/cropped-logoAnkaCorel18.png","width":512,"height":512,"caption":"Kosmetologia Estetyczna MAGICZNA"},"image":{"@id":"https:\/\/www.kosmetologiamagiczna.pl\/#\/schema\/logo\/image\/"},"sameAs":["https:\/\/www.facebook.com\/KosmetologiaEstetycznaMAGICZNA"]}]}},"_links":{"self":[{"href":"http:\/\/www.kosmetologiamagiczna.pl\/index.php\/wp-json\/wp\/v2\/pages\/3990","targetHints":{"allow":["GET"]}}],"collection":[{"href":"http:\/\/www.kosmetologiamagiczna.pl\/index.php\/wp-json\/wp\/v2\/pages"}],"about":[{"href":"http:\/\/www.kosmetologiamagiczna.pl\/index.php\/wp-json\/wp\/v2\/types\/page"}],"author":[{"embeddable":true,"href":"http:\/\/www.kosmetologiamagiczna.pl\/index.php\/wp-json\/wp\/v2\/users\/1"}],"replies":[{"embeddable":true,"href":"http:\/\/www.kosmetologiamagiczna.pl\/index.php\/wp-json\/wp\/v2\/comments?post=3990"}],"version-history":[{"count":26,"href":"http:\/\/www.kosmetologiamagiczna.pl\/index.php\/wp-json\/wp\/v2\/pages\/3990\/revisions"}],"predecessor-version":[{"id":5198,"href":"http:\/\/www.kosmetologiamagiczna.pl\/index.php\/wp-json\/wp\/v2\/pages\/3990\/revisions\/5198"}],"wp:attachment":[{"href":"http:\/\/www.kosmetologiamagiczna.pl\/index.php\/wp-json\/wp\/v2\/media?parent=3990"}],"curies":[{"name":"wp","href":"https:\/\/api.w.org\/{rel}","templated":true}]}}