{"id":4066,"date":"2025-11-27T19:26:31","date_gmt":"2025-11-27T19:26:31","guid":{"rendered":"https:\/\/www.kosmetologiamagiczna.pl\/?page_id=4066"},"modified":"2025-12-31T19:42:37","modified_gmt":"2025-12-31T19:42:37","slug":"fotoodmladzanie","status":"publish","type":"page","link":"http:\/\/www.kosmetologiamagiczna.pl\/index.php\/fotoodmladzanie\/","title":{"rendered":"Fotoodm\u0142adzanie"},"content":{"rendered":"\t\t<div data-elementor-type=\"wp-page\" data-elementor-id=\"4066\" class=\"elementor elementor-4066\">\n\t\t\t\t\t\t<section class=\"elementor-section elementor-top-section elementor-element elementor-element-b70a7f1 elementor-section-boxed elementor-section-height-default elementor-section-height-default\" data-id=\"b70a7f1\" data-element_type=\"section\" data-e-type=\"section\" data-settings=\"{&quot;background_background&quot;:&quot;classic&quot;}\">\n\t\t\t\t\t\t<div class=\"elementor-container elementor-column-gap-default\">\n\t\t\t\t\t<div class=\"elementor-column elementor-col-33 elementor-top-column elementor-element elementor-element-40110c2\" data-id=\"40110c2\" data-element_type=\"column\" data-e-type=\"column\">\n\t\t\t<div class=\"elementor-widget-wrap elementor-element-populated\">\n\t\t\t\t\t\t<div class=\"elementor-element elementor-element-9c0588d elementor-widget elementor-widget-spacer\" data-id=\"9c0588d\" data-element_type=\"widget\" data-e-type=\"widget\" data-widget_type=\"spacer.default\">\n\t\t\t\t\t\t\t<div class=\"elementor-spacer\">\n\t\t\t<div class=\"elementor-spacer-inner\"><\/div>\n\t\t<\/div>\n\t\t\t\t\t\t<\/div>\n\t\t\t\t<div class=\"elementor-element elementor-element-5615131 elementor-widget__width-initial elementor-widget elementor-widget-heading\" data-id=\"5615131\" data-element_type=\"widget\" data-e-type=\"widget\" data-widget_type=\"heading.default\">\n\t\t\t\t\t<h4 class=\"elementor-heading-title elementor-size-default\">Odm\u0142odzona, roz\u015bwietlona i wyra\u017anie g\u0142adsza sk\u00f3ra \u2013 bez skalpela i d\u0142ugiej regeneracji.<\/h4>\t\t\t\t<\/div>\n\t\t\t\t<div class=\"elementor-element elementor-element-c35ed49 elementor-widget elementor-widget-text-editor\" data-id=\"c35ed49\" data-element_type=\"widget\" data-e-type=\"widget\" data-widget_type=\"text-editor.default\">\n\t\t\t\t\t\t\t\t\t<p>Fotoodm\u0142adzanie to jedna z najskuteczniejszych, nieinwazyjnych metod poprawy jako\u015bci sk\u00f3ry. Zabieg redukuje przebarwienia, zaczerwienienia\u00a0 \u00a0 \u00a0 \u00a0 \u00a0 \u00a0 \u00a0 i drobne zmarszczki, jednocze\u015bnie pobudzaj\u0105c sk\u00f3r\u0119 do odnowy. Efekt? Zdrowsza, j\u0119drniejsza i pe\u0142na blasku cera, kt\u00f3ra wygl\u0105da naturalnie m\u0142odziej.<br \/>Poznaj moc \u015bwiat\u0142a i przywr\u00f3\u0107 swojej sk\u00f3rze \u015bwie\u017co\u015b\u0107, kt\u00f3rej pragniesz.<\/p>\t\t\t\t\t\t\t\t<\/div>\n\t\t\t\t<div class=\"elementor-element elementor-element-6deb1c6 elementor-widget elementor-widget-spacer\" data-id=\"6deb1c6\" data-element_type=\"widget\" data-e-type=\"widget\" data-widget_type=\"spacer.default\">\n\t\t\t\t\t\t\t<div class=\"elementor-spacer\">\n\t\t\t<div class=\"elementor-spacer-inner\"><\/div>\n\t\t<\/div>\n\t\t\t\t\t\t<\/div>\n\t\t\t\t<div class=\"elementor-element elementor-element-a174ffb elementor-widget elementor-widget-heading\" data-id=\"a174ffb\" data-element_type=\"widget\" data-e-type=\"widget\" data-widget_type=\"heading.default\">\n\t\t\t\t\t<h5 class=\"elementor-heading-title elementor-size-default\">Zadowolenie klienta jest naszym priorytetem.<\/h5>\t\t\t\t<\/div>\n\t\t\t\t\t<\/div>\n\t\t<\/div>\n\t\t\t\t<div class=\"elementor-column elementor-col-33 elementor-top-column elementor-element elementor-element-e5486b4\" data-id=\"e5486b4\" data-element_type=\"column\" data-e-type=\"column\" data-settings=\"{&quot;background_background&quot;:&quot;classic&quot;}\">\n\t\t\t<div class=\"elementor-widget-wrap\">\n\t\t\t\t\t\t\t<\/div>\n\t\t<\/div>\n\t\t\t\t<div class=\"elementor-column elementor-col-33 elementor-top-column elementor-element elementor-element-04904ad\" data-id=\"04904ad\" data-element_type=\"column\" data-e-type=\"column\" data-settings=\"{&quot;background_background&quot;:&quot;classic&quot;}\">\n\t\t\t<div class=\"elementor-widget-wrap elementor-element-populated\">\n\t\t\t\t\t\t<div class=\"elementor-element elementor-element-e143873 elementor-widget elementor-widget-spacer\" data-id=\"e143873\" data-element_type=\"widget\" data-e-type=\"widget\" data-widget_type=\"spacer.default\">\n\t\t\t\t\t\t\t<div class=\"elementor-spacer\">\n\t\t\t<div class=\"elementor-spacer-inner\"><\/div>\n\t\t<\/div>\n\t\t\t\t\t\t<\/div>\n\t\t\t\t<div class=\"elementor-element elementor-element-a7c1594 elementor-widget elementor-widget-image\" data-id=\"a7c1594\" data-element_type=\"widget\" data-e-type=\"widget\" data-widget_type=\"image.default\">\n\t\t\t\t\t\t\t\t\t\t\t\t\t\t\t<img loading=\"lazy\" decoding=\"async\" width=\"760\" height=\"317\" src=\"http:\/\/www.kosmetologiamagiczna.pl\/wp-content\/uploads\/2025\/12\/fotoodml1.webp\" class=\"attachment-1536x1536 size-1536x1536 wp-image-5099\" alt=\"\" srcset=\"http:\/\/www.kosmetologiamagiczna.pl\/wp-content\/uploads\/2025\/12\/fotoodml1.webp 760w, http:\/\/www.kosmetologiamagiczna.pl\/wp-content\/uploads\/2025\/12\/fotoodml1-300x125.webp 300w, http:\/\/www.kosmetologiamagiczna.pl\/wp-content\/uploads\/2025\/12\/fotoodml1-480x200.webp 480w\" sizes=\"auto, (max-width: 760px) 100vw, 760px\" title=\"fotoodml1\" \/>\t\t\t\t\t\t\t\t\t\t\t\t\t\t\t<\/div>\n\t\t\t\t\t<\/div>\n\t\t<\/div>\n\t\t\t\t\t<\/div>\n\t\t<\/section>\n\t\t\t\t<section class=\"elementor-section elementor-top-section elementor-element elementor-element-6b87d0a elementor-section-boxed elementor-section-height-default elementor-section-height-default\" data-id=\"6b87d0a\" data-element_type=\"section\" data-e-type=\"section\" data-settings=\"{&quot;background_background&quot;:&quot;classic&quot;}\">\n\t\t\t\t\t\t<div class=\"elementor-container elementor-column-gap-default\">\n\t\t\t\t\t<div class=\"elementor-column elementor-col-100 elementor-top-column elementor-element elementor-element-a308b56\" data-id=\"a308b56\" data-element_type=\"column\" data-e-type=\"column\">\n\t\t\t<div class=\"elementor-widget-wrap elementor-element-populated\">\n\t\t\t\t\t\t<div class=\"elementor-element elementor-element-a3a5cad elementor-widget elementor-widget-spacer\" data-id=\"a3a5cad\" data-element_type=\"widget\" data-e-type=\"widget\" data-widget_type=\"spacer.default\">\n\t\t\t\t\t\t\t<div class=\"elementor-spacer\">\n\t\t\t<div class=\"elementor-spacer-inner\"><\/div>\n\t\t<\/div>\n\t\t\t\t\t\t<\/div>\n\t\t\t\t<div class=\"elementor-element elementor-element-7fbdc3d elementor-widget elementor-widget-text-editor\" data-id=\"7fbdc3d\" data-element_type=\"widget\" data-e-type=\"widget\" data-widget_type=\"text-editor.default\">\n\t\t\t\t\t\t\t\t\t<p><span style=\"font-weight: 900; color: #000080;\" class=\"gt3_font-weight\">S<\/span>tarzenie si\u0119 sk\u00f3ry jest naturalnym procesem polegaj\u0105cym na zmniejszeniu biologicznej aktywno\u015bci kom\u00f3rek organizmu. <br \/>W procesie starzenia udzia\u0142 bior\u0105:<br \/>&#8211; czynniki genetyczne &#8211; kontrolowany proces obumierania kom\u00f3rek uzale\u017cniony od aktywno\u015bci gen\u00f3w,<br \/>&#8211; czynniki zewn\u0119trzne &#8211; promieniowanie UV, ska\u017cenie \u015brodowiska naturalnego, palenie papieros\u00f3w, nadmiar ozonu, spaliny samochodowe,<br \/>&#8211; czynniki wewn\u0119trzne &#8211; zaburzenia hormonalne, nieprawid\u0142owe od\u017cywianie, niedob\u00f3r witamin,<\/p>\t\t\t\t\t\t\t\t<\/div>\n\t\t\t\t<div class=\"elementor-element elementor-element-7836c5c elementor-widget elementor-widget-spacer\" data-id=\"7836c5c\" data-element_type=\"widget\" data-e-type=\"widget\" data-widget_type=\"spacer.default\">\n\t\t\t\t\t\t\t<div class=\"elementor-spacer\">\n\t\t\t<div class=\"elementor-spacer-inner\"><\/div>\n\t\t<\/div>\n\t\t\t\t\t\t<\/div>\n\t\t\t\t<div class=\"elementor-element elementor-element-a33f914 elementor-widget elementor-widget-text-editor\" data-id=\"a33f914\" data-element_type=\"widget\" data-e-type=\"widget\" data-widget_type=\"text-editor.default\">\n\t\t\t\t\t\t\t\t\t<p>Efektem fotostarzenia jest:<br \/>&#8211; sucho\u015b\u0107 sk\u00f3ry i utrata jej dotychczasowej elastyczno\u015bci,<br \/>&#8211; powstawanie rozszerzonych i pop\u0119kanych naczy\u0144 w\u0142osowatych sk\u00f3ry,<br \/>&#8211; powstawanie plam pigmentacyjnych,<br \/>&#8211; pogorszenie si\u0119 produkcji w\u0142\u00f3kien kolagenowych i elastynowych,<br \/>&#8211; wzrost ilo\u015bci zask\u00f3rnik\u00f3w,<\/p>\t\t\t\t\t\t\t\t<\/div>\n\t\t\t\t<div class=\"elementor-element elementor-element-d184a84 elementor-widget elementor-widget-text-editor\" data-id=\"d184a84\" data-element_type=\"widget\" data-e-type=\"widget\" data-widget_type=\"text-editor.default\">\n\t\t\t\t\t\t\t\t\t<p>Wi\u0119kszo\u015b\u0107 z nas w pewnym wieku zaczyna dostrzega\u0107 widoczne oznaki starzenia sk\u00f3ry.<br \/>S\u0142o\u0144ce i czas odciskaj\u0105 pi\u0119tno na naszej cerze. Spogl\u0105daj\u0105c w lustro dostrzegamy nowe piegi, zmarszczki, rozbite naczynka, pokryt\u0105 plamami sk\u00f3r\u0119, czerwono\u015b\u0107 twarzy i szyi, rozszerzone uj\u015bcia gruczo\u0142\u00f3w \u0142ojowych.<br \/>Zabieg fotoodm\u0142adzania to unikalna procedura, pozwalaj\u0105ca na odm\u0142odzenie sk\u00f3ry przy pomocy Intensywnego \u015awiat\u0142a Pulsuj\u0105cego \/IPL\/, bez konieczno\u015bci rezygnacji z dotychczasowego trybu \u017cycia.<\/p>\t\t\t\t\t\t\t\t<\/div>\n\t\t\t\t<div class=\"elementor-element elementor-element-7f30538 elementor-widget elementor-widget-text-editor\" data-id=\"7f30538\" data-element_type=\"widget\" data-e-type=\"widget\" data-widget_type=\"text-editor.default\">\n\t\t\t\t\t\t\t\t\t<p>Zabieg polega na oddzia\u0142ywaniu na sk\u00f3r\u0119 wi\u0105zk\u0105 \u015bwiat\u0142a. Dzi\u0119ki temu mo\u017cna likwidowa\u0107 wiele efekt\u00f3w fotostarzenia r\u00f3wnocze\u015bnie. Poddan\u0105 zabiegowi powierzchni\u0119 na\u015bwietla si\u0119 kr\u00f3tkimi impulsami \u015bwiat\u0142a, kt\u00f3re odczuwane s\u0105 jako chwilowe pieczenie. Po zabiegu sk\u00f3ra jest lekko zaczerwieniona, mo\u017ce by\u0107 niewielkie z\u0142uszczanie nask\u00f3rka. Zabieg trwa od 20 do 40 min.<\/p>\t\t\t\t\t\t\t\t<\/div>\n\t\t\t\t<div class=\"elementor-element elementor-element-bec17c7 elementor-widget elementor-widget-text-editor\" data-id=\"bec17c7\" data-element_type=\"widget\" data-e-type=\"widget\" data-widget_type=\"text-editor.default\">\n\t\t\t\t\t\t\t\t\t<p>\u015awiat\u0142o IPL bez powodowania uszkodze\u0144 sk\u00f3ry, przenika przez ni\u0105 i jest absorbowane przez rozszerzone naczynia albo przebarwienia. IPL pobudza kom\u00f3rki i cia\u0142o zaczyna sw\u00f3j naturalny proces odnowy. Zabiegi skracaj\u0105 i przebudowuj\u0105 w\u0142\u00f3kna kolagenowe, dzi\u0119ki czemu sk\u00f3ra jest j\u0119drniejsza, bardziej elastyczna, zmniejszaj\u0105 si\u0119 rozszerzone uj\u015bcia gruczo\u0142\u00f3w \u0142ojowych i wyg\u0142adzaj\u0105 zmarszczki. Zabiegi nie s\u0105 d\u0142ugie i m\u0119cz\u0105ce, mo\u017cna po nich powr\u00f3ci\u0107 do normalnego trybu \u017cycia. Rezultaty s\u0105 d\u0142ugotrwa\u0142e. Po zabiegu nale\u017cy pami\u0119ta\u0107, \u017ceby chroni\u0107 sk\u00f3r\u0119 przed ekspozycj\u0105 na s\u0142o\u0144ce stosowa\u0107 kremy z wysok\u0105 ochron\u0105 UV.<\/p>\t\t\t\t\t\t\t\t<\/div>\n\t\t\t\t<div class=\"elementor-element elementor-element-5a2f0aa elementor-widget elementor-widget-text-editor\" data-id=\"5a2f0aa\" data-element_type=\"widget\" data-e-type=\"widget\" data-widget_type=\"text-editor.default\">\n\t\t\t\t\t\t\t\t\t<p>Fotoodm\u0142adzanie nie tylko poprawia wygl\u0105d sk\u00f3ry, ale r\u00f3wnie\u017c j\u0105 leczy.<br \/>Zabiegi fotoodm\u0142adzania mo\u017cna wykonywa\u0107 przez ca\u0142y rok. Jedynie w okresie wiosenno-letnim, gdy sk\u00f3ra jest szczeg\u00f3lnie nara\u017cona na promieniowanie UV spotykamy si\u0119 z ograniczeniami. Nale\u017cy w\u00f3wczas pami\u0119ta\u0107, \u017ce zar\u00f3wno przed zabiegiem jak i po przez okres ok. trzech tygodni trzeba stosowa\u0107 kremy z wysokimi filtrami UV (a przy sk\u00f3rze szczeg\u00f3lnie wra\u017cliwej &#8211; blokery UV) oraz bezwzgl\u0119dnie zrezygnowa\u0107 z solarium.<\/p>\t\t\t\t\t\t\t\t<\/div>\n\t\t\t\t<div class=\"elementor-element elementor-element-925a588 elementor-widget elementor-widget-text-editor\" data-id=\"925a588\" data-element_type=\"widget\" data-e-type=\"widget\" data-widget_type=\"text-editor.default\">\n\t\t\t\t\t\t\t\t\t<p>Zabieg ten polecany jest szczeg\u00f3lnie osobom z pierwszymi oznakami fotostarzenia sk\u00f3ry &#8211; ze zrogowaceniami, ze skutkami oddzia\u0142ywania promieni s\u0142onecznych, z p\u0142ytkimi zmarszczkami i przebarwieniami.<br \/>Pierwsze efekty s\u0105 widoczne po drugim zabiegu! Aby jednak osi\u0105gn\u0105\u0107 ostateczny cel nale\u017cy wykona\u0107 od 3-6 zabieg\u00f3w w odst\u0119pach 3-4 tygodniowych.<br \/>Efektem ubocznym fotoodm\u0142adzania jest wysuszenie sk\u00f3ry. Dlatego te\u017c w przerwach mi\u0119dzy kolejnymi seriami na\u015bwietle\u0144 warto podda\u0107 si\u0119 zabiegom g\u0142\u0119boko nawil\u017caj\u0105cym, od\u017cywczym i dotleniaj\u0105cym sk\u00f3r\u0119.<\/p>\t\t\t\t\t\t\t\t<\/div>\n\t\t\t\t<div class=\"elementor-element elementor-element-423a3da elementor-widget elementor-widget-image\" data-id=\"423a3da\" data-element_type=\"widget\" data-e-type=\"widget\" data-widget_type=\"image.default\">\n\t\t\t\t\t\t\t\t\t\t\t\t\t\t\t<img loading=\"lazy\" decoding=\"async\" width=\"400\" height=\"213\" src=\"http:\/\/www.kosmetologiamagiczna.pl\/wp-content\/uploads\/2025\/11\/fotoodmladzaniedlonie2.jpg\" class=\"attachment-large size-large wp-image-4074\" alt=\"\" srcset=\"http:\/\/www.kosmetologiamagiczna.pl\/wp-content\/uploads\/2025\/11\/fotoodmladzaniedlonie2.jpg 400w, http:\/\/www.kosmetologiamagiczna.pl\/wp-content\/uploads\/2025\/11\/fotoodmladzaniedlonie2-300x160.jpg 300w\" sizes=\"auto, (max-width: 400px) 100vw, 400px\" title=\"fotoodmladzaniedlonie2\" \/>\t\t\t\t\t\t\t\t\t\t\t\t\t\t\t<\/div>\n\t\t\t\t<div class=\"elementor-element elementor-element-c571f40 elementor-widget elementor-widget-spacer\" data-id=\"c571f40\" data-element_type=\"widget\" data-e-type=\"widget\" data-widget_type=\"spacer.default\">\n\t\t\t\t\t\t\t<div class=\"elementor-spacer\">\n\t\t\t<div class=\"elementor-spacer-inner\"><\/div>\n\t\t<\/div>\n\t\t\t\t\t\t<\/div>\n\t\t\t\t<div class=\"elementor-element elementor-element-1e632ad elementor-widget elementor-widget-text-editor\" data-id=\"1e632ad\" data-element_type=\"widget\" data-e-type=\"widget\" data-widget_type=\"text-editor.default\">\n\t\t\t\t\t\t\t\t\t<p>Wskazania do fotoodm\u0142adzania:<\/p><p>* \u0142agodne zmiany naczyniowe:<br \/>&#8211; teleangiektazje, tr\u0105dzik r\u00f3\u017cowaty, rumie\u0144,<br \/>&#8211; paj\u0105czki naczyniowe &#8211; pojedyncze naczynia, kt\u00f3re bywaj\u0105 czerwone, ciemnoniebieskie lub fioletowe.<\/p><p>* zaburzenia pigmentacji sk\u00f3ry:<br \/>&#8211; pos\u0142oneczne zmiany pigmentowe,<br \/>&#8211; piegi,<\/p><p>* zmiany strukturalne sk\u00f3rne i nask\u00f3rkowe:<br \/>&#8211; zmarszczki &#8211; niezbyt g\u0142\u0119bokie,<br \/>&#8211; zmiany spr\u0119\u017cysto\u015bci sk\u00f3ry,<br \/>&#8211; rozszerzone uj\u015bcia gruczo\u0142\u00f3w \u0142ojowych,<\/p>\t\t\t\t\t\t\t\t<\/div>\n\t\t\t\t<div class=\"elementor-element elementor-element-798a2d3 elementor-widget elementor-widget-spacer\" data-id=\"798a2d3\" data-element_type=\"widget\" data-e-type=\"widget\" data-widget_type=\"spacer.default\">\n\t\t\t\t\t\t\t<div class=\"elementor-spacer\">\n\t\t\t<div class=\"elementor-spacer-inner\"><\/div>\n\t\t<\/div>\n\t\t\t\t\t\t<\/div>\n\t\t\t\t<div class=\"elementor-element-custom_color elementor-element elementor-element-9fa1dcb elementor-widget elementor-widget-text-editor\" data-id=\"9fa1dcb\" data-element_type=\"widget\" data-e-type=\"widget\" data-widget_type=\"text-editor.default\">\n\t\t\t\t\t\t\t\t\t<p>Przeciwwskazania do zabiegu:<\/p>\t\t\t\t\t\t\t\t<\/div>\n\t\t\t\t<div class=\"elementor-element-custom_color elementor-element elementor-element-b709a95 elementor-widget elementor-widget-text-editor\" data-id=\"b709a95\" data-element_type=\"widget\" data-e-type=\"widget\" data-widget_type=\"text-editor.default\">\n\t\t\t\t\t\t\t\t\t<p>&#8211; ci\u0105\u017ca;<br \/>&#8211; karmienie piersi\u0105;<br \/>&#8211; opalanie si\u0119 przed zabiegiem (1 m-c przed zabiegiem);<br \/>&#8211; krem z retinolem (kwas witaminy A) (1 m-c przed zabiegiem);<br \/>&#8211; peeling (2 tyg. przed zabiegiem);<br \/>&#8211; przyjmowanie lek\u00f3w \u015bwiat\u0142o uczulaj\u0105cych (retinoidy, tetracykliny);<br \/>&#8211; picie zi\u00f3\u0142: nagietek, dziurawiec (1 m-c przed zabiegiem);<br \/>&#8211; bielactwo;<br \/>&#8211; padaczka;<br \/>&#8211; keloidy (bliznowiec);<br \/>&#8211; naczyniaki;<br \/>&#8211; cukrzyca nieunormowana;<br \/>&#8211; zaburzenia krzepliwo\u015bci krwi;<br \/>&#8211; leki zmniejszaj\u0105ce krzepliwo\u015b\u0107 krwi;<br \/>&#8211; \u0142uszczyca;<br \/>&#8211; spo\u017cywanie alkoholu (24 h przed zabiegiem);<br \/>&#8211; nawil\u017canie sk\u00f3ry w dniu zabiegu;<\/p>\t\t\t\t\t\t\t\t<\/div>\n\t\t\t\t<div class=\"elementor-element elementor-element-8bdeacf elementor-widget elementor-widget-spacer\" data-id=\"8bdeacf\" data-element_type=\"widget\" data-e-type=\"widget\" data-widget_type=\"spacer.default\">\n\t\t\t\t\t\t\t<div class=\"elementor-spacer\">\n\t\t\t<div class=\"elementor-spacer-inner\"><\/div>\n\t\t<\/div>\n\t\t\t\t\t\t<\/div>\n\t\t\t\t<div class=\"elementor-element-custom_color elementor-element elementor-element-37186b3 elementor-widget elementor-widget-text-editor\" data-id=\"37186b3\" data-element_type=\"widget\" data-e-type=\"widget\" data-widget_type=\"text-editor.default\">\n\t\t\t\t\t\t\t\t\t<p>Zasady post\u0119powania po zabiegu:<\/p>\t\t\t\t\t\t\t\t<\/div>\n\t\t\t\t<div class=\"elementor-element-custom_color elementor-element elementor-element-cad378d elementor-widget elementor-widget-text-editor\" data-id=\"cad378d\" data-element_type=\"widget\" data-e-type=\"widget\" data-widget_type=\"text-editor.default\">\n\t\t\t\t\t\t\t\t\t<p>&#8211; zabiegi nale\u017cy powtarza\u0107, co 3-4 tygodnie. Znacz\u0105ce wyd\u0142u\u017cenie lub skr\u00f3cenie przerwy mi\u0119dzy zabiegami mo\u017ce spowodowa\u0107 s\u0142abszy efekt zabiegu.<br \/>&#8211; nie stosowa\u0107 myd\u0142a, kosmetyk\u00f3w z zawarto\u015bci\u0105 alkoholu (kilka dni);<br \/>&#8211; nie wykonywa\u0107 peelingu (1 miesi\u0105c);<br \/>&#8211; ochrona przed s\u0142o\u0144cem (1 miesi\u0105c);<br \/>&#8211; stosowa\u0107 kremy z wysokim faktorem przeciws\u0142onecznym;<br \/>&#8211; unika\u0107 ci\u0119\u017ckich \u0107wicze\u0144 fizycznych, sauny ( 4-5 dni);<br \/>&#8211; intensywnie nawil\u017ca\u0107 sk\u00f3r\u0119 ( 2 razy dziennie);<br \/>&#8211; makija\u017c mo\u017cna wykona\u0107 1 dzie\u0144 po zabiegu (w przypadkach bardzo wra\u017cliwej sk\u00f3ry po 4-5 dniach);<br \/>&#8211; leczenie w nielicznych przypadkach &#8211; \u0142agodna ma\u015b\u0107 sterydowa;<br \/>&#8211; ewentualna kontrola po 3 tygodniach;<\/p>\t\t\t\t\t\t\t\t<\/div>\n\t\t\t\t<div class=\"elementor-element elementor-element-d8df24f elementor-widget elementor-widget-spacer\" data-id=\"d8df24f\" data-element_type=\"widget\" data-e-type=\"widget\" data-widget_type=\"spacer.default\">\n\t\t\t\t\t\t\t<div class=\"elementor-spacer\">\n\t\t\t<div class=\"elementor-spacer-inner\"><\/div>\n\t\t<\/div>\n\t\t\t\t\t\t<\/div>\n\t\t\t\t<div class=\"elementor-element elementor-element-46e3848 elementor-widget elementor-widget-spacer\" data-id=\"46e3848\" data-element_type=\"widget\" data-e-type=\"widget\" data-widget_type=\"spacer.default\">\n\t\t\t\t\t\t\t<div class=\"elementor-spacer\">\n\t\t\t<div class=\"elementor-spacer-inner\"><\/div>\n\t\t<\/div>\n\t\t\t\t\t\t<\/div>\n\t\t\t\t<div class=\"elementor-element elementor-element-e2d197f elementor-widget elementor-widget-text-editor\" data-id=\"e2d197f\" data-element_type=\"widget\" data-e-type=\"widget\" data-widget_type=\"text-editor.default\">\n\t\t\t\t\t\t\t\t\t<div><span class=\"fs11lh1-5 ff1\">Ceny s\u0105 ustalane indywidualnie w zale\u017cno\u015bci od wielko\u015bci powierzchni obj\u0119tej zabiegiem.<\/span><\/div>\t\t\t\t\t\t\t\t<\/div>\n\t\t\t\t\t<\/div>\n\t\t<\/div>\n\t\t\t\t\t<\/div>\n\t\t<\/section>\n\t\t\t\t<\/div>\n\t\t","protected":false},"excerpt":{"rendered":"<p>Odm\u0142odzona, roz\u015bwietlona i wyra\u017anie g\u0142adsza sk\u00f3ra \u2013 bez skalpela i d\u0142ugiej regeneracji. Fotoodm\u0142adzanie to jedna z najskuteczniejszych, nieinwazyjnych metod poprawy jako\u015bci sk\u00f3ry. Zabieg redukuje przebarwienia, zaczerwienienia\u00a0 \u00a0 \u00a0 \u00a0 \u00a0 \u00a0 \u00a0 i drobne zmarszczki, jednocze\u015bnie pobudzaj\u0105c sk\u00f3r\u0119 do odnowy. Efekt? Zdrowsza, j\u0119drniejsza i pe\u0142na blasku cera, kt\u00f3ra wygl\u0105da naturalnie m\u0142odziej.Poznaj moc \u015bwiat\u0142a i przywr\u00f3\u0107 [&hellip;]<\/p>\n","protected":false},"author":1,"featured_media":0,"parent":0,"menu_order":0,"comment_status":"closed","ping_status":"closed","template":"","meta":{"_kadence_starter_templates_imported_post":false,"footnotes":""},"class_list":["post-4066","page","type-page","status-publish","hentry"],"yoast_head":"<!-- This site is optimized with the Yoast SEO plugin v27.1.1 - https:\/\/yoast.com\/product\/yoast-seo-wordpress\/ -->\n<title>Fotoodm\u0142adzanie - Kosmetologia Estetyczna MAGICZNA<\/title>\n<meta name=\"description\" content=\"Odm\u0142odzona, roz\u015bwietlona i wyra\u017anie g\u0142adsza sk\u00f3ra \u2013 bez skalpela i d\u0142ugiej regeneracji. Fotoodm\u0142adzanie to jedna z najskuteczniejszych, nieinwazyjnych metod poprawy jako\u015bci sk\u00f3ry. Zabieg redukuje przebarwienia, zaczerwienienia i drobne zmarszczki, jednocze\u015bnie pobudzaj\u0105c sk\u00f3r\u0119 do odnowy. Efekt? Zdrowsza, j\u0119drniejsza i pe\u0142na blasku cera, kt\u00f3ra wygl\u0105da naturalnie m\u0142odziej. Poznaj moc \u015bwiat\u0142a i przywr\u00f3\u0107 swojej sk\u00f3rze \u015bwie\u017co\u015b\u0107, kt\u00f3rej pragniesz.\" \/>\n<meta name=\"robots\" content=\"index, follow, max-snippet:-1, max-image-preview:large, max-video-preview:-1\" \/>\n<link rel=\"canonical\" href=\"http:\/\/www.kosmetologiamagiczna.pl\/index.php\/fotoodmladzanie\/\" \/>\n<meta property=\"og:locale\" content=\"pl_PL\" \/>\n<meta property=\"og:type\" content=\"article\" \/>\n<meta property=\"og:title\" content=\"Fotoodm\u0142adzanie - Kosmetologia Estetyczna MAGICZNA\" \/>\n<meta property=\"og:description\" content=\"Odm\u0142odzona, roz\u015bwietlona i wyra\u017anie g\u0142adsza sk\u00f3ra \u2013 bez skalpela i d\u0142ugiej regeneracji. Fotoodm\u0142adzanie to jedna z najskuteczniejszych, nieinwazyjnych metod poprawy jako\u015bci sk\u00f3ry. Zabieg redukuje przebarwienia, zaczerwienienia i drobne zmarszczki, jednocze\u015bnie pobudzaj\u0105c sk\u00f3r\u0119 do odnowy. Efekt? Zdrowsza, j\u0119drniejsza i pe\u0142na blasku cera, kt\u00f3ra wygl\u0105da naturalnie m\u0142odziej. Poznaj moc \u015bwiat\u0142a i przywr\u00f3\u0107 swojej sk\u00f3rze \u015bwie\u017co\u015b\u0107, kt\u00f3rej pragniesz.\" \/>\n<meta property=\"og:url\" content=\"http:\/\/www.kosmetologiamagiczna.pl\/index.php\/fotoodmladzanie\/\" \/>\n<meta property=\"og:site_name\" content=\"Kosmetologia Estetyczna MAGICZNA\" \/>\n<meta property=\"article:publisher\" content=\"https:\/\/www.facebook.com\/KosmetologiaEstetycznaMAGICZNA\" \/>\n<meta property=\"article:modified_time\" content=\"2025-12-31T19:42:37+00:00\" \/>\n<meta property=\"og:image\" content=\"http:\/\/www.kosmetologiamagiczna.pl\/wp-content\/uploads\/2025\/12\/fotoodml1.webp\" \/>\n<meta name=\"twitter:card\" content=\"summary_large_image\" \/>\n<meta name=\"twitter:label1\" content=\"Szacowany czas czytania\" \/>\n\t<meta name=\"twitter:data1\" content=\"5 minut\" \/>\n<script type=\"application\/ld+json\" class=\"yoast-schema-graph\">{\"@context\":\"https:\/\/schema.org\",\"@graph\":[{\"@type\":\"Article\",\"@id\":\"http:\/\/www.kosmetologiamagiczna.pl\/index.php\/fotoodmladzanie\/#article\",\"isPartOf\":{\"@id\":\"http:\/\/www.kosmetologiamagiczna.pl\/index.php\/fotoodmladzanie\/\"},\"author\":{\"name\":\"admin8435\",\"@id\":\"https:\/\/www.kosmetologiamagiczna.pl\/#\/schema\/person\/7a5e40f6711a4eff6ed34876b82be920\"},\"headline\":\"Fotoodm\u0142adzanie\",\"datePublished\":\"2025-11-27T19:26:31+00:00\",\"dateModified\":\"2025-12-31T19:42:37+00:00\",\"mainEntityOfPage\":{\"@id\":\"http:\/\/www.kosmetologiamagiczna.pl\/index.php\/fotoodmladzanie\/\"},\"wordCount\":906,\"publisher\":{\"@id\":\"https:\/\/www.kosmetologiamagiczna.pl\/#organization\"},\"image\":{\"@id\":\"http:\/\/www.kosmetologiamagiczna.pl\/index.php\/fotoodmladzanie\/#primaryimage\"},\"thumbnailUrl\":\"http:\/\/www.kosmetologiamagiczna.pl\/wp-content\/uploads\/2025\/12\/fotoodml1.webp\",\"inLanguage\":\"pl-PL\"},{\"@type\":\"WebPage\",\"@id\":\"http:\/\/www.kosmetologiamagiczna.pl\/index.php\/fotoodmladzanie\/\",\"url\":\"http:\/\/www.kosmetologiamagiczna.pl\/index.php\/fotoodmladzanie\/\",\"name\":\"Fotoodm\u0142adzanie - Kosmetologia Estetyczna MAGICZNA\",\"isPartOf\":{\"@id\":\"https:\/\/www.kosmetologiamagiczna.pl\/#website\"},\"primaryImageOfPage\":{\"@id\":\"http:\/\/www.kosmetologiamagiczna.pl\/index.php\/fotoodmladzanie\/#primaryimage\"},\"image\":{\"@id\":\"http:\/\/www.kosmetologiamagiczna.pl\/index.php\/fotoodmladzanie\/#primaryimage\"},\"thumbnailUrl\":\"http:\/\/www.kosmetologiamagiczna.pl\/wp-content\/uploads\/2025\/12\/fotoodml1.webp\",\"datePublished\":\"2025-11-27T19:26:31+00:00\",\"dateModified\":\"2025-12-31T19:42:37+00:00\",\"description\":\"Odm\u0142odzona, roz\u015bwietlona i wyra\u017anie g\u0142adsza sk\u00f3ra \u2013 bez skalpela i d\u0142ugiej regeneracji. Fotoodm\u0142adzanie to jedna z najskuteczniejszych, nieinwazyjnych metod poprawy jako\u015bci sk\u00f3ry. Zabieg redukuje przebarwienia, zaczerwienienia i drobne zmarszczki, jednocze\u015bnie pobudzaj\u0105c sk\u00f3r\u0119 do odnowy. Efekt? Zdrowsza, j\u0119drniejsza i pe\u0142na blasku cera, kt\u00f3ra wygl\u0105da naturalnie m\u0142odziej. Poznaj moc \u015bwiat\u0142a i przywr\u00f3\u0107 swojej sk\u00f3rze \u015bwie\u017co\u015b\u0107, kt\u00f3rej pragniesz.\",\"breadcrumb\":{\"@id\":\"http:\/\/www.kosmetologiamagiczna.pl\/index.php\/fotoodmladzanie\/#breadcrumb\"},\"inLanguage\":\"pl-PL\",\"potentialAction\":[{\"@type\":\"ReadAction\",\"target\":[\"http:\/\/www.kosmetologiamagiczna.pl\/index.php\/fotoodmladzanie\/\"]}]},{\"@type\":\"ImageObject\",\"inLanguage\":\"pl-PL\",\"@id\":\"http:\/\/www.kosmetologiamagiczna.pl\/index.php\/fotoodmladzanie\/#primaryimage\",\"url\":\"http:\/\/www.kosmetologiamagiczna.pl\/wp-content\/uploads\/2025\/12\/fotoodml1.webp\",\"contentUrl\":\"http:\/\/www.kosmetologiamagiczna.pl\/wp-content\/uploads\/2025\/12\/fotoodml1.webp\"},{\"@type\":\"BreadcrumbList\",\"@id\":\"http:\/\/www.kosmetologiamagiczna.pl\/index.php\/fotoodmladzanie\/#breadcrumb\",\"itemListElement\":[{\"@type\":\"ListItem\",\"position\":1,\"name\":\"Strona g\u0142\u00f3wna\",\"item\":\"https:\/\/www.kosmetologiamagiczna.pl\/\"},{\"@type\":\"ListItem\",\"position\":2,\"name\":\"Fotoodm\u0142adzanie\"}]},{\"@type\":\"WebSite\",\"@id\":\"https:\/\/www.kosmetologiamagiczna.pl\/#website\",\"url\":\"https:\/\/www.kosmetologiamagiczna.pl\/\",\"name\":\"Kosmetologia Estetyczna MAGICZNA\",\"description\":\"Pi\u0119kno, kt\u00f3re podkre\u015bla Twoj\u0105 naturalno\u015b\u0107.\",\"publisher\":{\"@id\":\"https:\/\/www.kosmetologiamagiczna.pl\/#organization\"},\"potentialAction\":[{\"@type\":\"SearchAction\",\"target\":{\"@type\":\"EntryPoint\",\"urlTemplate\":\"https:\/\/www.kosmetologiamagiczna.pl\/?s={search_term_string}\"},\"query-input\":{\"@type\":\"PropertyValueSpecification\",\"valueRequired\":true,\"valueName\":\"search_term_string\"}}],\"inLanguage\":\"pl-PL\"},{\"@type\":\"Organization\",\"@id\":\"https:\/\/www.kosmetologiamagiczna.pl\/#organization\",\"name\":\"Kosmetologia Estetyczna MAGICZNA\",\"url\":\"https:\/\/www.kosmetologiamagiczna.pl\/\",\"logo\":{\"@type\":\"ImageObject\",\"inLanguage\":\"pl-PL\",\"@id\":\"https:\/\/www.kosmetologiamagiczna.pl\/#\/schema\/logo\/image\/\",\"url\":\"http:\/\/www.kosmetologiamagiczna.pl\/wp-content\/uploads\/2025\/11\/cropped-logoAnkaCorel18.png\",\"contentUrl\":\"http:\/\/www.kosmetologiamagiczna.pl\/wp-content\/uploads\/2025\/11\/cropped-logoAnkaCorel18.png\",\"width\":512,\"height\":512,\"caption\":\"Kosmetologia Estetyczna MAGICZNA\"},\"image\":{\"@id\":\"https:\/\/www.kosmetologiamagiczna.pl\/#\/schema\/logo\/image\/\"},\"sameAs\":[\"https:\/\/www.facebook.com\/KosmetologiaEstetycznaMAGICZNA\"]},{\"@type\":\"Person\",\"@id\":\"https:\/\/www.kosmetologiamagiczna.pl\/#\/schema\/person\/7a5e40f6711a4eff6ed34876b82be920\",\"name\":\"admin8435\",\"image\":{\"@type\":\"ImageObject\",\"inLanguage\":\"pl-PL\",\"@id\":\"https:\/\/www.kosmetologiamagiczna.pl\/#\/schema\/person\/image\/\",\"url\":\"https:\/\/secure.gravatar.com\/avatar\/fde0fb39ef54ccfa31495aa1a232b45e955aedd429f911223ac184bbe42de934?s=96&d=mm&r=g\",\"contentUrl\":\"https:\/\/secure.gravatar.com\/avatar\/fde0fb39ef54ccfa31495aa1a232b45e955aedd429f911223ac184bbe42de934?s=96&d=mm&r=g\",\"caption\":\"admin8435\"},\"sameAs\":[\"https:\/\/www.kosmetologiamagiczna.pl\/\",\"https:\/\/www.facebook.com\/KosmetologiaEstetycznaMAGICZNA\"],\"url\":\"http:\/\/www.kosmetologiamagiczna.pl\/index.php\/author\/admin8435\/\"}]}<\/script>\n<!-- \/ Yoast SEO plugin. -->","yoast_head_json":{"title":"Fotoodm\u0142adzanie - Kosmetologia Estetyczna MAGICZNA","description":"Odm\u0142odzona, roz\u015bwietlona i wyra\u017anie g\u0142adsza sk\u00f3ra \u2013 bez skalpela i d\u0142ugiej regeneracji. Fotoodm\u0142adzanie to jedna z najskuteczniejszych, nieinwazyjnych metod poprawy jako\u015bci sk\u00f3ry. Zabieg redukuje przebarwienia, zaczerwienienia i drobne zmarszczki, jednocze\u015bnie pobudzaj\u0105c sk\u00f3r\u0119 do odnowy. Efekt? Zdrowsza, j\u0119drniejsza i pe\u0142na blasku cera, kt\u00f3ra wygl\u0105da naturalnie m\u0142odziej. Poznaj moc \u015bwiat\u0142a i przywr\u00f3\u0107 swojej sk\u00f3rze \u015bwie\u017co\u015b\u0107, kt\u00f3rej pragniesz.","robots":{"index":"index","follow":"follow","max-snippet":"max-snippet:-1","max-image-preview":"max-image-preview:large","max-video-preview":"max-video-preview:-1"},"canonical":"http:\/\/www.kosmetologiamagiczna.pl\/index.php\/fotoodmladzanie\/","og_locale":"pl_PL","og_type":"article","og_title":"Fotoodm\u0142adzanie - Kosmetologia Estetyczna MAGICZNA","og_description":"Odm\u0142odzona, roz\u015bwietlona i wyra\u017anie g\u0142adsza sk\u00f3ra \u2013 bez skalpela i d\u0142ugiej regeneracji. Fotoodm\u0142adzanie to jedna z najskuteczniejszych, nieinwazyjnych metod poprawy jako\u015bci sk\u00f3ry. Zabieg redukuje przebarwienia, zaczerwienienia i drobne zmarszczki, jednocze\u015bnie pobudzaj\u0105c sk\u00f3r\u0119 do odnowy. Efekt? Zdrowsza, j\u0119drniejsza i pe\u0142na blasku cera, kt\u00f3ra wygl\u0105da naturalnie m\u0142odziej. Poznaj moc \u015bwiat\u0142a i przywr\u00f3\u0107 swojej sk\u00f3rze \u015bwie\u017co\u015b\u0107, kt\u00f3rej pragniesz.","og_url":"http:\/\/www.kosmetologiamagiczna.pl\/index.php\/fotoodmladzanie\/","og_site_name":"Kosmetologia Estetyczna MAGICZNA","article_publisher":"https:\/\/www.facebook.com\/KosmetologiaEstetycznaMAGICZNA","article_modified_time":"2025-12-31T19:42:37+00:00","og_image":[{"url":"http:\/\/www.kosmetologiamagiczna.pl\/wp-content\/uploads\/2025\/12\/fotoodml1.webp","type":"","width":"","height":""}],"twitter_card":"summary_large_image","twitter_misc":{"Szacowany czas czytania":"5 minut"},"schema":{"@context":"https:\/\/schema.org","@graph":[{"@type":"Article","@id":"http:\/\/www.kosmetologiamagiczna.pl\/index.php\/fotoodmladzanie\/#article","isPartOf":{"@id":"http:\/\/www.kosmetologiamagiczna.pl\/index.php\/fotoodmladzanie\/"},"author":{"name":"admin8435","@id":"https:\/\/www.kosmetologiamagiczna.pl\/#\/schema\/person\/7a5e40f6711a4eff6ed34876b82be920"},"headline":"Fotoodm\u0142adzanie","datePublished":"2025-11-27T19:26:31+00:00","dateModified":"2025-12-31T19:42:37+00:00","mainEntityOfPage":{"@id":"http:\/\/www.kosmetologiamagiczna.pl\/index.php\/fotoodmladzanie\/"},"wordCount":906,"publisher":{"@id":"https:\/\/www.kosmetologiamagiczna.pl\/#organization"},"image":{"@id":"http:\/\/www.kosmetologiamagiczna.pl\/index.php\/fotoodmladzanie\/#primaryimage"},"thumbnailUrl":"http:\/\/www.kosmetologiamagiczna.pl\/wp-content\/uploads\/2025\/12\/fotoodml1.webp","inLanguage":"pl-PL"},{"@type":"WebPage","@id":"http:\/\/www.kosmetologiamagiczna.pl\/index.php\/fotoodmladzanie\/","url":"http:\/\/www.kosmetologiamagiczna.pl\/index.php\/fotoodmladzanie\/","name":"Fotoodm\u0142adzanie - Kosmetologia Estetyczna MAGICZNA","isPartOf":{"@id":"https:\/\/www.kosmetologiamagiczna.pl\/#website"},"primaryImageOfPage":{"@id":"http:\/\/www.kosmetologiamagiczna.pl\/index.php\/fotoodmladzanie\/#primaryimage"},"image":{"@id":"http:\/\/www.kosmetologiamagiczna.pl\/index.php\/fotoodmladzanie\/#primaryimage"},"thumbnailUrl":"http:\/\/www.kosmetologiamagiczna.pl\/wp-content\/uploads\/2025\/12\/fotoodml1.webp","datePublished":"2025-11-27T19:26:31+00:00","dateModified":"2025-12-31T19:42:37+00:00","description":"Odm\u0142odzona, roz\u015bwietlona i wyra\u017anie g\u0142adsza sk\u00f3ra \u2013 bez skalpela i d\u0142ugiej regeneracji. Fotoodm\u0142adzanie to jedna z najskuteczniejszych, nieinwazyjnych metod poprawy jako\u015bci sk\u00f3ry. Zabieg redukuje przebarwienia, zaczerwienienia i drobne zmarszczki, jednocze\u015bnie pobudzaj\u0105c sk\u00f3r\u0119 do odnowy. Efekt? Zdrowsza, j\u0119drniejsza i pe\u0142na blasku cera, kt\u00f3ra wygl\u0105da naturalnie m\u0142odziej. Poznaj moc \u015bwiat\u0142a i przywr\u00f3\u0107 swojej sk\u00f3rze \u015bwie\u017co\u015b\u0107, kt\u00f3rej pragniesz.","breadcrumb":{"@id":"http:\/\/www.kosmetologiamagiczna.pl\/index.php\/fotoodmladzanie\/#breadcrumb"},"inLanguage":"pl-PL","potentialAction":[{"@type":"ReadAction","target":["http:\/\/www.kosmetologiamagiczna.pl\/index.php\/fotoodmladzanie\/"]}]},{"@type":"ImageObject","inLanguage":"pl-PL","@id":"http:\/\/www.kosmetologiamagiczna.pl\/index.php\/fotoodmladzanie\/#primaryimage","url":"http:\/\/www.kosmetologiamagiczna.pl\/wp-content\/uploads\/2025\/12\/fotoodml1.webp","contentUrl":"http:\/\/www.kosmetologiamagiczna.pl\/wp-content\/uploads\/2025\/12\/fotoodml1.webp"},{"@type":"BreadcrumbList","@id":"http:\/\/www.kosmetologiamagiczna.pl\/index.php\/fotoodmladzanie\/#breadcrumb","itemListElement":[{"@type":"ListItem","position":1,"name":"Strona g\u0142\u00f3wna","item":"https:\/\/www.kosmetologiamagiczna.pl\/"},{"@type":"ListItem","position":2,"name":"Fotoodm\u0142adzanie"}]},{"@type":"WebSite","@id":"https:\/\/www.kosmetologiamagiczna.pl\/#website","url":"https:\/\/www.kosmetologiamagiczna.pl\/","name":"Kosmetologia Estetyczna MAGICZNA","description":"Pi\u0119kno, kt\u00f3re podkre\u015bla Twoj\u0105 naturalno\u015b\u0107.","publisher":{"@id":"https:\/\/www.kosmetologiamagiczna.pl\/#organization"},"potentialAction":[{"@type":"SearchAction","target":{"@type":"EntryPoint","urlTemplate":"https:\/\/www.kosmetologiamagiczna.pl\/?s={search_term_string}"},"query-input":{"@type":"PropertyValueSpecification","valueRequired":true,"valueName":"search_term_string"}}],"inLanguage":"pl-PL"},{"@type":"Organization","@id":"https:\/\/www.kosmetologiamagiczna.pl\/#organization","name":"Kosmetologia Estetyczna MAGICZNA","url":"https:\/\/www.kosmetologiamagiczna.pl\/","logo":{"@type":"ImageObject","inLanguage":"pl-PL","@id":"https:\/\/www.kosmetologiamagiczna.pl\/#\/schema\/logo\/image\/","url":"http:\/\/www.kosmetologiamagiczna.pl\/wp-content\/uploads\/2025\/11\/cropped-logoAnkaCorel18.png","contentUrl":"http:\/\/www.kosmetologiamagiczna.pl\/wp-content\/uploads\/2025\/11\/cropped-logoAnkaCorel18.png","width":512,"height":512,"caption":"Kosmetologia Estetyczna MAGICZNA"},"image":{"@id":"https:\/\/www.kosmetologiamagiczna.pl\/#\/schema\/logo\/image\/"},"sameAs":["https:\/\/www.facebook.com\/KosmetologiaEstetycznaMAGICZNA"]},{"@type":"Person","@id":"https:\/\/www.kosmetologiamagiczna.pl\/#\/schema\/person\/7a5e40f6711a4eff6ed34876b82be920","name":"admin8435","image":{"@type":"ImageObject","inLanguage":"pl-PL","@id":"https:\/\/www.kosmetologiamagiczna.pl\/#\/schema\/person\/image\/","url":"https:\/\/secure.gravatar.com\/avatar\/fde0fb39ef54ccfa31495aa1a232b45e955aedd429f911223ac184bbe42de934?s=96&d=mm&r=g","contentUrl":"https:\/\/secure.gravatar.com\/avatar\/fde0fb39ef54ccfa31495aa1a232b45e955aedd429f911223ac184bbe42de934?s=96&d=mm&r=g","caption":"admin8435"},"sameAs":["https:\/\/www.kosmetologiamagiczna.pl\/","https:\/\/www.facebook.com\/KosmetologiaEstetycznaMAGICZNA"],"url":"http:\/\/www.kosmetologiamagiczna.pl\/index.php\/author\/admin8435\/"}]}},"_links":{"self":[{"href":"http:\/\/www.kosmetologiamagiczna.pl\/index.php\/wp-json\/wp\/v2\/pages\/4066","targetHints":{"allow":["GET"]}}],"collection":[{"href":"http:\/\/www.kosmetologiamagiczna.pl\/index.php\/wp-json\/wp\/v2\/pages"}],"about":[{"href":"http:\/\/www.kosmetologiamagiczna.pl\/index.php\/wp-json\/wp\/v2\/types\/page"}],"author":[{"embeddable":true,"href":"http:\/\/www.kosmetologiamagiczna.pl\/index.php\/wp-json\/wp\/v2\/users\/1"}],"replies":[{"embeddable":true,"href":"http:\/\/www.kosmetologiamagiczna.pl\/index.php\/wp-json\/wp\/v2\/comments?post=4066"}],"version-history":[{"count":17,"href":"http:\/\/www.kosmetologiamagiczna.pl\/index.php\/wp-json\/wp\/v2\/pages\/4066\/revisions"}],"predecessor-version":[{"id":5196,"href":"http:\/\/www.kosmetologiamagiczna.pl\/index.php\/wp-json\/wp\/v2\/pages\/4066\/revisions\/5196"}],"wp:attachment":[{"href":"http:\/\/www.kosmetologiamagiczna.pl\/index.php\/wp-json\/wp\/v2\/media?parent=4066"}],"curies":[{"name":"wp","href":"https:\/\/api.w.org\/{rel}","templated":true}]}}