{"id":4080,"date":"2025-11-27T20:07:33","date_gmt":"2025-11-27T20:07:33","guid":{"rendered":"https:\/\/www.kosmetologiamagiczna.pl\/?page_id=4080"},"modified":"2025-12-31T19:28:01","modified_gmt":"2025-12-31T19:28:01","slug":"redukcja-tradziku","status":"publish","type":"page","link":"http:\/\/www.kosmetologiamagiczna.pl\/index.php\/redukcja-tradziku\/","title":{"rendered":"Redukcja tr\u0105dziku"},"content":{"rendered":"\t\t<div data-elementor-type=\"wp-page\" data-elementor-id=\"4080\" class=\"elementor elementor-4080\">\n\t\t\t\t\t\t<section class=\"elementor-section elementor-top-section elementor-element elementor-element-b70a7f1 elementor-section-boxed elementor-section-height-default elementor-section-height-default\" data-id=\"b70a7f1\" data-element_type=\"section\" data-e-type=\"section\" data-settings=\"{&quot;background_background&quot;:&quot;classic&quot;}\">\n\t\t\t\t\t\t<div class=\"elementor-container elementor-column-gap-default\">\n\t\t\t\t\t<div class=\"elementor-column elementor-col-33 elementor-top-column elementor-element elementor-element-40110c2\" data-id=\"40110c2\" data-element_type=\"column\" data-e-type=\"column\">\n\t\t\t<div class=\"elementor-widget-wrap elementor-element-populated\">\n\t\t\t\t\t\t<div class=\"elementor-element elementor-element-9c0588d elementor-widget elementor-widget-spacer\" data-id=\"9c0588d\" data-element_type=\"widget\" data-e-type=\"widget\" data-widget_type=\"spacer.default\">\n\t\t\t\t\t\t\t<div class=\"elementor-spacer\">\n\t\t\t<div class=\"elementor-spacer-inner\"><\/div>\n\t\t<\/div>\n\t\t\t\t\t\t<\/div>\n\t\t\t\t<div class=\"elementor-element elementor-element-5615131 elementor-widget__width-initial elementor-widget elementor-widget-heading\" data-id=\"5615131\" data-element_type=\"widget\" data-e-type=\"widget\" data-widget_type=\"heading.default\">\n\t\t\t\t\t<h4 class=\"elementor-heading-title elementor-size-default\">Czysta, spokojna i wyra\u017anie zdrowsza cera \u2013 zacznij swoj\u0105 drog\u0119 do sk\u00f3ry bez niedoskona\u0142o\u015bci.<\/h4>\t\t\t\t<\/div>\n\t\t\t\t<div class=\"elementor-element elementor-element-c35ed49 elementor-widget elementor-widget-text-editor\" data-id=\"c35ed49\" data-element_type=\"widget\" data-e-type=\"widget\" data-widget_type=\"text-editor.default\">\n\t\t\t\t\t\t\t\t\t<p>Tr\u0105dzik to nie tylko problem estetyczny, ale te\u017c \u017ar\u00f3d\u0142o dyskomfortu i obni\u017conej pewno\u015bci siebie. W naszym gabinecie pomagamy skutecznie ogranicza\u0107 wypryski, stany zapalne i przebarwienia potr\u0105dzikowe, wykorzystuj\u0105c nowoczesne, bezpieczne metody dopasowane do potrzeb Twojej sk\u00f3ry.<br \/>Regularna terapia pozwala uspokoi\u0107 cer\u0119, zmniejszy\u0107 widoczno\u015b\u0107 zmian\u00a0 \u00a0 \u00a0 \u00a0 \u00a0 \u00a0 \u00a0 i przywr\u00f3ci\u0107 jej r\u00f3wnowag\u0119, dzi\u0119ki kt\u00f3rej zn\u00f3w poczujesz si\u0119 dobrze we w\u0142asnej sk\u00f3rze.<\/p>\t\t\t\t\t\t\t\t<\/div>\n\t\t\t\t<div class=\"elementor-element elementor-element-6deb1c6 elementor-widget elementor-widget-spacer\" data-id=\"6deb1c6\" data-element_type=\"widget\" data-e-type=\"widget\" data-widget_type=\"spacer.default\">\n\t\t\t\t\t\t\t<div class=\"elementor-spacer\">\n\t\t\t<div class=\"elementor-spacer-inner\"><\/div>\n\t\t<\/div>\n\t\t\t\t\t\t<\/div>\n\t\t\t\t<div class=\"elementor-element elementor-element-a174ffb elementor-widget elementor-widget-heading\" data-id=\"a174ffb\" data-element_type=\"widget\" data-e-type=\"widget\" data-widget_type=\"heading.default\">\n\t\t\t\t\t<h5 class=\"elementor-heading-title elementor-size-default\">Zadowolenie klienta jest naszym priorytetem.<\/h5>\t\t\t\t<\/div>\n\t\t\t\t\t<\/div>\n\t\t<\/div>\n\t\t\t\t<div class=\"elementor-column elementor-col-33 elementor-top-column elementor-element elementor-element-e5486b4\" data-id=\"e5486b4\" data-element_type=\"column\" data-e-type=\"column\" data-settings=\"{&quot;background_background&quot;:&quot;classic&quot;}\">\n\t\t\t<div class=\"elementor-widget-wrap\">\n\t\t\t\t\t\t\t<\/div>\n\t\t<\/div>\n\t\t\t\t<div class=\"elementor-column elementor-col-33 elementor-top-column elementor-element elementor-element-04904ad\" data-id=\"04904ad\" data-element_type=\"column\" data-e-type=\"column\" data-settings=\"{&quot;background_background&quot;:&quot;classic&quot;}\">\n\t\t\t<div class=\"elementor-widget-wrap elementor-element-populated\">\n\t\t\t\t\t\t<div class=\"elementor-element elementor-element-e143873 elementor-widget elementor-widget-spacer\" data-id=\"e143873\" data-element_type=\"widget\" data-e-type=\"widget\" data-widget_type=\"spacer.default\">\n\t\t\t\t\t\t\t<div class=\"elementor-spacer\">\n\t\t\t<div class=\"elementor-spacer-inner\"><\/div>\n\t\t<\/div>\n\t\t\t\t\t\t<\/div>\n\t\t\t\t<div class=\"elementor-element elementor-element-a7c1594 elementor-widget elementor-widget-image\" data-id=\"a7c1594\" data-element_type=\"widget\" data-e-type=\"widget\" data-widget_type=\"image.default\">\n\t\t\t\t\t\t\t\t\t\t\t\t\t\t\t<img loading=\"lazy\" decoding=\"async\" width=\"800\" height=\"450\" src=\"http:\/\/www.kosmetologiamagiczna.pl\/wp-content\/uploads\/2025\/12\/redukcja-tr-dziku.webp\" class=\"attachment-1536x1536 size-1536x1536 wp-image-5104\" alt=\"\" srcset=\"http:\/\/www.kosmetologiamagiczna.pl\/wp-content\/uploads\/2025\/12\/redukcja-tr-dziku.webp 800w, http:\/\/www.kosmetologiamagiczna.pl\/wp-content\/uploads\/2025\/12\/redukcja-tr-dziku-300x169.webp 300w, http:\/\/www.kosmetologiamagiczna.pl\/wp-content\/uploads\/2025\/12\/redukcja-tr-dziku-768x432.webp 768w, http:\/\/www.kosmetologiamagiczna.pl\/wp-content\/uploads\/2025\/12\/redukcja-tr-dziku-480x270.webp 480w\" sizes=\"auto, (max-width: 800px) 100vw, 800px\" title=\"redukcja-tr-dziku\" \/>\t\t\t\t\t\t\t\t\t\t\t\t\t\t\t<\/div>\n\t\t\t\t\t<\/div>\n\t\t<\/div>\n\t\t\t\t\t<\/div>\n\t\t<\/section>\n\t\t\t\t<section class=\"elementor-section elementor-top-section elementor-element elementor-element-6b87d0a elementor-section-boxed elementor-section-height-default elementor-section-height-default\" data-id=\"6b87d0a\" data-element_type=\"section\" data-e-type=\"section\" data-settings=\"{&quot;background_background&quot;:&quot;classic&quot;}\">\n\t\t\t\t\t\t<div class=\"elementor-container elementor-column-gap-default\">\n\t\t\t\t\t<div class=\"elementor-column elementor-col-100 elementor-top-column elementor-element elementor-element-a308b56\" data-id=\"a308b56\" data-element_type=\"column\" data-e-type=\"column\">\n\t\t\t<div class=\"elementor-widget-wrap elementor-element-populated\">\n\t\t\t\t\t\t<div class=\"elementor-element elementor-element-a3a5cad elementor-widget elementor-widget-spacer\" data-id=\"a3a5cad\" data-element_type=\"widget\" data-e-type=\"widget\" data-widget_type=\"spacer.default\">\n\t\t\t\t\t\t\t<div class=\"elementor-spacer\">\n\t\t\t<div class=\"elementor-spacer-inner\"><\/div>\n\t\t<\/div>\n\t\t\t\t\t\t<\/div>\n\t\t\t\t<div class=\"elementor-element elementor-element-7fbdc3d elementor-widget elementor-widget-text-editor\" data-id=\"7fbdc3d\" data-element_type=\"widget\" data-e-type=\"widget\" data-widget_type=\"text-editor.default\">\n\t\t\t\t\t\t\t\t\t<p><span style=\"font-weight: 900; color: #000080;\" class=\"gt3_font-weight\">T<\/span>erapia \u015bwiat\u0142em IPL jest skuteczna w leczeniu tr\u0105dziku. Leczenie obejmuje seri\u0119 zabieg\u00f3w polegaj\u0105cych na na\u015bwietlaniu obszar\u00f3w dotkni\u0119tych tr\u0105dzikiem. Zabiegi powtarzane s\u0105 co 3-4 tygodnie a\u017c do osi\u0105gni\u0119cia poprawy. W typowych przypadkach jest to ok. 5 na\u015bwietla\u0144, ale liczba zabieg\u00f3w uzale\u017cniona jest od stanu sk\u00f3ry. Intensywne \u015awiat\u0142o Pulsacyjne IPL powoduje szybkie gojenie si\u0119 istniej\u0105cych zmian oraz zapobiega powstawaniu nowych. Precyzyjnie dobrana wi\u0105zka \u015bwiat\u0142a wnika w g\u0142\u0105b sk\u00f3ry i dzia\u0142aj\u0105c na gruczo\u0142y \u0142ojowe ogranicza produkcj\u0119 sebum. IPL ma te\u017c w\u0142a\u015bciwo\u015bci odka\u017caj\u0105ce i obkurczaj\u0105ce uj\u015bcia gruczo\u0142\u00f3w \u0142ojowych. Terapi\u0119 Intensywnym \u015awiat\u0142em Pulsacyjnym mo\u017cna stosowa\u0107 samodzielnie, a tak\u017ce w trakcie leczenia farmakologicznego (nale\u017cy poinformowa\u0107 o przyjmowanych lekach).<\/p>\t\t\t\t\t\t\t\t<\/div>\n\t\t\t\t<div class=\"elementor-element elementor-element-7836c5c elementor-widget elementor-widget-spacer\" data-id=\"7836c5c\" data-element_type=\"widget\" data-e-type=\"widget\" data-widget_type=\"spacer.default\">\n\t\t\t\t\t\t\t<div class=\"elementor-spacer\">\n\t\t\t<div class=\"elementor-spacer-inner\"><\/div>\n\t\t<\/div>\n\t\t\t\t\t\t<\/div>\n\t\t\t\t<div class=\"elementor-element elementor-element-a33f914 elementor-widget elementor-widget-text-editor\" data-id=\"a33f914\" data-element_type=\"widget\" data-e-type=\"widget\" data-widget_type=\"text-editor.default\">\n\t\t\t\t\t\t\t\t\t<p>Dzia\u0142anie IPL mo\u017cna por\u00f3wna\u0107 do antybiotyku. Dodatkowym atutem IPL-a jest nie nara\u017canie pacjenta na objawy niepo\u017c\u0105dane dla w\u0105troby i \u017co\u0142\u0105dka jak w przypadku lek\u00f3w. Ponadto badania przeprowadzone w wielu o\u015brodkach na \u015bwiecie wykaza\u0142y osi\u0105gni\u0119cie trzy razy szybszych efekt\u00f3w leczenia systemem IPL, ni\u017c w przypadku tradycyjnych metod (wyra\u017ana poprawa zmian 60-80% po serii na\u015bwietla\u0144 przeprowadzonych w ci\u0105gu 3-4 miesi\u0119cy). Fantastyczne efekty uzyskuje si\u0119 w leczeniu t\u0105 metod\u0105 tr\u0105dziku ze zmianami ropnymi. Zaobserwowano tak\u017ce, \u017ce istnieje niewielka grupa pacjent\u00f3w nie reaguj\u0105ca na t\u0119 terapi\u0119, co wst\u0119pnie bardzo trudno przewidzie\u0107.<\/p>\t\t\t\t\t\t\t\t<\/div>\n\t\t\t\t<div class=\"elementor-element elementor-element-d184a84 elementor-widget elementor-widget-text-editor\" data-id=\"d184a84\" data-element_type=\"widget\" data-e-type=\"widget\" data-widget_type=\"text-editor.default\">\n\t\t\t\t\t\t\t\t\t<p>Seria zabieg\u00f3w powoduje znaczne zmniejszenie przykrych objaw\u00f3w tr\u0105dziku i d\u0142u\u017csze okresy poprawy. Kuracj\u0119 mo\u017cna powtarza\u0107 przy wyst\u0119powaniu kolejnych zaostrze\u0144. Zabiegi wykonywane za pomoc\u0105 IPL nie maj\u0105 skutk\u00f3w ubocznych i nie wymagaj\u0105 rezygnacji z normalnego trybu \u017cycia po wykonanym zabiegu. Dzia\u0142anie IPL zgodne jest, wi\u0119c z powszechnym trendem w \u015bwiecie medycyny estetycznej by osi\u0105ga\u0107 jak najlepsze efekty przy jak najmniejszej inwazyjno\u015bci zabieg\u00f3w.<\/p>\t\t\t\t\t\t\t\t<\/div>\n\t\t\t\t<div class=\"elementor-element elementor-element-7f30538 elementor-widget elementor-widget-text-editor\" data-id=\"7f30538\" data-element_type=\"widget\" data-e-type=\"widget\" data-widget_type=\"text-editor.default\">\n\t\t\t\t\t\t\t\t\t<p>Cz\u0119st\u0105 przyczyn\u0105 posiadania tr\u0105dziku s\u0105 problemy hormonalne. Zalecamy naszym klientom przeprowadzenie bada\u0144 okre\u015blaj\u0105cych poziom hormon\u00f3w tarczycy oraz hormon\u00f3w p\u0142ciowych.<\/p>\t\t\t\t\t\t\t\t<\/div>\n\t\t\t\t<div class=\"elementor-element elementor-element-bec17c7 elementor-widget elementor-widget-text-editor\" data-id=\"bec17c7\" data-element_type=\"widget\" data-e-type=\"widget\" data-widget_type=\"text-editor.default\">\n\t\t\t\t\t\t\t\t\t<p>\u015arodki ostro\u017cno\u015bci i piel\u0119gnacja przed zabiegiem:<\/p>\t\t\t\t\t\t\t\t<\/div>\n\t\t\t\t<div class=\"elementor-element elementor-element-5a2f0aa elementor-widget elementor-widget-text-editor\" data-id=\"5a2f0aa\" data-element_type=\"widget\" data-e-type=\"widget\" data-widget_type=\"text-editor.default\">\n\t\t\t\t\t\t\t\t\t<p>Aby unikn\u0105\u0107 niepo\u017c\u0105danych nast\u0119pstw nale\u017cy bezwzgl\u0119dnie zastosowa\u0107 si\u0119 do wskaz\u00f3wek kosmetyczki, a w szczeg\u00f3lno\u015bci:<br \/>&#8211; opisa\u0107 dotychczasowe metody leczenia i ich skuteczno\u015b\u0107,<br \/>&#8211; zg\u0142osi\u0107 kosmetyczce przyjmowanie jakichkolwiek lekarstw, gdy\u017c niekt\u00f3re z nich mog\u0105 powodowa\u0107 reakcje fotouczulaj\u0105ce,<br \/>&#8211; w czasie zabiegu nie patrze\u0107 na promienie IPL i pole operacyjne bez okular\u00f3w ochronnych lub spod nich, gdy\u017c mo\u017ce to spowodowa\u0107 nieodwracalne konsekwencje okulistyczne. Mimo okular\u00f3w ochronnych nie wolno otwiera\u0107 oczu w czasie zabiegu.<br \/>&#8211; bezwzgl\u0119dnie sk\u00f3ra w czasie zabiegu nie mo\u017ce by\u0107 opalona (dotyczy to opalenizny s\u0142onecznej, solarium i samoopalaczy),<\/p>\t\t\t\t\t\t\t\t<\/div>\n\t\t\t\t<div class=\"elementor-element elementor-element-c571f40 elementor-widget elementor-widget-spacer\" data-id=\"c571f40\" data-element_type=\"widget\" data-e-type=\"widget\" data-widget_type=\"spacer.default\">\n\t\t\t\t\t\t\t<div class=\"elementor-spacer\">\n\t\t\t<div class=\"elementor-spacer-inner\"><\/div>\n\t\t<\/div>\n\t\t\t\t\t\t<\/div>\n\t\t\t\t<div class=\"elementor-element elementor-element-798a2d3 elementor-widget elementor-widget-spacer\" data-id=\"798a2d3\" data-element_type=\"widget\" data-e-type=\"widget\" data-widget_type=\"spacer.default\">\n\t\t\t\t\t\t\t<div class=\"elementor-spacer\">\n\t\t\t<div class=\"elementor-spacer-inner\"><\/div>\n\t\t<\/div>\n\t\t\t\t\t\t<\/div>\n\t\t\t\t<div class=\"elementor-element-custom_color elementor-element elementor-element-9fa1dcb elementor-widget elementor-widget-text-editor\" data-id=\"9fa1dcb\" data-element_type=\"widget\" data-e-type=\"widget\" data-widget_type=\"text-editor.default\">\n\t\t\t\t\t\t\t\t\t<p>Przeciwwskazania do zabiegu:<\/p>\t\t\t\t\t\t\t\t<\/div>\n\t\t\t\t<div class=\"elementor-element-custom_color elementor-element elementor-element-b709a95 elementor-widget elementor-widget-text-editor\" data-id=\"b709a95\" data-element_type=\"widget\" data-e-type=\"widget\" data-widget_type=\"text-editor.default\">\n\t\t\t\t\t\t\t\t\t<p>&#8211; ci\u0105\u017ca;<br \/>&#8211; karmienie piersi\u0105;<br \/>&#8211; opalanie si\u0119 przed zabiegiem (1 m-c przed zabiegiem);<br \/>&#8211; krem z retinolem (kwas witaminy A) (1 m-c przed zabiegiem);<br \/>&#8211; peeling (2 tyg. przed zabiegiem);<br \/>&#8211; przyjmowanie lek\u00f3w \u015bwiat\u0142o uczulaj\u0105cych (retinoidy, tetracykliny);<br \/>&#8211; picie zi\u00f3\u0142: nagietek, dziurawiec (1 m-c przed zabiegiem);<br \/>&#8211; bielactwo;<br \/>&#8211; padaczka;<br \/>&#8211; keloidy (bliznowiec);<br \/>&#8211; naczyniaki;<br \/>&#8211; cukrzyca nieunormowana;<br \/>&#8211; zaburzenia krzepliwo\u015bci krwi;<br \/>&#8211; leki zmniejszaj\u0105ce krzepliwo\u015b\u0107 krwi;<br \/>&#8211; \u0142uszczyca;<br \/>&#8211; spo\u017cywanie alkoholu (24 h przed zabiegiem);<br \/>&#8211; nawil\u017canie sk\u00f3ry w dniu zabiegu;<\/p>\t\t\t\t\t\t\t\t<\/div>\n\t\t\t\t<div class=\"elementor-element elementor-element-8bdeacf elementor-widget elementor-widget-spacer\" data-id=\"8bdeacf\" data-element_type=\"widget\" data-e-type=\"widget\" data-widget_type=\"spacer.default\">\n\t\t\t\t\t\t\t<div class=\"elementor-spacer\">\n\t\t\t<div class=\"elementor-spacer-inner\"><\/div>\n\t\t<\/div>\n\t\t\t\t\t\t<\/div>\n\t\t\t\t<div class=\"elementor-element-custom_color elementor-element elementor-element-37186b3 elementor-widget elementor-widget-text-editor\" data-id=\"37186b3\" data-element_type=\"widget\" data-e-type=\"widget\" data-widget_type=\"text-editor.default\">\n\t\t\t\t\t\t\t\t\t<p>Zasady post\u0119powania po zabiegu:<\/p>\t\t\t\t\t\t\t\t<\/div>\n\t\t\t\t<div class=\"elementor-element-custom_color elementor-element elementor-element-cad378d e-transform elementor-widget elementor-widget-text-editor\" data-id=\"cad378d\" data-element_type=\"widget\" data-e-type=\"widget\" data-settings=\"{&quot;_transform_scale_effect&quot;:{&quot;unit&quot;:&quot;px&quot;,&quot;size&quot;:&quot;&quot;,&quot;sizes&quot;:[]},&quot;_transform_scale_effect_tablet&quot;:{&quot;unit&quot;:&quot;px&quot;,&quot;size&quot;:&quot;&quot;,&quot;sizes&quot;:[]},&quot;_transform_scale_effect_mobile&quot;:{&quot;unit&quot;:&quot;px&quot;,&quot;size&quot;:&quot;&quot;,&quot;sizes&quot;:[]}}\" data-widget_type=\"text-editor.default\">\n\t\t\t\t\t\t\t\t\t<p>&#8211; zabiegi nale\u017cy powtarza\u0107, co 1-3 tygodnie. Znacz\u0105ce wyd\u0142u\u017cenie lub skr\u00f3cenie przerwy mi\u0119dzy zabiegami mo\u017ce spowodowa\u0107 s\u0142abszy efekt zabiegu.<br \/>&#8211; nie stosowa\u0107 myd\u0142a, kosmetyk\u00f3w z zawarto\u015bci\u0105 alkoholu (kilka dni);<br \/>&#8211; nie wykonywa\u0107 peelingu (1 miesi\u0105c);<br \/>&#8211; ochrona przed s\u0142o\u0144cem (1 miesi\u0105c);<br \/>&#8211; stosowa\u0107 kremy z wysokim faktorem przeciws\u0142onecznym;<br \/>&#8211; unika\u0107 ci\u0119\u017ckich \u0107wicze\u0144 fizycznych, sauny ( 4-5 dni);<br \/>&#8211; intensywnie nawil\u017ca\u0107 sk\u00f3r\u0119 ( 2 razy dziennie);<br \/>&#8211; makija\u017c mo\u017cna wykona\u0107 1 dzie\u0144 po zabiegu (w przypadkach bardzo wra\u017cliwej sk\u00f3ry po 4-5 dniach);<br \/>&#8211; leczenie w nielicznych przypadkach &#8211; \u0142agodna ma\u015b\u0107 sterydowa;<br \/>&#8211; kontrola po 3 tygodniach;<\/p>\t\t\t\t\t\t\t\t<\/div>\n\t\t\t\t<div class=\"elementor-element elementor-element-d8df24f elementor-widget elementor-widget-spacer\" data-id=\"d8df24f\" data-element_type=\"widget\" data-e-type=\"widget\" data-widget_type=\"spacer.default\">\n\t\t\t\t\t\t\t<div class=\"elementor-spacer\">\n\t\t\t<div class=\"elementor-spacer-inner\"><\/div>\n\t\t<\/div>\n\t\t\t\t\t\t<\/div>\n\t\t\t\t<div class=\"elementor-element elementor-element-46e3848 elementor-widget elementor-widget-spacer\" data-id=\"46e3848\" data-element_type=\"widget\" data-e-type=\"widget\" data-widget_type=\"spacer.default\">\n\t\t\t\t\t\t\t<div class=\"elementor-spacer\">\n\t\t\t<div class=\"elementor-spacer-inner\"><\/div>\n\t\t<\/div>\n\t\t\t\t\t\t<\/div>\n\t\t\t\t<div class=\"elementor-element elementor-element-e2d197f elementor-widget elementor-widget-text-editor\" data-id=\"e2d197f\" data-element_type=\"widget\" data-e-type=\"widget\" data-widget_type=\"text-editor.default\">\n\t\t\t\t\t\t\t\t\t<div><span class=\"fs11lh1-5 ff1\">Ceny s\u0105 ustalane indywidualnie w zale\u017cno\u015bci od wielko\u015bci powierzchni obj\u0119tej zabiegiem.<\/span><\/div>\t\t\t\t\t\t\t\t<\/div>\n\t\t\t\t\t<\/div>\n\t\t<\/div>\n\t\t\t\t\t<\/div>\n\t\t<\/section>\n\t\t\t\t<\/div>\n\t\t","protected":false},"excerpt":{"rendered":"<p>Czysta, spokojna i wyra\u017anie zdrowsza cera \u2013 zacznij swoj\u0105 drog\u0119 do sk\u00f3ry bez niedoskona\u0142o\u015bci. Tr\u0105dzik to nie tylko problem estetyczny, ale te\u017c \u017ar\u00f3d\u0142o dyskomfortu i obni\u017conej pewno\u015bci siebie. W naszym gabinecie pomagamy skutecznie ogranicza\u0107 wypryski, stany zapalne i przebarwienia potr\u0105dzikowe, wykorzystuj\u0105c nowoczesne, bezpieczne metody dopasowane do potrzeb Twojej sk\u00f3ry.Regularna terapia pozwala uspokoi\u0107 cer\u0119, zmniejszy\u0107 widoczno\u015b\u0107 [&hellip;]<\/p>\n","protected":false},"author":1,"featured_media":0,"parent":0,"menu_order":0,"comment_status":"closed","ping_status":"closed","template":"","meta":{"_kadence_starter_templates_imported_post":false,"footnotes":""},"class_list":["post-4080","page","type-page","status-publish","hentry"],"yoast_head":"<!-- This site is optimized with the Yoast SEO plugin v27.1.1 - https:\/\/yoast.com\/product\/yoast-seo-wordpress\/ -->\n<title>Redukcja tr\u0105dziku - Kosmetologia Estetyczna MAGICZNA<\/title>\n<meta name=\"description\" content=\"Czysta, spokojna i wyra\u017anie zdrowsza cera \u2013 zacznij swoj\u0105 drog\u0119 do sk\u00f3ry bez niedoskona\u0142o\u015bci. Tr\u0105dzik to nie tylko problem estetyczny, ale te\u017c \u017ar\u00f3d\u0142o dyskomfortu i obni\u017conej pewno\u015bci siebie. W naszym gabinecie pomagamy skutecznie ogranicza\u0107 wypryski, stany zapalne i przebarwienia potr\u0105dzikowe, wykorzystuj\u0105c nowoczesne, bezpieczne metody dopasowane do potrzeb Twojej sk\u00f3ry. Regularna terapia pozwala uspokoi\u0107 cer\u0119, zmniejszy\u0107 widoczno\u015b\u0107 zmian i przywr\u00f3ci\u0107 jej r\u00f3wnowag\u0119, dzi\u0119ki kt\u00f3rej zn\u00f3w poczujesz si\u0119 dobrze we w\u0142asnej sk\u00f3rze.\" \/>\n<meta name=\"robots\" content=\"index, follow, max-snippet:-1, max-image-preview:large, max-video-preview:-1\" \/>\n<link rel=\"canonical\" href=\"http:\/\/www.kosmetologiamagiczna.pl\/index.php\/redukcja-tradziku\/\" \/>\n<meta property=\"og:locale\" content=\"pl_PL\" \/>\n<meta property=\"og:type\" content=\"article\" \/>\n<meta property=\"og:title\" content=\"Redukcja tr\u0105dziku - Kosmetologia Estetyczna MAGICZNA\" \/>\n<meta property=\"og:description\" content=\"Czysta, spokojna i wyra\u017anie zdrowsza cera \u2013 zacznij swoj\u0105 drog\u0119 do sk\u00f3ry bez niedoskona\u0142o\u015bci. Tr\u0105dzik to nie tylko problem estetyczny, ale te\u017c \u017ar\u00f3d\u0142o dyskomfortu i obni\u017conej pewno\u015bci siebie. W naszym gabinecie pomagamy skutecznie ogranicza\u0107 wypryski, stany zapalne i przebarwienia potr\u0105dzikowe, wykorzystuj\u0105c nowoczesne, bezpieczne metody dopasowane do potrzeb Twojej sk\u00f3ry. Regularna terapia pozwala uspokoi\u0107 cer\u0119, zmniejszy\u0107 widoczno\u015b\u0107 zmian i przywr\u00f3ci\u0107 jej r\u00f3wnowag\u0119, dzi\u0119ki kt\u00f3rej zn\u00f3w poczujesz si\u0119 dobrze we w\u0142asnej sk\u00f3rze.\" \/>\n<meta property=\"og:url\" content=\"http:\/\/www.kosmetologiamagiczna.pl\/index.php\/redukcja-tradziku\/\" \/>\n<meta property=\"og:site_name\" content=\"Kosmetologia Estetyczna MAGICZNA\" \/>\n<meta property=\"article:publisher\" content=\"https:\/\/www.facebook.com\/KosmetologiaEstetycznaMAGICZNA\" \/>\n<meta property=\"article:modified_time\" content=\"2025-12-31T19:28:01+00:00\" \/>\n<meta property=\"og:image\" content=\"http:\/\/www.kosmetologiamagiczna.pl\/wp-content\/uploads\/2025\/12\/redukcja-tr-dziku.webp\" \/>\n<meta name=\"twitter:card\" content=\"summary_large_image\" \/>\n<meta name=\"twitter:label1\" content=\"Szacowany czas czytania\" \/>\n\t<meta name=\"twitter:data1\" content=\"4 minuty\" \/>\n<script type=\"application\/ld+json\" class=\"yoast-schema-graph\">{\"@context\":\"https:\/\/schema.org\",\"@graph\":[{\"@type\":\"WebPage\",\"@id\":\"http:\/\/www.kosmetologiamagiczna.pl\/index.php\/redukcja-tradziku\/\",\"url\":\"http:\/\/www.kosmetologiamagiczna.pl\/index.php\/redukcja-tradziku\/\",\"name\":\"Redukcja tr\u0105dziku - Kosmetologia Estetyczna MAGICZNA\",\"isPartOf\":{\"@id\":\"https:\/\/www.kosmetologiamagiczna.pl\/#website\"},\"primaryImageOfPage\":{\"@id\":\"http:\/\/www.kosmetologiamagiczna.pl\/index.php\/redukcja-tradziku\/#primaryimage\"},\"image\":{\"@id\":\"http:\/\/www.kosmetologiamagiczna.pl\/index.php\/redukcja-tradziku\/#primaryimage\"},\"thumbnailUrl\":\"http:\/\/www.kosmetologiamagiczna.pl\/wp-content\/uploads\/2025\/12\/redukcja-tr-dziku.webp\",\"datePublished\":\"2025-11-27T20:07:33+00:00\",\"dateModified\":\"2025-12-31T19:28:01+00:00\",\"description\":\"Czysta, spokojna i wyra\u017anie zdrowsza cera \u2013 zacznij swoj\u0105 drog\u0119 do sk\u00f3ry bez niedoskona\u0142o\u015bci. Tr\u0105dzik to nie tylko problem estetyczny, ale te\u017c \u017ar\u00f3d\u0142o dyskomfortu i obni\u017conej pewno\u015bci siebie. W naszym gabinecie pomagamy skutecznie ogranicza\u0107 wypryski, stany zapalne i przebarwienia potr\u0105dzikowe, wykorzystuj\u0105c nowoczesne, bezpieczne metody dopasowane do potrzeb Twojej sk\u00f3ry. Regularna terapia pozwala uspokoi\u0107 cer\u0119, zmniejszy\u0107 widoczno\u015b\u0107 zmian i przywr\u00f3ci\u0107 jej r\u00f3wnowag\u0119, dzi\u0119ki kt\u00f3rej zn\u00f3w poczujesz si\u0119 dobrze we w\u0142asnej sk\u00f3rze.\",\"breadcrumb\":{\"@id\":\"http:\/\/www.kosmetologiamagiczna.pl\/index.php\/redukcja-tradziku\/#breadcrumb\"},\"inLanguage\":\"pl-PL\",\"potentialAction\":[{\"@type\":\"ReadAction\",\"target\":[\"http:\/\/www.kosmetologiamagiczna.pl\/index.php\/redukcja-tradziku\/\"]}]},{\"@type\":\"ImageObject\",\"inLanguage\":\"pl-PL\",\"@id\":\"http:\/\/www.kosmetologiamagiczna.pl\/index.php\/redukcja-tradziku\/#primaryimage\",\"url\":\"http:\/\/www.kosmetologiamagiczna.pl\/wp-content\/uploads\/2025\/12\/redukcja-tr-dziku.webp\",\"contentUrl\":\"http:\/\/www.kosmetologiamagiczna.pl\/wp-content\/uploads\/2025\/12\/redukcja-tr-dziku.webp\"},{\"@type\":\"BreadcrumbList\",\"@id\":\"http:\/\/www.kosmetologiamagiczna.pl\/index.php\/redukcja-tradziku\/#breadcrumb\",\"itemListElement\":[{\"@type\":\"ListItem\",\"position\":1,\"name\":\"Strona g\u0142\u00f3wna\",\"item\":\"https:\/\/www.kosmetologiamagiczna.pl\/\"},{\"@type\":\"ListItem\",\"position\":2,\"name\":\"Redukcja tr\u0105dziku\"}]},{\"@type\":\"WebSite\",\"@id\":\"https:\/\/www.kosmetologiamagiczna.pl\/#website\",\"url\":\"https:\/\/www.kosmetologiamagiczna.pl\/\",\"name\":\"Kosmetologia Estetyczna MAGICZNA\",\"description\":\"Pi\u0119kno, kt\u00f3re podkre\u015bla Twoj\u0105 naturalno\u015b\u0107.\",\"publisher\":{\"@id\":\"https:\/\/www.kosmetologiamagiczna.pl\/#organization\"},\"potentialAction\":[{\"@type\":\"SearchAction\",\"target\":{\"@type\":\"EntryPoint\",\"urlTemplate\":\"https:\/\/www.kosmetologiamagiczna.pl\/?s={search_term_string}\"},\"query-input\":{\"@type\":\"PropertyValueSpecification\",\"valueRequired\":true,\"valueName\":\"search_term_string\"}}],\"inLanguage\":\"pl-PL\"},{\"@type\":\"Organization\",\"@id\":\"https:\/\/www.kosmetologiamagiczna.pl\/#organization\",\"name\":\"Kosmetologia Estetyczna MAGICZNA\",\"url\":\"https:\/\/www.kosmetologiamagiczna.pl\/\",\"logo\":{\"@type\":\"ImageObject\",\"inLanguage\":\"pl-PL\",\"@id\":\"https:\/\/www.kosmetologiamagiczna.pl\/#\/schema\/logo\/image\/\",\"url\":\"http:\/\/www.kosmetologiamagiczna.pl\/wp-content\/uploads\/2025\/11\/cropped-logoAnkaCorel18.png\",\"contentUrl\":\"http:\/\/www.kosmetologiamagiczna.pl\/wp-content\/uploads\/2025\/11\/cropped-logoAnkaCorel18.png\",\"width\":512,\"height\":512,\"caption\":\"Kosmetologia Estetyczna MAGICZNA\"},\"image\":{\"@id\":\"https:\/\/www.kosmetologiamagiczna.pl\/#\/schema\/logo\/image\/\"},\"sameAs\":[\"https:\/\/www.facebook.com\/KosmetologiaEstetycznaMAGICZNA\"]}]}<\/script>\n<!-- \/ Yoast SEO plugin. -->","yoast_head_json":{"title":"Redukcja tr\u0105dziku - Kosmetologia Estetyczna MAGICZNA","description":"Czysta, spokojna i wyra\u017anie zdrowsza cera \u2013 zacznij swoj\u0105 drog\u0119 do sk\u00f3ry bez niedoskona\u0142o\u015bci. Tr\u0105dzik to nie tylko problem estetyczny, ale te\u017c \u017ar\u00f3d\u0142o dyskomfortu i obni\u017conej pewno\u015bci siebie. W naszym gabinecie pomagamy skutecznie ogranicza\u0107 wypryski, stany zapalne i przebarwienia potr\u0105dzikowe, wykorzystuj\u0105c nowoczesne, bezpieczne metody dopasowane do potrzeb Twojej sk\u00f3ry. Regularna terapia pozwala uspokoi\u0107 cer\u0119, zmniejszy\u0107 widoczno\u015b\u0107 zmian i przywr\u00f3ci\u0107 jej r\u00f3wnowag\u0119, dzi\u0119ki kt\u00f3rej zn\u00f3w poczujesz si\u0119 dobrze we w\u0142asnej sk\u00f3rze.","robots":{"index":"index","follow":"follow","max-snippet":"max-snippet:-1","max-image-preview":"max-image-preview:large","max-video-preview":"max-video-preview:-1"},"canonical":"http:\/\/www.kosmetologiamagiczna.pl\/index.php\/redukcja-tradziku\/","og_locale":"pl_PL","og_type":"article","og_title":"Redukcja tr\u0105dziku - Kosmetologia Estetyczna MAGICZNA","og_description":"Czysta, spokojna i wyra\u017anie zdrowsza cera \u2013 zacznij swoj\u0105 drog\u0119 do sk\u00f3ry bez niedoskona\u0142o\u015bci. Tr\u0105dzik to nie tylko problem estetyczny, ale te\u017c \u017ar\u00f3d\u0142o dyskomfortu i obni\u017conej pewno\u015bci siebie. W naszym gabinecie pomagamy skutecznie ogranicza\u0107 wypryski, stany zapalne i przebarwienia potr\u0105dzikowe, wykorzystuj\u0105c nowoczesne, bezpieczne metody dopasowane do potrzeb Twojej sk\u00f3ry. Regularna terapia pozwala uspokoi\u0107 cer\u0119, zmniejszy\u0107 widoczno\u015b\u0107 zmian i przywr\u00f3ci\u0107 jej r\u00f3wnowag\u0119, dzi\u0119ki kt\u00f3rej zn\u00f3w poczujesz si\u0119 dobrze we w\u0142asnej sk\u00f3rze.","og_url":"http:\/\/www.kosmetologiamagiczna.pl\/index.php\/redukcja-tradziku\/","og_site_name":"Kosmetologia Estetyczna MAGICZNA","article_publisher":"https:\/\/www.facebook.com\/KosmetologiaEstetycznaMAGICZNA","article_modified_time":"2025-12-31T19:28:01+00:00","og_image":[{"url":"http:\/\/www.kosmetologiamagiczna.pl\/wp-content\/uploads\/2025\/12\/redukcja-tr-dziku.webp","type":"","width":"","height":""}],"twitter_card":"summary_large_image","twitter_misc":{"Szacowany czas czytania":"4 minuty"},"schema":{"@context":"https:\/\/schema.org","@graph":[{"@type":"WebPage","@id":"http:\/\/www.kosmetologiamagiczna.pl\/index.php\/redukcja-tradziku\/","url":"http:\/\/www.kosmetologiamagiczna.pl\/index.php\/redukcja-tradziku\/","name":"Redukcja tr\u0105dziku - Kosmetologia Estetyczna MAGICZNA","isPartOf":{"@id":"https:\/\/www.kosmetologiamagiczna.pl\/#website"},"primaryImageOfPage":{"@id":"http:\/\/www.kosmetologiamagiczna.pl\/index.php\/redukcja-tradziku\/#primaryimage"},"image":{"@id":"http:\/\/www.kosmetologiamagiczna.pl\/index.php\/redukcja-tradziku\/#primaryimage"},"thumbnailUrl":"http:\/\/www.kosmetologiamagiczna.pl\/wp-content\/uploads\/2025\/12\/redukcja-tr-dziku.webp","datePublished":"2025-11-27T20:07:33+00:00","dateModified":"2025-12-31T19:28:01+00:00","description":"Czysta, spokojna i wyra\u017anie zdrowsza cera \u2013 zacznij swoj\u0105 drog\u0119 do sk\u00f3ry bez niedoskona\u0142o\u015bci. Tr\u0105dzik to nie tylko problem estetyczny, ale te\u017c \u017ar\u00f3d\u0142o dyskomfortu i obni\u017conej pewno\u015bci siebie. W naszym gabinecie pomagamy skutecznie ogranicza\u0107 wypryski, stany zapalne i przebarwienia potr\u0105dzikowe, wykorzystuj\u0105c nowoczesne, bezpieczne metody dopasowane do potrzeb Twojej sk\u00f3ry. Regularna terapia pozwala uspokoi\u0107 cer\u0119, zmniejszy\u0107 widoczno\u015b\u0107 zmian i przywr\u00f3ci\u0107 jej r\u00f3wnowag\u0119, dzi\u0119ki kt\u00f3rej zn\u00f3w poczujesz si\u0119 dobrze we w\u0142asnej sk\u00f3rze.","breadcrumb":{"@id":"http:\/\/www.kosmetologiamagiczna.pl\/index.php\/redukcja-tradziku\/#breadcrumb"},"inLanguage":"pl-PL","potentialAction":[{"@type":"ReadAction","target":["http:\/\/www.kosmetologiamagiczna.pl\/index.php\/redukcja-tradziku\/"]}]},{"@type":"ImageObject","inLanguage":"pl-PL","@id":"http:\/\/www.kosmetologiamagiczna.pl\/index.php\/redukcja-tradziku\/#primaryimage","url":"http:\/\/www.kosmetologiamagiczna.pl\/wp-content\/uploads\/2025\/12\/redukcja-tr-dziku.webp","contentUrl":"http:\/\/www.kosmetologiamagiczna.pl\/wp-content\/uploads\/2025\/12\/redukcja-tr-dziku.webp"},{"@type":"BreadcrumbList","@id":"http:\/\/www.kosmetologiamagiczna.pl\/index.php\/redukcja-tradziku\/#breadcrumb","itemListElement":[{"@type":"ListItem","position":1,"name":"Strona g\u0142\u00f3wna","item":"https:\/\/www.kosmetologiamagiczna.pl\/"},{"@type":"ListItem","position":2,"name":"Redukcja tr\u0105dziku"}]},{"@type":"WebSite","@id":"https:\/\/www.kosmetologiamagiczna.pl\/#website","url":"https:\/\/www.kosmetologiamagiczna.pl\/","name":"Kosmetologia Estetyczna MAGICZNA","description":"Pi\u0119kno, kt\u00f3re podkre\u015bla Twoj\u0105 naturalno\u015b\u0107.","publisher":{"@id":"https:\/\/www.kosmetologiamagiczna.pl\/#organization"},"potentialAction":[{"@type":"SearchAction","target":{"@type":"EntryPoint","urlTemplate":"https:\/\/www.kosmetologiamagiczna.pl\/?s={search_term_string}"},"query-input":{"@type":"PropertyValueSpecification","valueRequired":true,"valueName":"search_term_string"}}],"inLanguage":"pl-PL"},{"@type":"Organization","@id":"https:\/\/www.kosmetologiamagiczna.pl\/#organization","name":"Kosmetologia Estetyczna MAGICZNA","url":"https:\/\/www.kosmetologiamagiczna.pl\/","logo":{"@type":"ImageObject","inLanguage":"pl-PL","@id":"https:\/\/www.kosmetologiamagiczna.pl\/#\/schema\/logo\/image\/","url":"http:\/\/www.kosmetologiamagiczna.pl\/wp-content\/uploads\/2025\/11\/cropped-logoAnkaCorel18.png","contentUrl":"http:\/\/www.kosmetologiamagiczna.pl\/wp-content\/uploads\/2025\/11\/cropped-logoAnkaCorel18.png","width":512,"height":512,"caption":"Kosmetologia Estetyczna MAGICZNA"},"image":{"@id":"https:\/\/www.kosmetologiamagiczna.pl\/#\/schema\/logo\/image\/"},"sameAs":["https:\/\/www.facebook.com\/KosmetologiaEstetycznaMAGICZNA"]}]}},"_links":{"self":[{"href":"http:\/\/www.kosmetologiamagiczna.pl\/index.php\/wp-json\/wp\/v2\/pages\/4080","targetHints":{"allow":["GET"]}}],"collection":[{"href":"http:\/\/www.kosmetologiamagiczna.pl\/index.php\/wp-json\/wp\/v2\/pages"}],"about":[{"href":"http:\/\/www.kosmetologiamagiczna.pl\/index.php\/wp-json\/wp\/v2\/types\/page"}],"author":[{"embeddable":true,"href":"http:\/\/www.kosmetologiamagiczna.pl\/index.php\/wp-json\/wp\/v2\/users\/1"}],"replies":[{"embeddable":true,"href":"http:\/\/www.kosmetologiamagiczna.pl\/index.php\/wp-json\/wp\/v2\/comments?post=4080"}],"version-history":[{"count":20,"href":"http:\/\/www.kosmetologiamagiczna.pl\/index.php\/wp-json\/wp\/v2\/pages\/4080\/revisions"}],"predecessor-version":[{"id":5195,"href":"http:\/\/www.kosmetologiamagiczna.pl\/index.php\/wp-json\/wp\/v2\/pages\/4080\/revisions\/5195"}],"wp:attachment":[{"href":"http:\/\/www.kosmetologiamagiczna.pl\/index.php\/wp-json\/wp\/v2\/media?parent=4080"}],"curies":[{"name":"wp","href":"https:\/\/api.w.org\/{rel}","templated":true}]}}