{"id":1152,"date":"2020-02-04T11:11:10","date_gmt":"2020-02-04T11:11:10","guid":{"rendered":"https:\/\/livewp.site\/wp\/md\/qulo\/?post_type=portfolio&#038;p=1152"},"modified":"2025-12-31T20:05:07","modified_gmt":"2025-12-31T20:05:07","slug":"lips-correction-2","status":"publish","type":"portfolio","link":"http:\/\/www.kosmetologiamagiczna.pl\/index.php\/portfolio\/lips-correction-2\/","title":{"rendered":"Masa\u017ce"},"content":{"rendered":"\t\t<div data-elementor-type=\"wp-post\" data-elementor-id=\"1152\" class=\"elementor elementor-1152\">\n\t\t\t\t\t\t<section class=\"elementor-section elementor-top-section elementor-element elementor-element-54484c0c elementor-section-stretched elementor-section-boxed elementor-section-height-default elementor-section-height-default\" data-id=\"54484c0c\" data-element_type=\"section\" data-e-type=\"section\" data-settings=\"{&quot;stretch_section&quot;:&quot;section-stretched&quot;,&quot;background_background&quot;:&quot;classic&quot;}\">\n\t\t\t\t\t\t<div class=\"elementor-container elementor-column-gap-extended\">\n\t\t\t\t\t<div class=\"elementor-column elementor-col-50 elementor-top-column elementor-element elementor-element-59098ee9\" data-id=\"59098ee9\" data-element_type=\"column\" data-e-type=\"column\">\n\t\t\t<div class=\"elementor-widget-wrap elementor-element-populated\">\n\t\t\t\t\t\t<div class=\"elementor-element elementor-element-9b22963 elementor-widget elementor-widget-image\" data-id=\"9b22963\" data-element_type=\"widget\" data-e-type=\"widget\" data-widget_type=\"image.default\">\n\t\t\t\t\t\t\t\t\t\t\t\t\t\t\t<img loading=\"lazy\" decoding=\"async\" width=\"750\" height=\"997\" src=\"http:\/\/www.kosmetologiamagiczna.pl\/wp-content\/uploads\/2020\/02\/masaz_4.png\" class=\"attachment-large size-large wp-image-4511\" alt=\"\" srcset=\"http:\/\/www.kosmetologiamagiczna.pl\/wp-content\/uploads\/2020\/02\/masaz_4.png 750w, http:\/\/www.kosmetologiamagiczna.pl\/wp-content\/uploads\/2020\/02\/masaz_4-226x300.png 226w, http:\/\/www.kosmetologiamagiczna.pl\/wp-content\/uploads\/2020\/02\/masaz_4-480x638.png 480w\" sizes=\"auto, (max-width: 750px) 100vw, 750px\" title=\"masa\u017c_4\" \/>\t\t\t\t\t\t\t\t\t\t\t\t\t\t\t<\/div>\n\t\t\t\t\t<\/div>\n\t\t<\/div>\n\t\t\t\t<div class=\"elementor-column elementor-col-50 elementor-top-column elementor-element elementor-element-2738f638\" data-id=\"2738f638\" data-element_type=\"column\" data-e-type=\"column\">\n\t\t\t<div class=\"elementor-widget-wrap elementor-element-populated\">\n\t\t\t\t\t\t<div class=\"elementor-element-custom_font_size elementor-element-custom_line_height elementor-element-custom_color elementor-element elementor-element-4f54c48f elementor-widget elementor-widget-text-editor\" data-id=\"4f54c48f\" data-element_type=\"widget\" data-e-type=\"widget\" data-widget_type=\"text-editor.default\">\n\t\t\t\t\t\t\t\t\t<p>Masa\u017c twarzy, szyi, dekoltu i karku \u2013 g\u0142\u0119boka relaksacja i odnowa tkanek.<\/p>\t\t\t\t\t\t\t\t<\/div>\n\t\t\t\t<div class=\"elementor-element elementor-element-45da41e elementor-widget elementor-widget-text-editor\" data-id=\"45da41e\" data-element_type=\"widget\" data-e-type=\"widget\" data-widget_type=\"text-editor.default\">\n\t\t\t\t\t\t\t\t\t<p data-start=\"144\" data-end=\"556\">Masa\u017c twarzy, szyi, dekoltu i karku to po\u0142\u0105czenie technik manualnych, kt\u00f3re dzia\u0142aj\u0105 jednocze\u015bnie na mi\u0119\u015bnie, sk\u00f3r\u0119 oraz uk\u0142ad nerwowy. Precyzyjne, p\u0142ynne ruchy terapeuty skutecznie rozlu\u017aniaj\u0105 napi\u0119cia powsta\u0142e w wyniku stresu, pracy przy komputerze czy d\u0142ugotrwa\u0142ej pozycji siedz\u0105cej. Zabieg poprawia kr\u0105\u017cenie krwi i limfy, co wspiera dotlenienie tkanek, redukcj\u0119 obrz\u0119k\u00f3w oraz naturalne procesy regeneracyjne.<\/p><p data-start=\"558\" data-end=\"909\">Regularny masa\u017c przyczynia si\u0119 do wyg\u0142adzenia rys\u00f3w twarzy, poprawy jej owalu oraz zwi\u0119kszenia elastyczno\u015bci sk\u00f3ry. Dzia\u0142a liftinguj\u0105co, wspomaga odprowadzenie limfy i pomaga rozlu\u017ani\u0107 spi\u0119te mi\u0119\u015bnie mimiczne, odpowiedzialne za powstawanie drobnych zmarszczek. Masa\u017c karku i szyi przynosi dodatkowo ulg\u0119 w napi\u0119ciach, b\u00f3lach g\u0142owy i sztywno\u015bci mi\u0119\u015bni.<\/p><p data-start=\"911\" data-end=\"1124\">To doskona\u0142y wyb\u00f3r dla os\u00f3b, kt\u00f3re pragn\u0105 po\u0142\u0105czy\u0107 g\u0142\u0119bokie odpr\u0119\u017cenie z realn\u0105 popraw\u0105 wygl\u0105du i kondycji sk\u00f3ry. Zabieg dzia\u0142a koj\u0105co, relaksuj\u0105co i przywraca naturaln\u0105 harmoni\u0119 ca\u0142ego obszaru twarz\u2013szyja\u2013dekolt.<\/p>\t\t\t\t\t\t\t\t<\/div>\n\t\t\t\t<div class=\"elementor-element elementor-element-693c13a elementor-widget elementor-widget-spacer\" data-id=\"693c13a\" data-element_type=\"widget\" data-e-type=\"widget\" data-widget_type=\"spacer.default\">\n\t\t\t\t\t\t\t<div class=\"elementor-spacer\">\n\t\t\t<div class=\"elementor-spacer-inner\"><\/div>\n\t\t<\/div>\n\t\t\t\t\t\t<\/div>\n\t\t\t\t<div class=\"elementor-element-custom_font_size elementor-element-custom_line_height elementor-element-custom_color elementor-element elementor-element-8ffb9b1 elementor-widget elementor-widget-text-editor\" data-id=\"8ffb9b1\" data-element_type=\"widget\" data-e-type=\"widget\" data-widget_type=\"text-editor.default\">\n\t\t\t\t\t\t\t\t\t<p>Masa\u017c limfatyczny twarzy \u2013 naturalne wsparcie dla pi\u0119knej sk\u00f3ry.<\/p>\t\t\t\t\t\t\t\t<\/div>\n\t\t\t\t<div class=\"elementor-element elementor-element-e4b811a elementor-widget elementor-widget-text-editor\" data-id=\"e4b811a\" data-element_type=\"widget\" data-e-type=\"widget\" data-widget_type=\"text-editor.default\">\n\t\t\t\t\t\t\t\t\t<p>Masa\u017c limfatyczny twarzy to delikatny, a jednocze\u015bnie niezwykle skuteczny zabieg, kt\u00f3ry pobudza kr\u0105\u017cenie limfy, wspomaga usuwanie toksyn i redukuje obrz\u0119ki. Dzi\u0119ki precyzyjnym, rytmicznym ruchom sk\u00f3ra odzyskuje \u015bwie\u017co\u015b\u0107, a rysy twarzy staj\u0105 si\u0119 wyra\u017aniejsze i bardziej wypocz\u0119te.<\/p>\t\t\t\t\t\t\t\t<\/div>\n\t\t\t\t\t<\/div>\n\t\t<\/div>\n\t\t\t\t\t<\/div>\n\t\t<\/section>\n\t\t\t\t<\/div>\n\t\t","protected":false},"excerpt":{"rendered":"<p>Masa\u017c twarzy, szyi, dekoltu i karku \u2013 g\u0142\u0119boka relaksacja i odnowa tkanek. Masa\u017c twarzy, szyi, dekoltu i karku to po\u0142\u0105czenie technik manualnych, kt\u00f3re dzia\u0142aj\u0105 jednocze\u015bnie na mi\u0119\u015bnie, sk\u00f3r\u0119 oraz uk\u0142ad nerwowy. Precyzyjne, p\u0142ynne ruchy terapeuty skutecznie rozlu\u017aniaj\u0105 napi\u0119cia powsta\u0142e w wyniku stresu, pracy przy komputerze czy d\u0142ugotrwa\u0142ej pozycji siedz\u0105cej. Zabieg poprawia kr\u0105\u017cenie krwi i limfy, [&hellip;]<\/p>\n","protected":false},"author":1,"featured_media":4385,"menu_order":0,"comment_status":"closed","ping_status":"closed","template":"","portfolio_category":[38],"portfolio_tag":[],"class_list":["post-1152","portfolio","type-portfolio","status-publish","has-post-thumbnail","hentry","portfolio_category-menu"],"yoast_head":"<!-- This site is optimized with the Yoast SEO plugin v27.1.1 - https:\/\/yoast.com\/product\/yoast-seo-wordpress\/ -->\n<title>Masa\u017ce - Kosmetologia Estetyczna MAGICZNA<\/title>\n<meta name=\"description\" content=\"Masa\u017c twarzy, szyi, dekoltu i karku to po\u0142\u0105czenie technik manualnych, kt\u00f3re dzia\u0142aj\u0105 jednocze\u015bnie na mi\u0119\u015bnie, sk\u00f3r\u0119 oraz uk\u0142ad nerwowy. Precyzyjne, p\u0142ynne ruchy terapeuty skutecznie rozlu\u017aniaj\u0105 napi\u0119cia powsta\u0142e w wyniku stresu, pracy przy komputerze czy d\u0142ugotrwa\u0142ej pozycji siedz\u0105cej. Zabieg poprawia kr\u0105\u017cenie krwi i limfy, co wspiera dotlenienie tkanek, redukcj\u0119 obrz\u0119k\u00f3w oraz naturalne procesy regeneracyjne.\" \/>\n<meta name=\"robots\" content=\"index, follow, max-snippet:-1, max-image-preview:large, max-video-preview:-1\" \/>\n<link rel=\"canonical\" href=\"http:\/\/www.kosmetologiamagiczna.pl\/index.php\/portfolio\/lips-correction-2\/\" \/>\n<meta property=\"og:locale\" content=\"pl_PL\" \/>\n<meta property=\"og:type\" content=\"article\" \/>\n<meta property=\"og:title\" content=\"Masa\u017ce - Kosmetologia Estetyczna MAGICZNA\" \/>\n<meta property=\"og:description\" content=\"Masa\u017c twarzy, szyi, dekoltu i karku to po\u0142\u0105czenie technik manualnych, kt\u00f3re dzia\u0142aj\u0105 jednocze\u015bnie na mi\u0119\u015bnie, sk\u00f3r\u0119 oraz uk\u0142ad nerwowy. Precyzyjne, p\u0142ynne ruchy terapeuty skutecznie rozlu\u017aniaj\u0105 napi\u0119cia powsta\u0142e w wyniku stresu, pracy przy komputerze czy d\u0142ugotrwa\u0142ej pozycji siedz\u0105cej. Zabieg poprawia kr\u0105\u017cenie krwi i limfy, co wspiera dotlenienie tkanek, redukcj\u0119 obrz\u0119k\u00f3w oraz naturalne procesy regeneracyjne.\" \/>\n<meta property=\"og:url\" content=\"http:\/\/www.kosmetologiamagiczna.pl\/index.php\/portfolio\/lips-correction-2\/\" \/>\n<meta property=\"og:site_name\" content=\"Kosmetologia Estetyczna MAGICZNA\" \/>\n<meta property=\"article:publisher\" content=\"https:\/\/www.facebook.com\/KosmetologiaEstetycznaMAGICZNA\" \/>\n<meta property=\"article:modified_time\" content=\"2025-12-31T20:05:07+00:00\" \/>\n<meta property=\"og:image\" content=\"http:\/\/www.kosmetologiamagiczna.pl\/wp-content\/uploads\/2020\/02\/masaz_menu3.png\" \/>\n\t<meta property=\"og:image:width\" content=\"740\" \/>\n\t<meta property=\"og:image:height\" content=\"700\" \/>\n\t<meta property=\"og:image:type\" content=\"image\/png\" \/>\n<meta name=\"twitter:card\" content=\"summary_large_image\" \/>\n<meta name=\"twitter:label1\" content=\"Szacowany czas czytania\" \/>\n\t<meta name=\"twitter:data1\" content=\"2 minuty\" \/>\n<script type=\"application\/ld+json\" class=\"yoast-schema-graph\">{\"@context\":\"https:\/\/schema.org\",\"@graph\":[{\"@type\":\"WebPage\",\"@id\":\"http:\/\/www.kosmetologiamagiczna.pl\/index.php\/portfolio\/lips-correction-2\/\",\"url\":\"http:\/\/www.kosmetologiamagiczna.pl\/index.php\/portfolio\/lips-correction-2\/\",\"name\":\"Masa\u017ce - Kosmetologia Estetyczna MAGICZNA\",\"isPartOf\":{\"@id\":\"http:\/\/www.kosmetologiamagiczna.pl\/#website\"},\"primaryImageOfPage\":{\"@id\":\"http:\/\/www.kosmetologiamagiczna.pl\/index.php\/portfolio\/lips-correction-2\/#primaryimage\"},\"image\":{\"@id\":\"http:\/\/www.kosmetologiamagiczna.pl\/index.php\/portfolio\/lips-correction-2\/#primaryimage\"},\"thumbnailUrl\":\"http:\/\/www.kosmetologiamagiczna.pl\/wp-content\/uploads\/2020\/02\/masaz_menu3.png\",\"datePublished\":\"2020-02-04T11:11:10+00:00\",\"dateModified\":\"2025-12-31T20:05:07+00:00\",\"description\":\"Masa\u017c twarzy, szyi, dekoltu i karku to po\u0142\u0105czenie technik manualnych, kt\u00f3re dzia\u0142aj\u0105 jednocze\u015bnie na mi\u0119\u015bnie, sk\u00f3r\u0119 oraz uk\u0142ad nerwowy. Precyzyjne, p\u0142ynne ruchy terapeuty skutecznie rozlu\u017aniaj\u0105 napi\u0119cia powsta\u0142e w wyniku stresu, pracy przy komputerze czy d\u0142ugotrwa\u0142ej pozycji siedz\u0105cej. Zabieg poprawia kr\u0105\u017cenie krwi i limfy, co wspiera dotlenienie tkanek, redukcj\u0119 obrz\u0119k\u00f3w oraz naturalne procesy regeneracyjne.\",\"breadcrumb\":{\"@id\":\"http:\/\/www.kosmetologiamagiczna.pl\/index.php\/portfolio\/lips-correction-2\/#breadcrumb\"},\"inLanguage\":\"pl-PL\",\"potentialAction\":[{\"@type\":\"ReadAction\",\"target\":[\"http:\/\/www.kosmetologiamagiczna.pl\/index.php\/portfolio\/lips-correction-2\/\"]}]},{\"@type\":\"ImageObject\",\"inLanguage\":\"pl-PL\",\"@id\":\"http:\/\/www.kosmetologiamagiczna.pl\/index.php\/portfolio\/lips-correction-2\/#primaryimage\",\"url\":\"http:\/\/www.kosmetologiamagiczna.pl\/wp-content\/uploads\/2020\/02\/masaz_menu3.png\",\"contentUrl\":\"http:\/\/www.kosmetologiamagiczna.pl\/wp-content\/uploads\/2020\/02\/masaz_menu3.png\",\"width\":740,\"height\":700},{\"@type\":\"BreadcrumbList\",\"@id\":\"http:\/\/www.kosmetologiamagiczna.pl\/index.php\/portfolio\/lips-correction-2\/#breadcrumb\",\"itemListElement\":[{\"@type\":\"ListItem\",\"position\":1,\"name\":\"Strona g\u0142\u00f3wna\",\"item\":\"http:\/\/www.kosmetologiamagiczna.pl\/\"},{\"@type\":\"ListItem\",\"position\":2,\"name\":\"Portfolios\",\"item\":\"http:\/\/www.kosmetologiamagiczna.pl\/index.php\/portfolio\/\"},{\"@type\":\"ListItem\",\"position\":3,\"name\":\"Masa\u017ce\"}]},{\"@type\":\"WebSite\",\"@id\":\"http:\/\/www.kosmetologiamagiczna.pl\/#website\",\"url\":\"http:\/\/www.kosmetologiamagiczna.pl\/\",\"name\":\"Kosmetologia Estetyczna MAGICZNA\",\"description\":\"Pi\u0119kno, kt\u00f3re podkre\u015bla Twoj\u0105 naturalno\u015b\u0107.\",\"publisher\":{\"@id\":\"http:\/\/www.kosmetologiamagiczna.pl\/#organization\"},\"potentialAction\":[{\"@type\":\"SearchAction\",\"target\":{\"@type\":\"EntryPoint\",\"urlTemplate\":\"http:\/\/www.kosmetologiamagiczna.pl\/?s={search_term_string}\"},\"query-input\":{\"@type\":\"PropertyValueSpecification\",\"valueRequired\":true,\"valueName\":\"search_term_string\"}}],\"inLanguage\":\"pl-PL\"},{\"@type\":\"Organization\",\"@id\":\"http:\/\/www.kosmetologiamagiczna.pl\/#organization\",\"name\":\"Kosmetologia Estetyczna MAGICZNA\",\"url\":\"http:\/\/www.kosmetologiamagiczna.pl\/\",\"logo\":{\"@type\":\"ImageObject\",\"inLanguage\":\"pl-PL\",\"@id\":\"http:\/\/www.kosmetologiamagiczna.pl\/#\/schema\/logo\/image\/\",\"url\":\"http:\/\/www.kosmetologiamagiczna.pl\/wp-content\/uploads\/2025\/11\/cropped-logoAnkaCorel18.png\",\"contentUrl\":\"http:\/\/www.kosmetologiamagiczna.pl\/wp-content\/uploads\/2025\/11\/cropped-logoAnkaCorel18.png\",\"width\":512,\"height\":512,\"caption\":\"Kosmetologia Estetyczna MAGICZNA\"},\"image\":{\"@id\":\"http:\/\/www.kosmetologiamagiczna.pl\/#\/schema\/logo\/image\/\"},\"sameAs\":[\"https:\/\/www.facebook.com\/KosmetologiaEstetycznaMAGICZNA\"]}]}<\/script>\n<!-- \/ Yoast SEO plugin. -->","yoast_head_json":{"title":"Masa\u017ce - Kosmetologia Estetyczna MAGICZNA","description":"Masa\u017c twarzy, szyi, dekoltu i karku to po\u0142\u0105czenie technik manualnych, kt\u00f3re dzia\u0142aj\u0105 jednocze\u015bnie na mi\u0119\u015bnie, sk\u00f3r\u0119 oraz uk\u0142ad nerwowy. Precyzyjne, p\u0142ynne ruchy terapeuty skutecznie rozlu\u017aniaj\u0105 napi\u0119cia powsta\u0142e w wyniku stresu, pracy przy komputerze czy d\u0142ugotrwa\u0142ej pozycji siedz\u0105cej. Zabieg poprawia kr\u0105\u017cenie krwi i limfy, co wspiera dotlenienie tkanek, redukcj\u0119 obrz\u0119k\u00f3w oraz naturalne procesy regeneracyjne.","robots":{"index":"index","follow":"follow","max-snippet":"max-snippet:-1","max-image-preview":"max-image-preview:large","max-video-preview":"max-video-preview:-1"},"canonical":"http:\/\/www.kosmetologiamagiczna.pl\/index.php\/portfolio\/lips-correction-2\/","og_locale":"pl_PL","og_type":"article","og_title":"Masa\u017ce - Kosmetologia Estetyczna MAGICZNA","og_description":"Masa\u017c twarzy, szyi, dekoltu i karku to po\u0142\u0105czenie technik manualnych, kt\u00f3re dzia\u0142aj\u0105 jednocze\u015bnie na mi\u0119\u015bnie, sk\u00f3r\u0119 oraz uk\u0142ad nerwowy. Precyzyjne, p\u0142ynne ruchy terapeuty skutecznie rozlu\u017aniaj\u0105 napi\u0119cia powsta\u0142e w wyniku stresu, pracy przy komputerze czy d\u0142ugotrwa\u0142ej pozycji siedz\u0105cej. Zabieg poprawia kr\u0105\u017cenie krwi i limfy, co wspiera dotlenienie tkanek, redukcj\u0119 obrz\u0119k\u00f3w oraz naturalne procesy regeneracyjne.","og_url":"http:\/\/www.kosmetologiamagiczna.pl\/index.php\/portfolio\/lips-correction-2\/","og_site_name":"Kosmetologia Estetyczna MAGICZNA","article_publisher":"https:\/\/www.facebook.com\/KosmetologiaEstetycznaMAGICZNA","article_modified_time":"2025-12-31T20:05:07+00:00","og_image":[{"width":740,"height":700,"url":"http:\/\/www.kosmetologiamagiczna.pl\/wp-content\/uploads\/2020\/02\/masaz_menu3.png","type":"image\/png"}],"twitter_card":"summary_large_image","twitter_misc":{"Szacowany czas czytania":"2 minuty"},"schema":{"@context":"https:\/\/schema.org","@graph":[{"@type":"WebPage","@id":"http:\/\/www.kosmetologiamagiczna.pl\/index.php\/portfolio\/lips-correction-2\/","url":"http:\/\/www.kosmetologiamagiczna.pl\/index.php\/portfolio\/lips-correction-2\/","name":"Masa\u017ce - Kosmetologia Estetyczna MAGICZNA","isPartOf":{"@id":"http:\/\/www.kosmetologiamagiczna.pl\/#website"},"primaryImageOfPage":{"@id":"http:\/\/www.kosmetologiamagiczna.pl\/index.php\/portfolio\/lips-correction-2\/#primaryimage"},"image":{"@id":"http:\/\/www.kosmetologiamagiczna.pl\/index.php\/portfolio\/lips-correction-2\/#primaryimage"},"thumbnailUrl":"http:\/\/www.kosmetologiamagiczna.pl\/wp-content\/uploads\/2020\/02\/masaz_menu3.png","datePublished":"2020-02-04T11:11:10+00:00","dateModified":"2025-12-31T20:05:07+00:00","description":"Masa\u017c twarzy, szyi, dekoltu i karku to po\u0142\u0105czenie technik manualnych, kt\u00f3re dzia\u0142aj\u0105 jednocze\u015bnie na mi\u0119\u015bnie, sk\u00f3r\u0119 oraz uk\u0142ad nerwowy. Precyzyjne, p\u0142ynne ruchy terapeuty skutecznie rozlu\u017aniaj\u0105 napi\u0119cia powsta\u0142e w wyniku stresu, pracy przy komputerze czy d\u0142ugotrwa\u0142ej pozycji siedz\u0105cej. Zabieg poprawia kr\u0105\u017cenie krwi i limfy, co wspiera dotlenienie tkanek, redukcj\u0119 obrz\u0119k\u00f3w oraz naturalne procesy regeneracyjne.","breadcrumb":{"@id":"http:\/\/www.kosmetologiamagiczna.pl\/index.php\/portfolio\/lips-correction-2\/#breadcrumb"},"inLanguage":"pl-PL","potentialAction":[{"@type":"ReadAction","target":["http:\/\/www.kosmetologiamagiczna.pl\/index.php\/portfolio\/lips-correction-2\/"]}]},{"@type":"ImageObject","inLanguage":"pl-PL","@id":"http:\/\/www.kosmetologiamagiczna.pl\/index.php\/portfolio\/lips-correction-2\/#primaryimage","url":"http:\/\/www.kosmetologiamagiczna.pl\/wp-content\/uploads\/2020\/02\/masaz_menu3.png","contentUrl":"http:\/\/www.kosmetologiamagiczna.pl\/wp-content\/uploads\/2020\/02\/masaz_menu3.png","width":740,"height":700},{"@type":"BreadcrumbList","@id":"http:\/\/www.kosmetologiamagiczna.pl\/index.php\/portfolio\/lips-correction-2\/#breadcrumb","itemListElement":[{"@type":"ListItem","position":1,"name":"Strona g\u0142\u00f3wna","item":"http:\/\/www.kosmetologiamagiczna.pl\/"},{"@type":"ListItem","position":2,"name":"Portfolios","item":"http:\/\/www.kosmetologiamagiczna.pl\/index.php\/portfolio\/"},{"@type":"ListItem","position":3,"name":"Masa\u017ce"}]},{"@type":"WebSite","@id":"http:\/\/www.kosmetologiamagiczna.pl\/#website","url":"http:\/\/www.kosmetologiamagiczna.pl\/","name":"Kosmetologia Estetyczna MAGICZNA","description":"Pi\u0119kno, kt\u00f3re podkre\u015bla Twoj\u0105 naturalno\u015b\u0107.","publisher":{"@id":"http:\/\/www.kosmetologiamagiczna.pl\/#organization"},"potentialAction":[{"@type":"SearchAction","target":{"@type":"EntryPoint","urlTemplate":"http:\/\/www.kosmetologiamagiczna.pl\/?s={search_term_string}"},"query-input":{"@type":"PropertyValueSpecification","valueRequired":true,"valueName":"search_term_string"}}],"inLanguage":"pl-PL"},{"@type":"Organization","@id":"http:\/\/www.kosmetologiamagiczna.pl\/#organization","name":"Kosmetologia Estetyczna MAGICZNA","url":"http:\/\/www.kosmetologiamagiczna.pl\/","logo":{"@type":"ImageObject","inLanguage":"pl-PL","@id":"http:\/\/www.kosmetologiamagiczna.pl\/#\/schema\/logo\/image\/","url":"http:\/\/www.kosmetologiamagiczna.pl\/wp-content\/uploads\/2025\/11\/cropped-logoAnkaCorel18.png","contentUrl":"http:\/\/www.kosmetologiamagiczna.pl\/wp-content\/uploads\/2025\/11\/cropped-logoAnkaCorel18.png","width":512,"height":512,"caption":"Kosmetologia Estetyczna MAGICZNA"},"image":{"@id":"http:\/\/www.kosmetologiamagiczna.pl\/#\/schema\/logo\/image\/"},"sameAs":["https:\/\/www.facebook.com\/KosmetologiaEstetycznaMAGICZNA"]}]}},"_links":{"self":[{"href":"http:\/\/www.kosmetologiamagiczna.pl\/index.php\/wp-json\/wp\/v2\/portfolio\/1152","targetHints":{"allow":["GET"]}}],"collection":[{"href":"http:\/\/www.kosmetologiamagiczna.pl\/index.php\/wp-json\/wp\/v2\/portfolio"}],"about":[{"href":"http:\/\/www.kosmetologiamagiczna.pl\/index.php\/wp-json\/wp\/v2\/types\/portfolio"}],"author":[{"embeddable":true,"href":"http:\/\/www.kosmetologiamagiczna.pl\/index.php\/wp-json\/wp\/v2\/users\/1"}],"replies":[{"embeddable":true,"href":"http:\/\/www.kosmetologiamagiczna.pl\/index.php\/wp-json\/wp\/v2\/comments?post=1152"}],"version-history":[{"count":10,"href":"http:\/\/www.kosmetologiamagiczna.pl\/index.php\/wp-json\/wp\/v2\/portfolio\/1152\/revisions"}],"predecessor-version":[{"id":4519,"href":"http:\/\/www.kosmetologiamagiczna.pl\/index.php\/wp-json\/wp\/v2\/portfolio\/1152\/revisions\/4519"}],"wp:featuredmedia":[{"embeddable":true,"href":"http:\/\/www.kosmetologiamagiczna.pl\/index.php\/wp-json\/wp\/v2\/media\/4385"}],"wp:attachment":[{"href":"http:\/\/www.kosmetologiamagiczna.pl\/index.php\/wp-json\/wp\/v2\/media?parent=1152"}],"wp:term":[{"taxonomy":"portfolio_category","embeddable":true,"href":"http:\/\/www.kosmetologiamagiczna.pl\/index.php\/wp-json\/wp\/v2\/portfolio_category?post=1152"},{"taxonomy":"portfolio_tag","embeddable":true,"href":"http:\/\/www.kosmetologiamagiczna.pl\/index.php\/wp-json\/wp\/v2\/portfolio_tag?post=1152"}],"curies":[{"name":"wp","href":"https:\/\/api.w.org\/{rel}","templated":true}]}}