{"id":1444,"date":"2020-08-05T12:51:31","date_gmt":"2020-08-05T12:51:31","guid":{"rendered":"https:\/\/livewp.site\/wp\/md\/qulo\/?post_type=portfolio&#038;p=1444"},"modified":"2025-12-31T19:54:03","modified_gmt":"2025-12-31T19:54:03","slug":"zabiegi-laserowe","status":"publish","type":"portfolio","link":"http:\/\/www.kosmetologiamagiczna.pl\/index.php\/portfolio\/zabiegi-laserowe\/","title":{"rendered":"Zabiegi laserowe"},"content":{"rendered":"\t\t<div data-elementor-type=\"wp-post\" data-elementor-id=\"1444\" class=\"elementor elementor-1444\">\n\t\t\t\t\t\t<section class=\"elementor-section elementor-top-section elementor-element elementor-element-3399a44f elementor-section-stretched elementor-section-boxed elementor-section-height-default elementor-section-height-default\" data-id=\"3399a44f\" data-element_type=\"section\" data-e-type=\"section\" data-settings=\"{&quot;stretch_section&quot;:&quot;section-stretched&quot;}\">\n\t\t\t\t\t\t<div class=\"elementor-container elementor-column-gap-extended\">\n\t\t\t\t\t<div class=\"elementor-column elementor-col-50 elementor-top-column elementor-element elementor-element-68cd0e88\" data-id=\"68cd0e88\" data-element_type=\"column\" data-e-type=\"column\">\n\t\t\t<div class=\"elementor-widget-wrap elementor-element-populated\">\n\t\t\t\t\t\t<div class=\"elementor-element elementor-element-3aa3da40 elementor-widget elementor-widget-heading\" data-id=\"3aa3da40\" data-element_type=\"widget\" data-e-type=\"widget\" data-widget_type=\"heading.default\">\n\t\t\t\t\t<h3 class=\"elementor-heading-title elementor-size-default\">Posiadamy najnowszy laser diodowy  LightSheer  Duet ameryka\u0144skiej firmy Lumenis.<\/h3>\t\t\t\t<\/div>\n\t\t\t\t<div class=\"elementor-element elementor-element-134b010 elementor-widget__width-initial elementor-widget elementor-widget-image\" data-id=\"134b010\" data-element_type=\"widget\" data-e-type=\"widget\" data-widget_type=\"image.default\">\n\t\t\t\t\t\t\t\t\t\t\t\t\t\t\t<img loading=\"lazy\" decoding=\"async\" width=\"189\" height=\"300\" src=\"http:\/\/www.kosmetologiamagiczna.pl\/wp-content\/uploads\/2020\/08\/lightsheerduet_menu3-189x300.webp\" class=\"attachment-medium size-medium wp-image-5161\" alt=\"\" srcset=\"http:\/\/www.kosmetologiamagiczna.pl\/wp-content\/uploads\/2020\/08\/lightsheerduet_menu3-189x300.webp 189w, http:\/\/www.kosmetologiamagiczna.pl\/wp-content\/uploads\/2020\/08\/lightsheerduet_menu3.webp 284w\" sizes=\"auto, (max-width: 189px) 100vw, 189px\" title=\"lightsheerduet_menu3\" \/>\t\t\t\t\t\t\t\t\t\t\t\t\t\t\t<\/div>\n\t\t\t\t\t<\/div>\n\t\t<\/div>\n\t\t\t\t<div class=\"elementor-column elementor-col-50 elementor-top-column elementor-element elementor-element-529da725\" data-id=\"529da725\" data-element_type=\"column\" data-e-type=\"column\">\n\t\t\t<div class=\"elementor-widget-wrap elementor-element-populated\">\n\t\t\t\t\t\t<div class=\"elementor-element elementor-element-a979f29 elementor-widget elementor-widget-spacer\" data-id=\"a979f29\" data-element_type=\"widget\" data-e-type=\"widget\" data-widget_type=\"spacer.default\">\n\t\t\t\t\t\t\t<div class=\"elementor-spacer\">\n\t\t\t<div class=\"elementor-spacer-inner\"><\/div>\n\t\t<\/div>\n\t\t\t\t\t\t<\/div>\n\t\t\t\t<div class=\"elementor-element-custom_font_size elementor-element-custom_line_height elementor-element-custom_color elementor-element elementor-element-155617a8 elementor-widget elementor-widget-text-editor\" data-id=\"155617a8\" data-element_type=\"widget\" data-e-type=\"widget\" data-widget_type=\"text-editor.default\">\n\t\t\t\t\t\t\t\t\t<p>Odkryj moc nowoczesnych technologii laserowych i zadbaj o swoj\u0105 sk\u00f3r\u0119 tak, jak na to zas\u0142uguje. W naszym salonie \u0142\u0105czymy precyzj\u0119, bezpiecze\u0144stwo i spektakularne efekty \u2013 od odm\u0142adzania, przez redukcj\u0119 przebarwie\u0144, po trwa\u0142e usuwanie ow\u0142osienia. Zaufaj specjalistom i ciesz si\u0119 g\u0142adk\u0105, promienn\u0105 sk\u00f3r\u0105 ju\u017c od pierwszych wizyt. Twoje pi\u0119kno w najlepszych r\u0119kach.<\/p>\t\t\t\t\t\t\t\t<\/div>\n\t\t\t\t\t<\/div>\n\t\t<\/div>\n\t\t\t\t\t<\/div>\n\t\t<\/section>\n\t\t\t\t<section class=\"elementor-section elementor-top-section elementor-element elementor-element-4d750e30 elementor-section-stretched elementor-section-boxed elementor-section-height-default elementor-section-height-default\" data-id=\"4d750e30\" data-element_type=\"section\" data-e-type=\"section\" data-settings=\"{&quot;stretch_section&quot;:&quot;section-stretched&quot;,&quot;background_background&quot;:&quot;classic&quot;}\">\n\t\t\t\t\t\t<div class=\"elementor-container elementor-column-gap-extended\">\n\t\t\t\t\t<div class=\"elementor-column elementor-col-33 elementor-top-column elementor-element elementor-element-5aba6caa\" data-id=\"5aba6caa\" data-element_type=\"column\" data-e-type=\"column\">\n\t\t\t<div class=\"elementor-widget-wrap elementor-element-populated\">\n\t\t\t\t\t\t<div class=\"elementor-element elementor-element-6fa92c5d elementor-position-top elementor-widget elementor-widget-image-box\" data-id=\"6fa92c5d\" data-element_type=\"widget\" data-e-type=\"widget\" data-widget_type=\"image-box.default\">\n\t\t\t\t\t<div class=\"elementor-image-box-wrapper\"><figure class=\"elementor-image-box-img\"><img loading=\"lazy\" decoding=\"async\" width=\"2560\" height=\"1707\" src=\"http:\/\/www.kosmetologiamagiczna.pl\/wp-content\/uploads\/2025\/11\/depilacja-laserowa_cen-scaled.jpg\" class=\"attachment-full size-full wp-image-3748\" alt=\"\" title=\"depilacja-laserowa_cen\" srcset=\"http:\/\/www.kosmetologiamagiczna.pl\/wp-content\/uploads\/2025\/11\/depilacja-laserowa_cen-scaled.jpg 2560w, http:\/\/www.kosmetologiamagiczna.pl\/wp-content\/uploads\/2025\/11\/depilacja-laserowa_cen-300x200.jpg 300w, http:\/\/www.kosmetologiamagiczna.pl\/wp-content\/uploads\/2025\/11\/depilacja-laserowa_cen-1024x683.jpg 1024w, http:\/\/www.kosmetologiamagiczna.pl\/wp-content\/uploads\/2025\/11\/depilacja-laserowa_cen-768x512.jpg 768w, http:\/\/www.kosmetologiamagiczna.pl\/wp-content\/uploads\/2025\/11\/depilacja-laserowa_cen-1536x1024.jpg 1536w, http:\/\/www.kosmetologiamagiczna.pl\/wp-content\/uploads\/2025\/11\/depilacja-laserowa_cen-480x320.jpg 480w\" sizes=\"auto, (max-width: 2560px) 100vw, 2560px\" \/><\/figure><div class=\"elementor-image-box-content\"><h3 class=\"elementor-image-box-title\">Trwa\u0142e usuwanie ow\u0142osienia<\/h3><p class=\"elementor-image-box-description\">Pozb\u0105d\u017a si\u0119 zb\u0119dnego ow\u0142osienia raz na zawsze i odkryj komfort codziennej g\u0142adko\u015bci! Nasze zabiegi trwa\u0142ej depilacji laserowej \u0142\u0105cz\u0105 skuteczno\u015b\u0107 najnowszych technologii z pe\u0142nym bezpiecze\u0144stwem i wygod\u0105. Zapomnij o podra\u017cnieniach, goleniu i depilacji woskiem \u2014 wybierz rozwi\u0105zanie, kt\u00f3re daje d\u0142ugotrwa\u0142e efekty i pewno\u015b\u0107 siebie ka\u017cdego dnia. G\u0142adka sk\u00f3ra? Teraz to proste.<\/p><\/div><\/div>\t\t\t\t<\/div>\n\t\t\t\t\t<\/div>\n\t\t<\/div>\n\t\t\t\t<div class=\"elementor-column elementor-col-33 elementor-top-column elementor-element elementor-element-1874b26b\" data-id=\"1874b26b\" data-element_type=\"column\" data-e-type=\"column\">\n\t\t\t<div class=\"elementor-widget-wrap elementor-element-populated\">\n\t\t\t\t\t\t<div class=\"elementor-element elementor-element-39ab1739 elementor-position-top elementor-widget elementor-widget-image-box\" data-id=\"39ab1739\" data-element_type=\"widget\" data-e-type=\"widget\" data-widget_type=\"image-box.default\">\n\t\t\t\t\t<div class=\"elementor-image-box-wrapper\"><figure class=\"elementor-image-box-img\"><img loading=\"lazy\" decoding=\"async\" width=\"450\" height=\"296\" src=\"http:\/\/www.kosmetologiamagiczna.pl\/wp-content\/uploads\/2020\/08\/przebarwienia_ikona.webp\" class=\"attachment-full size-full wp-image-5111\" alt=\"\" title=\"przebarwienia_ikona\" srcset=\"http:\/\/www.kosmetologiamagiczna.pl\/wp-content\/uploads\/2020\/08\/przebarwienia_ikona.webp 450w, http:\/\/www.kosmetologiamagiczna.pl\/wp-content\/uploads\/2020\/08\/przebarwienia_ikona-300x197.webp 300w\" sizes=\"auto, (max-width: 450px) 100vw, 450px\" \/><\/figure><div class=\"elementor-image-box-content\"><h3 class=\"elementor-image-box-title\">Redukcja przebarwie\u0144<\/h3><p class=\"elementor-image-box-description\">Roz\u015bwietl swoj\u0105 sk\u00f3r\u0119 i po\u017cegnaj uporczywe przebarwienia! Dzi\u0119ki nowoczesnym zabiegom laserowym przywracamy cerze jednolity koloryt, \u015bwie\u017co\u015b\u0107 i naturalny blask. Bezpiecznie, skutecznie i z widocznymi efektami ju\u017c po kilku sesjach. Odkryj pi\u0119kno r\u00f3wnomiernej, promiennej sk\u00f3ry.<\/p><\/div><\/div>\t\t\t\t<\/div>\n\t\t\t\t\t<\/div>\n\t\t<\/div>\n\t\t\t\t<div class=\"elementor-column elementor-col-33 elementor-top-column elementor-element elementor-element-4f4669e1\" data-id=\"4f4669e1\" data-element_type=\"column\" data-e-type=\"column\">\n\t\t\t<div class=\"elementor-widget-wrap elementor-element-populated\">\n\t\t\t\t\t\t<div class=\"elementor-element elementor-element-3fe415d elementor-position-top elementor-widget elementor-widget-image-box\" data-id=\"3fe415d\" data-element_type=\"widget\" data-e-type=\"widget\" data-widget_type=\"image-box.default\">\n\t\t\t\t\t<div class=\"elementor-image-box-wrapper\"><figure class=\"elementor-image-box-img\"><img loading=\"lazy\" decoding=\"async\" width=\"450\" height=\"313\" src=\"http:\/\/www.kosmetologiamagiczna.pl\/wp-content\/uploads\/2020\/08\/naczynka_ikona.webp\" class=\"attachment-full size-full wp-image-5115\" alt=\"\" title=\"naczynka_ikona\" srcset=\"http:\/\/www.kosmetologiamagiczna.pl\/wp-content\/uploads\/2020\/08\/naczynka_ikona.webp 450w, http:\/\/www.kosmetologiamagiczna.pl\/wp-content\/uploads\/2020\/08\/naczynka_ikona-300x209.webp 300w\" sizes=\"auto, (max-width: 450px) 100vw, 450px\" \/><\/figure><div class=\"elementor-image-box-content\"><h3 class=\"elementor-image-box-title\">Zamykanie naczynek<\/h3><p class=\"elementor-image-box-description\">Po\u017cegnaj rumie\u0144 i widoczne naczynka raz na zawsze! Nasze precyzyjne zabiegi laserowego zamykania naczynek skutecznie redukuj\u0105 zaczerwienienia, przywracaj\u0105c cerze jednolity, zdrowy wygl\u0105d. Delikatnie, bezpiecznie i z efektem, kt\u00f3ry naprawd\u0119 wida\u0107. Odkryj pewno\u015b\u0107 siebie w g\u0142adkiej sk\u00f3rze.<\/p><\/div><\/div>\t\t\t\t<\/div>\n\t\t\t\t\t<\/div>\n\t\t<\/div>\n\t\t\t\t\t<\/div>\n\t\t<\/section>\n\t\t\t\t<section class=\"elementor-section elementor-top-section elementor-element elementor-element-59583366 elementor-section-stretched elementor-section-boxed elementor-section-height-default elementor-section-height-default\" data-id=\"59583366\" data-element_type=\"section\" data-e-type=\"section\" data-settings=\"{&quot;stretch_section&quot;:&quot;section-stretched&quot;}\">\n\t\t\t\t\t\t\t<div class=\"elementor-background-overlay\"><\/div>\n\t\t\t\t\t\t\t<div class=\"elementor-container elementor-column-gap-extended\">\n\t\t\t\t\t<div class=\"elementor-column elementor-col-50 elementor-top-column elementor-element elementor-element-668f4701\" data-id=\"668f4701\" data-element_type=\"column\" data-e-type=\"column\">\n\t\t\t<div class=\"elementor-widget-wrap elementor-element-populated\">\n\t\t\t\t\t\t<div class=\"elementor-element elementor-element-57278ef8 elementor-position-top elementor-widget elementor-widget-image-box\" data-id=\"57278ef8\" data-element_type=\"widget\" data-e-type=\"widget\" data-widget_type=\"image-box.default\">\n\t\t\t\t\t<div class=\"elementor-image-box-wrapper\"><figure class=\"elementor-image-box-img\"><img loading=\"lazy\" decoding=\"async\" width=\"391\" height=\"318\" src=\"http:\/\/www.kosmetologiamagiczna.pl\/wp-content\/uploads\/2020\/08\/fotoodml2.png\" class=\"attachment-full size-full wp-image-4308\" alt=\"\" title=\"fotoodml2\" srcset=\"http:\/\/www.kosmetologiamagiczna.pl\/wp-content\/uploads\/2020\/08\/fotoodml2.png 391w, http:\/\/www.kosmetologiamagiczna.pl\/wp-content\/uploads\/2020\/08\/fotoodml2-300x244.png 300w\" sizes=\"auto, (max-width: 391px) 100vw, 391px\" \/><\/figure><div class=\"elementor-image-box-content\"><h3 class=\"elementor-image-box-title\">Fotoodm\u0142adzanie<\/h3><p class=\"elementor-image-box-description\">Przywr\u00f3\u0107 swojej sk\u00f3rze m\u0142odzie\u0144czy blask dzi\u0119ki nowoczesnemu fotoodm\u0142adzaniu! Zabieg delikatnie stymuluje regeneracj\u0119, wyg\u0142adza drobne zmarszczki, redukuje przebarwienia i poprawia elastyczno\u015b\u0107 cery. To szybki, nieinwazyjny spos\u00f3b na promienny, od\u015bwie\u017cony wygl\u0105d \u2014 bez d\u0142ugiej rekonwalescencji. Odkryj pi\u0119kno, kt\u00f3re l\u015bni na nowo.<\/p><\/div><\/div>\t\t\t\t<\/div>\n\t\t\t\t\t<\/div>\n\t\t<\/div>\n\t\t\t\t<div class=\"elementor-column elementor-col-50 elementor-top-column elementor-element elementor-element-44452613\" data-id=\"44452613\" data-element_type=\"column\" data-e-type=\"column\">\n\t\t\t<div class=\"elementor-widget-wrap elementor-element-populated\">\n\t\t\t\t\t\t<div class=\"elementor-element elementor-element-21334a1a elementor-position-top elementor-widget elementor-widget-image-box\" data-id=\"21334a1a\" data-element_type=\"widget\" data-e-type=\"widget\" data-widget_type=\"image-box.default\">\n\t\t\t\t\t<div class=\"elementor-image-box-wrapper\"><figure class=\"elementor-image-box-img\"><img loading=\"lazy\" decoding=\"async\" width=\"450\" height=\"253\" src=\"http:\/\/www.kosmetologiamagiczna.pl\/wp-content\/uploads\/2020\/08\/redukcja-tr-dziku_ikona.webp\" class=\"attachment-full size-full wp-image-5117\" alt=\"\" title=\"redukcja-tr-dziku_ikona\" srcset=\"http:\/\/www.kosmetologiamagiczna.pl\/wp-content\/uploads\/2020\/08\/redukcja-tr-dziku_ikona.webp 450w, http:\/\/www.kosmetologiamagiczna.pl\/wp-content\/uploads\/2020\/08\/redukcja-tr-dziku_ikona-300x169.webp 300w\" sizes=\"auto, (max-width: 450px) 100vw, 450px\" \/><\/figure><div class=\"elementor-image-box-content\"><h3 class=\"elementor-image-box-title\"><br>Redukcja tr\u0105dziku<\/h3><p class=\"elementor-image-box-description\">Pozb\u0105d\u017a si\u0119 tr\u0105dziku skutecznie i bez kompromis\u00f3w! Laserowa redukcja zmian tr\u0105dzikowych dzia\u0142a precyzyjnie, ogranicza stany zapalne, zmniejsza widoczno\u015b\u0107 wyprysk\u00f3w i hamuje rozw\u00f3j bakterii. To nowoczesna, bezpieczna metoda, kt\u00f3ra wyra\u017anie poprawia wygl\u0105d i kondycj\u0119 sk\u00f3ry. Odzyskaj pewno\u015b\u0107 siebie dzi\u0119ki cerze, kt\u00f3ra wygl\u0105da zdrowo i \u015bwie\u017co.<\/p><\/div><\/div>\t\t\t\t<\/div>\n\t\t\t\t\t<\/div>\n\t\t<\/div>\n\t\t\t\t\t<\/div>\n\t\t<\/section>\n\t\t\t\t<\/div>\n\t\t","protected":false},"excerpt":{"rendered":"<p>Posiadamy najnowszy laser diodowy LightSheer Duet ameryka\u0144skiej firmy Lumenis. Odkryj moc nowoczesnych technologii laserowych i zadbaj o swoj\u0105 sk\u00f3r\u0119 tak, jak na to zas\u0142uguje. W naszym salonie \u0142\u0105czymy precyzj\u0119, bezpiecze\u0144stwo i spektakularne efekty \u2013 od odm\u0142adzania, przez redukcj\u0119 przebarwie\u0144, po trwa\u0142e usuwanie ow\u0142osienia. Zaufaj specjalistom i ciesz si\u0119 g\u0142adk\u0105, promienn\u0105 sk\u00f3r\u0105 ju\u017c od pierwszych wizyt. [&hellip;]<\/p>\n","protected":false},"author":1,"featured_media":4320,"menu_order":0,"comment_status":"closed","ping_status":"closed","template":"","portfolio_category":[38],"portfolio_tag":[],"class_list":["post-1444","portfolio","type-portfolio","status-publish","has-post-thumbnail","hentry","portfolio_category-menu"],"yoast_head":"<!-- This site is optimized with the Yoast SEO plugin v27.1.1 - https:\/\/yoast.com\/product\/yoast-seo-wordpress\/ -->\n<title>Zabiegi laserowe - Kosmetologia Estetyczna MAGICZNA<\/title>\n<meta name=\"description\" content=\"Odkryj moc nowoczesnych technologii laserowych i zadbaj o swoj\u0105 sk\u00f3r\u0119 tak, jak na to zas\u0142uguje. W naszym salonie \u0142\u0105czymy precyzj\u0119, bezpiecze\u0144stwo i spektakularne efekty \u2013 od odm\u0142adzania, przez redukcj\u0119 przebarwie\u0144, po trwa\u0142e usuwanie ow\u0142osienia. Zaufaj specjalistom i ciesz si\u0119 g\u0142adk\u0105, promienn\u0105 sk\u00f3r\u0105 ju\u017c od pierwszych wizyt. Twoje pi\u0119kno w najlepszych r\u0119kach.\" \/>\n<meta name=\"robots\" content=\"index, follow, max-snippet:-1, max-image-preview:large, max-video-preview:-1\" \/>\n<link rel=\"canonical\" href=\"http:\/\/www.kosmetologiamagiczna.pl\/index.php\/portfolio\/zabiegi-laserowe\/\" \/>\n<meta property=\"og:locale\" content=\"pl_PL\" \/>\n<meta property=\"og:type\" content=\"article\" \/>\n<meta property=\"og:title\" content=\"Zabiegi laserowe - Kosmetologia Estetyczna MAGICZNA\" \/>\n<meta property=\"og:description\" content=\"Odkryj moc nowoczesnych technologii laserowych i zadbaj o swoj\u0105 sk\u00f3r\u0119 tak, jak na to zas\u0142uguje. W naszym salonie \u0142\u0105czymy precyzj\u0119, bezpiecze\u0144stwo i spektakularne efekty \u2013 od odm\u0142adzania, przez redukcj\u0119 przebarwie\u0144, po trwa\u0142e usuwanie ow\u0142osienia. Zaufaj specjalistom i ciesz si\u0119 g\u0142adk\u0105, promienn\u0105 sk\u00f3r\u0105 ju\u017c od pierwszych wizyt. Twoje pi\u0119kno w najlepszych r\u0119kach.\" \/>\n<meta property=\"og:url\" content=\"http:\/\/www.kosmetologiamagiczna.pl\/index.php\/portfolio\/zabiegi-laserowe\/\" \/>\n<meta property=\"og:site_name\" content=\"Kosmetologia Estetyczna MAGICZNA\" \/>\n<meta property=\"article:publisher\" content=\"https:\/\/www.facebook.com\/KosmetologiaEstetycznaMAGICZNA\" \/>\n<meta property=\"article:modified_time\" content=\"2025-12-31T19:54:03+00:00\" \/>\n<meta property=\"og:image\" content=\"http:\/\/www.kosmetologiamagiczna.pl\/wp-content\/uploads\/2020\/08\/lightsheerduet_menu2.png\" \/>\n\t<meta property=\"og:image:width\" content=\"740\" \/>\n\t<meta property=\"og:image:height\" content=\"700\" \/>\n\t<meta property=\"og:image:type\" content=\"image\/png\" \/>\n<meta name=\"twitter:card\" content=\"summary_large_image\" \/>\n<meta name=\"twitter:label1\" content=\"Szacowany czas czytania\" \/>\n\t<meta name=\"twitter:data1\" content=\"3 minuty\" \/>\n<script type=\"application\/ld+json\" class=\"yoast-schema-graph\">{\"@context\":\"https:\/\/schema.org\",\"@graph\":[{\"@type\":\"WebPage\",\"@id\":\"http:\/\/www.kosmetologiamagiczna.pl\/index.php\/portfolio\/zabiegi-laserowe\/\",\"url\":\"http:\/\/www.kosmetologiamagiczna.pl\/index.php\/portfolio\/zabiegi-laserowe\/\",\"name\":\"Zabiegi laserowe - Kosmetologia Estetyczna MAGICZNA\",\"isPartOf\":{\"@id\":\"http:\/\/www.kosmetologiamagiczna.pl\/#website\"},\"primaryImageOfPage\":{\"@id\":\"http:\/\/www.kosmetologiamagiczna.pl\/index.php\/portfolio\/zabiegi-laserowe\/#primaryimage\"},\"image\":{\"@id\":\"http:\/\/www.kosmetologiamagiczna.pl\/index.php\/portfolio\/zabiegi-laserowe\/#primaryimage\"},\"thumbnailUrl\":\"http:\/\/www.kosmetologiamagiczna.pl\/wp-content\/uploads\/2020\/08\/lightsheerduet_menu2.png\",\"datePublished\":\"2020-08-05T12:51:31+00:00\",\"dateModified\":\"2025-12-31T19:54:03+00:00\",\"description\":\"Odkryj moc nowoczesnych technologii laserowych i zadbaj o swoj\u0105 sk\u00f3r\u0119 tak, jak na to zas\u0142uguje. W naszym salonie \u0142\u0105czymy precyzj\u0119, bezpiecze\u0144stwo i spektakularne efekty \u2013 od odm\u0142adzania, przez redukcj\u0119 przebarwie\u0144, po trwa\u0142e usuwanie ow\u0142osienia. Zaufaj specjalistom i ciesz si\u0119 g\u0142adk\u0105, promienn\u0105 sk\u00f3r\u0105 ju\u017c od pierwszych wizyt. Twoje pi\u0119kno w najlepszych r\u0119kach.\",\"breadcrumb\":{\"@id\":\"http:\/\/www.kosmetologiamagiczna.pl\/index.php\/portfolio\/zabiegi-laserowe\/#breadcrumb\"},\"inLanguage\":\"pl-PL\",\"potentialAction\":[{\"@type\":\"ReadAction\",\"target\":[\"http:\/\/www.kosmetologiamagiczna.pl\/index.php\/portfolio\/zabiegi-laserowe\/\"]}]},{\"@type\":\"ImageObject\",\"inLanguage\":\"pl-PL\",\"@id\":\"http:\/\/www.kosmetologiamagiczna.pl\/index.php\/portfolio\/zabiegi-laserowe\/#primaryimage\",\"url\":\"http:\/\/www.kosmetologiamagiczna.pl\/wp-content\/uploads\/2020\/08\/lightsheerduet_menu2.png\",\"contentUrl\":\"http:\/\/www.kosmetologiamagiczna.pl\/wp-content\/uploads\/2020\/08\/lightsheerduet_menu2.png\",\"width\":740,\"height\":700},{\"@type\":\"BreadcrumbList\",\"@id\":\"http:\/\/www.kosmetologiamagiczna.pl\/index.php\/portfolio\/zabiegi-laserowe\/#breadcrumb\",\"itemListElement\":[{\"@type\":\"ListItem\",\"position\":1,\"name\":\"Strona g\u0142\u00f3wna\",\"item\":\"http:\/\/www.kosmetologiamagiczna.pl\/\"},{\"@type\":\"ListItem\",\"position\":2,\"name\":\"Portfolios\",\"item\":\"http:\/\/www.kosmetologiamagiczna.pl\/index.php\/portfolio\/\"},{\"@type\":\"ListItem\",\"position\":3,\"name\":\"Zabiegi laserowe\"}]},{\"@type\":\"WebSite\",\"@id\":\"http:\/\/www.kosmetologiamagiczna.pl\/#website\",\"url\":\"http:\/\/www.kosmetologiamagiczna.pl\/\",\"name\":\"Kosmetologia Estetyczna MAGICZNA\",\"description\":\"Pi\u0119kno, kt\u00f3re podkre\u015bla Twoj\u0105 naturalno\u015b\u0107.\",\"publisher\":{\"@id\":\"http:\/\/www.kosmetologiamagiczna.pl\/#organization\"},\"potentialAction\":[{\"@type\":\"SearchAction\",\"target\":{\"@type\":\"EntryPoint\",\"urlTemplate\":\"http:\/\/www.kosmetologiamagiczna.pl\/?s={search_term_string}\"},\"query-input\":{\"@type\":\"PropertyValueSpecification\",\"valueRequired\":true,\"valueName\":\"search_term_string\"}}],\"inLanguage\":\"pl-PL\"},{\"@type\":\"Organization\",\"@id\":\"http:\/\/www.kosmetologiamagiczna.pl\/#organization\",\"name\":\"Kosmetologia Estetyczna MAGICZNA\",\"url\":\"http:\/\/www.kosmetologiamagiczna.pl\/\",\"logo\":{\"@type\":\"ImageObject\",\"inLanguage\":\"pl-PL\",\"@id\":\"http:\/\/www.kosmetologiamagiczna.pl\/#\/schema\/logo\/image\/\",\"url\":\"http:\/\/www.kosmetologiamagiczna.pl\/wp-content\/uploads\/2025\/11\/cropped-logoAnkaCorel18.png\",\"contentUrl\":\"http:\/\/www.kosmetologiamagiczna.pl\/wp-content\/uploads\/2025\/11\/cropped-logoAnkaCorel18.png\",\"width\":512,\"height\":512,\"caption\":\"Kosmetologia Estetyczna MAGICZNA\"},\"image\":{\"@id\":\"http:\/\/www.kosmetologiamagiczna.pl\/#\/schema\/logo\/image\/\"},\"sameAs\":[\"https:\/\/www.facebook.com\/KosmetologiaEstetycznaMAGICZNA\"]}]}<\/script>\n<!-- \/ Yoast SEO plugin. -->","yoast_head_json":{"title":"Zabiegi laserowe - Kosmetologia Estetyczna MAGICZNA","description":"Odkryj moc nowoczesnych technologii laserowych i zadbaj o swoj\u0105 sk\u00f3r\u0119 tak, jak na to zas\u0142uguje. W naszym salonie \u0142\u0105czymy precyzj\u0119, bezpiecze\u0144stwo i spektakularne efekty \u2013 od odm\u0142adzania, przez redukcj\u0119 przebarwie\u0144, po trwa\u0142e usuwanie ow\u0142osienia. Zaufaj specjalistom i ciesz si\u0119 g\u0142adk\u0105, promienn\u0105 sk\u00f3r\u0105 ju\u017c od pierwszych wizyt. Twoje pi\u0119kno w najlepszych r\u0119kach.","robots":{"index":"index","follow":"follow","max-snippet":"max-snippet:-1","max-image-preview":"max-image-preview:large","max-video-preview":"max-video-preview:-1"},"canonical":"http:\/\/www.kosmetologiamagiczna.pl\/index.php\/portfolio\/zabiegi-laserowe\/","og_locale":"pl_PL","og_type":"article","og_title":"Zabiegi laserowe - Kosmetologia Estetyczna MAGICZNA","og_description":"Odkryj moc nowoczesnych technologii laserowych i zadbaj o swoj\u0105 sk\u00f3r\u0119 tak, jak na to zas\u0142uguje. W naszym salonie \u0142\u0105czymy precyzj\u0119, bezpiecze\u0144stwo i spektakularne efekty \u2013 od odm\u0142adzania, przez redukcj\u0119 przebarwie\u0144, po trwa\u0142e usuwanie ow\u0142osienia. Zaufaj specjalistom i ciesz si\u0119 g\u0142adk\u0105, promienn\u0105 sk\u00f3r\u0105 ju\u017c od pierwszych wizyt. Twoje pi\u0119kno w najlepszych r\u0119kach.","og_url":"http:\/\/www.kosmetologiamagiczna.pl\/index.php\/portfolio\/zabiegi-laserowe\/","og_site_name":"Kosmetologia Estetyczna MAGICZNA","article_publisher":"https:\/\/www.facebook.com\/KosmetologiaEstetycznaMAGICZNA","article_modified_time":"2025-12-31T19:54:03+00:00","og_image":[{"width":740,"height":700,"url":"http:\/\/www.kosmetologiamagiczna.pl\/wp-content\/uploads\/2020\/08\/lightsheerduet_menu2.png","type":"image\/png"}],"twitter_card":"summary_large_image","twitter_misc":{"Szacowany czas czytania":"3 minuty"},"schema":{"@context":"https:\/\/schema.org","@graph":[{"@type":"WebPage","@id":"http:\/\/www.kosmetologiamagiczna.pl\/index.php\/portfolio\/zabiegi-laserowe\/","url":"http:\/\/www.kosmetologiamagiczna.pl\/index.php\/portfolio\/zabiegi-laserowe\/","name":"Zabiegi laserowe - Kosmetologia Estetyczna MAGICZNA","isPartOf":{"@id":"http:\/\/www.kosmetologiamagiczna.pl\/#website"},"primaryImageOfPage":{"@id":"http:\/\/www.kosmetologiamagiczna.pl\/index.php\/portfolio\/zabiegi-laserowe\/#primaryimage"},"image":{"@id":"http:\/\/www.kosmetologiamagiczna.pl\/index.php\/portfolio\/zabiegi-laserowe\/#primaryimage"},"thumbnailUrl":"http:\/\/www.kosmetologiamagiczna.pl\/wp-content\/uploads\/2020\/08\/lightsheerduet_menu2.png","datePublished":"2020-08-05T12:51:31+00:00","dateModified":"2025-12-31T19:54:03+00:00","description":"Odkryj moc nowoczesnych technologii laserowych i zadbaj o swoj\u0105 sk\u00f3r\u0119 tak, jak na to zas\u0142uguje. W naszym salonie \u0142\u0105czymy precyzj\u0119, bezpiecze\u0144stwo i spektakularne efekty \u2013 od odm\u0142adzania, przez redukcj\u0119 przebarwie\u0144, po trwa\u0142e usuwanie ow\u0142osienia. Zaufaj specjalistom i ciesz si\u0119 g\u0142adk\u0105, promienn\u0105 sk\u00f3r\u0105 ju\u017c od pierwszych wizyt. Twoje pi\u0119kno w najlepszych r\u0119kach.","breadcrumb":{"@id":"http:\/\/www.kosmetologiamagiczna.pl\/index.php\/portfolio\/zabiegi-laserowe\/#breadcrumb"},"inLanguage":"pl-PL","potentialAction":[{"@type":"ReadAction","target":["http:\/\/www.kosmetologiamagiczna.pl\/index.php\/portfolio\/zabiegi-laserowe\/"]}]},{"@type":"ImageObject","inLanguage":"pl-PL","@id":"http:\/\/www.kosmetologiamagiczna.pl\/index.php\/portfolio\/zabiegi-laserowe\/#primaryimage","url":"http:\/\/www.kosmetologiamagiczna.pl\/wp-content\/uploads\/2020\/08\/lightsheerduet_menu2.png","contentUrl":"http:\/\/www.kosmetologiamagiczna.pl\/wp-content\/uploads\/2020\/08\/lightsheerduet_menu2.png","width":740,"height":700},{"@type":"BreadcrumbList","@id":"http:\/\/www.kosmetologiamagiczna.pl\/index.php\/portfolio\/zabiegi-laserowe\/#breadcrumb","itemListElement":[{"@type":"ListItem","position":1,"name":"Strona g\u0142\u00f3wna","item":"http:\/\/www.kosmetologiamagiczna.pl\/"},{"@type":"ListItem","position":2,"name":"Portfolios","item":"http:\/\/www.kosmetologiamagiczna.pl\/index.php\/portfolio\/"},{"@type":"ListItem","position":3,"name":"Zabiegi laserowe"}]},{"@type":"WebSite","@id":"http:\/\/www.kosmetologiamagiczna.pl\/#website","url":"http:\/\/www.kosmetologiamagiczna.pl\/","name":"Kosmetologia Estetyczna MAGICZNA","description":"Pi\u0119kno, kt\u00f3re podkre\u015bla Twoj\u0105 naturalno\u015b\u0107.","publisher":{"@id":"http:\/\/www.kosmetologiamagiczna.pl\/#organization"},"potentialAction":[{"@type":"SearchAction","target":{"@type":"EntryPoint","urlTemplate":"http:\/\/www.kosmetologiamagiczna.pl\/?s={search_term_string}"},"query-input":{"@type":"PropertyValueSpecification","valueRequired":true,"valueName":"search_term_string"}}],"inLanguage":"pl-PL"},{"@type":"Organization","@id":"http:\/\/www.kosmetologiamagiczna.pl\/#organization","name":"Kosmetologia Estetyczna MAGICZNA","url":"http:\/\/www.kosmetologiamagiczna.pl\/","logo":{"@type":"ImageObject","inLanguage":"pl-PL","@id":"http:\/\/www.kosmetologiamagiczna.pl\/#\/schema\/logo\/image\/","url":"http:\/\/www.kosmetologiamagiczna.pl\/wp-content\/uploads\/2025\/11\/cropped-logoAnkaCorel18.png","contentUrl":"http:\/\/www.kosmetologiamagiczna.pl\/wp-content\/uploads\/2025\/11\/cropped-logoAnkaCorel18.png","width":512,"height":512,"caption":"Kosmetologia Estetyczna MAGICZNA"},"image":{"@id":"http:\/\/www.kosmetologiamagiczna.pl\/#\/schema\/logo\/image\/"},"sameAs":["https:\/\/www.facebook.com\/KosmetologiaEstetycznaMAGICZNA"]}]}},"_links":{"self":[{"href":"http:\/\/www.kosmetologiamagiczna.pl\/index.php\/wp-json\/wp\/v2\/portfolio\/1444","targetHints":{"allow":["GET"]}}],"collection":[{"href":"http:\/\/www.kosmetologiamagiczna.pl\/index.php\/wp-json\/wp\/v2\/portfolio"}],"about":[{"href":"http:\/\/www.kosmetologiamagiczna.pl\/index.php\/wp-json\/wp\/v2\/types\/portfolio"}],"author":[{"embeddable":true,"href":"http:\/\/www.kosmetologiamagiczna.pl\/index.php\/wp-json\/wp\/v2\/users\/1"}],"replies":[{"embeddable":true,"href":"http:\/\/www.kosmetologiamagiczna.pl\/index.php\/wp-json\/wp\/v2\/comments?post=1444"}],"version-history":[{"count":38,"href":"http:\/\/www.kosmetologiamagiczna.pl\/index.php\/wp-json\/wp\/v2\/portfolio\/1444\/revisions"}],"predecessor-version":[{"id":5194,"href":"http:\/\/www.kosmetologiamagiczna.pl\/index.php\/wp-json\/wp\/v2\/portfolio\/1444\/revisions\/5194"}],"wp:featuredmedia":[{"embeddable":true,"href":"http:\/\/www.kosmetologiamagiczna.pl\/index.php\/wp-json\/wp\/v2\/media\/4320"}],"wp:attachment":[{"href":"http:\/\/www.kosmetologiamagiczna.pl\/index.php\/wp-json\/wp\/v2\/media?parent=1444"}],"wp:term":[{"taxonomy":"portfolio_category","embeddable":true,"href":"http:\/\/www.kosmetologiamagiczna.pl\/index.php\/wp-json\/wp\/v2\/portfolio_category?post=1444"},{"taxonomy":"portfolio_tag","embeddable":true,"href":"http:\/\/www.kosmetologiamagiczna.pl\/index.php\/wp-json\/wp\/v2\/portfolio_tag?post=1444"}],"curies":[{"name":"wp","href":"https:\/\/api.w.org\/{rel}","templated":true}]}}