{"id":2468,"date":"2025-12-08T18:10:06","date_gmt":"2025-12-08T18:10:06","guid":{"rendered":"https:\/\/livewp.site\/wp\/md\/qulo\/?post_type=portfolio&#038;p=2468"},"modified":"2026-01-06T16:47:12","modified_gmt":"2026-01-06T16:47:12","slug":"o-nas","status":"publish","type":"portfolio","link":"http:\/\/www.kosmetologiamagiczna.pl\/index.php\/portfolio\/o-nas\/","title":{"rendered":"O nas"},"content":{"rendered":"\t\t<div data-elementor-type=\"wp-post\" data-elementor-id=\"2468\" class=\"elementor elementor-2468\">\n\t\t\t\t\t\t<section class=\"elementor-section elementor-top-section elementor-element elementor-element-0b9cd62 elementor-section-stretched elementor-section-boxed elementor-section-height-default elementor-section-height-default\" data-id=\"0b9cd62\" data-element_type=\"section\" data-e-type=\"section\" data-settings=\"{&quot;stretch_section&quot;:&quot;section-stretched&quot;,&quot;background_background&quot;:&quot;gradient&quot;}\">\n\t\t\t\t\t\t<div class=\"elementor-container elementor-column-gap-extended\">\n\t\t\t\t\t<div class=\"elementor-column elementor-col-50 elementor-top-column elementor-element elementor-element-8719713\" data-id=\"8719713\" data-element_type=\"column\" data-e-type=\"column\">\n\t\t\t<div class=\"elementor-widget-wrap elementor-element-populated\">\n\t\t\t\t\t\t<div class=\"elementor-element elementor-element-5053001 elementor-widget elementor-widget-image\" data-id=\"5053001\" data-element_type=\"widget\" data-e-type=\"widget\" data-widget_type=\"image.default\">\n\t\t\t\t\t\t\t\t\t\t\t\t\t\t\t<img loading=\"lazy\" decoding=\"async\" width=\"377\" height=\"565\" src=\"http:\/\/www.kosmetologiamagiczna.pl\/wp-content\/uploads\/2020\/09\/IMG_2353-small.jpg\" class=\"attachment-large size-large wp-image-4486\" alt=\"\" srcset=\"http:\/\/www.kosmetologiamagiczna.pl\/wp-content\/uploads\/2020\/09\/IMG_2353-small.jpg 377w, http:\/\/www.kosmetologiamagiczna.pl\/wp-content\/uploads\/2020\/09\/IMG_2353-small-200x300.jpg 200w\" sizes=\"auto, (max-width: 377px) 100vw, 377px\" title=\"IMG_2353-small\" \/>\t\t\t\t\t\t\t\t\t\t\t\t\t\t\t<\/div>\n\t\t\t\t\t<\/div>\n\t\t<\/div>\n\t\t\t\t<div class=\"elementor-column elementor-col-50 elementor-top-column elementor-element elementor-element-1e9d799\" data-id=\"1e9d799\" data-element_type=\"column\" data-e-type=\"column\">\n\t\t\t<div class=\"elementor-widget-wrap elementor-element-populated\">\n\t\t\t\t\t\t<div class=\"elementor-element-custom_font_size elementor-element-custom_line_height elementor-element-custom_color elementor-element elementor-element-945c0b1 elementor-widget elementor-widget-text-editor\" data-id=\"945c0b1\" data-element_type=\"widget\" data-e-type=\"widget\" data-widget_type=\"text-editor.default\">\n\t\t\t\t\t\t\t\t\t<p><strong>Pi\u0119kno, kt\u00f3re podkre\u015bla Twoj\u0105 naturalno\u015b\u0107.<\/strong><\/p>\t\t\t\t\t\t\t\t<\/div>\n\t\t\t\t<div class=\"elementor-element elementor-element-492f75c elementor-widget elementor-widget-text-editor\" data-id=\"492f75c\" data-element_type=\"widget\" data-e-type=\"widget\" data-widget_type=\"text-editor.default\">\n\t\t\t\t\t\t\t\t\t<h5><strong>Nasz\u0105 misj\u0105 jest wydobywanie pi\u0119kna \u2014 bez przerysowania, z pe\u0142nym szacunkiem do indywidualnych rys\u00f3w i potrzeb sk\u00f3ry. Zapraszamy do miejsca, w kt\u00f3rym estetyka spotyka si\u0119 z profesjonalizmem.<\/strong><\/h5>\t\t\t\t\t\t\t\t<\/div>\n\t\t\t\t<div class=\"elementor-element elementor-element-5d31508 elementor-widget elementor-widget-spacer\" data-id=\"5d31508\" data-element_type=\"widget\" data-e-type=\"widget\" data-widget_type=\"spacer.default\">\n\t\t\t\t\t\t\t<div class=\"elementor-spacer\">\n\t\t\t<div class=\"elementor-spacer-inner\"><\/div>\n\t\t<\/div>\n\t\t\t\t\t\t<\/div>\n\t\t\t\t<div class=\"elementor-element elementor-element-0e5ae10 elementor-widget elementor-widget-text-editor\" data-id=\"0e5ae10\" data-element_type=\"widget\" data-e-type=\"widget\" data-widget_type=\"text-editor.default\">\n\t\t\t\t\t\t\t\t\t<p>Anna Nyzak, mgr kosmetologii, piel\u0119gniarka, specjalista laseroterapii i kosmetologii medycznej. Nieustannie podnosi swoje kwalifikacje i rozwija si\u0119 zawodowo.<br \/><br \/><\/p>\t\t\t\t\t\t\t\t<\/div>\n\t\t\t\t<div class=\"elementor-element elementor-element-3417a85 elementor-widget elementor-widget-text-editor\" data-id=\"3417a85\" data-element_type=\"widget\" data-e-type=\"widget\" data-widget_type=\"text-editor.default\">\n\t\t\t\t\t\t\t\t\t<p>Uczestniczka licznych kurs\u00f3w i konferencji z zakresu kosmetologii, kosmetologii medycznej, medycyny estetycznej i kosmetyki piel\u0119gnacyjnej twarzy i cia\u0142a.<br \/><br \/><\/p>\t\t\t\t\t\t\t\t<\/div>\n\t\t\t\t<div class=\"elementor-element elementor-element-8136032 elementor-widget elementor-widget-text-editor\" data-id=\"8136032\" data-element_type=\"widget\" data-e-type=\"widget\" data-widget_type=\"text-editor.default\">\n\t\t\t\t\t\t\t\t\t<p>Ekspert w dziedzinie dermatoz i wp\u0142ywu promieniowania UV na organizm ludzki. Pasjonatka tanatokosmetyki.<\/p>\t\t\t\t\t\t\t\t<\/div>\n\t\t\t\t\t<\/div>\n\t\t<\/div>\n\t\t\t\t\t<\/div>\n\t\t<\/section>\n\t\t\t\t<\/div>\n\t\t","protected":false},"excerpt":{"rendered":"<p>Pi\u0119kno, kt\u00f3re podkre\u015bla Twoj\u0105 naturalno\u015b\u0107. Nasz\u0105 misj\u0105 jest wydobywanie pi\u0119kna \u2014 bez przerysowania, z pe\u0142nym szacunkiem do indywidualnych rys\u00f3w i potrzeb sk\u00f3ry. Zapraszamy do miejsca, w kt\u00f3rym estetyka spotyka si\u0119 z profesjonalizmem. Anna Nyzak, mgr kosmetologii, piel\u0119gniarka, specjalista laseroterapii i kosmetologii medycznej. Nieustannie podnosi swoje kwalifikacje i rozwija si\u0119 zawodowo. Uczestniczka licznych kurs\u00f3w i konferencji [&hellip;]<\/p>\n","protected":false},"author":1,"featured_media":4507,"menu_order":0,"comment_status":"closed","ping_status":"closed","template":"","portfolio_category":[30],"portfolio_tag":[],"class_list":["post-2468","portfolio","type-portfolio","status-publish","has-post-thumbnail","hentry","portfolio_category-kontakt-menu"],"yoast_head":"<!-- This site is optimized with the Yoast SEO plugin v27.1.1 - https:\/\/yoast.com\/product\/yoast-seo-wordpress\/ -->\n<title>O nas - Kosmetologia Estetyczna MAGICZNA<\/title>\n<meta name=\"description\" content=\"Pi\u0119kno, kt\u00f3re podkre\u015bla Twoj\u0105 naturalno\u015b\u0107. Nasz\u0105 misj\u0105 jest wydobywanie pi\u0119kna \u2014 bez przerysowania, z pe\u0142nym szacunkiem do indywidualnych rys\u00f3w i potrzeb sk\u00f3ry. Zapraszamy do miejsca, w kt\u00f3rym estetyka spotyka si\u0119 z profesjonalizmem.\" \/>\n<meta name=\"robots\" content=\"index, follow, max-snippet:-1, max-image-preview:large, max-video-preview:-1\" \/>\n<link rel=\"canonical\" href=\"http:\/\/www.kosmetologiamagiczna.pl\/index.php\/portfolio\/o-nas\/\" \/>\n<meta property=\"og:locale\" content=\"pl_PL\" \/>\n<meta property=\"og:type\" content=\"article\" \/>\n<meta property=\"og:title\" content=\"O nas - Kosmetologia Estetyczna MAGICZNA\" \/>\n<meta property=\"og:description\" content=\"Pi\u0119kno, kt\u00f3re podkre\u015bla Twoj\u0105 naturalno\u015b\u0107. Nasz\u0105 misj\u0105 jest wydobywanie pi\u0119kna \u2014 bez przerysowania, z pe\u0142nym szacunkiem do indywidualnych rys\u00f3w i potrzeb sk\u00f3ry. Zapraszamy do miejsca, w kt\u00f3rym estetyka spotyka si\u0119 z profesjonalizmem.\" \/>\n<meta property=\"og:url\" content=\"http:\/\/www.kosmetologiamagiczna.pl\/index.php\/portfolio\/o-nas\/\" \/>\n<meta property=\"og:site_name\" content=\"Kosmetologia Estetyczna MAGICZNA\" \/>\n<meta property=\"article:publisher\" content=\"https:\/\/www.facebook.com\/KosmetologiaEstetycznaMAGICZNA\" \/>\n<meta property=\"article:modified_time\" content=\"2026-01-06T16:47:12+00:00\" \/>\n<meta property=\"og:image\" content=\"http:\/\/www.kosmetologiamagiczna.pl\/wp-content\/uploads\/2020\/09\/onas3.png\" \/>\n\t<meta property=\"og:image:width\" content=\"742\" \/>\n\t<meta property=\"og:image:height\" content=\"700\" \/>\n\t<meta property=\"og:image:type\" content=\"image\/png\" \/>\n<meta name=\"twitter:card\" content=\"summary_large_image\" \/>\n<meta name=\"twitter:label1\" content=\"Szacowany czas czytania\" \/>\n\t<meta name=\"twitter:data1\" content=\"1 minuta\" \/>\n<script type=\"application\/ld+json\" class=\"yoast-schema-graph\">{\"@context\":\"https:\/\/schema.org\",\"@graph\":[{\"@type\":\"WebPage\",\"@id\":\"http:\/\/www.kosmetologiamagiczna.pl\/index.php\/portfolio\/o-nas\/\",\"url\":\"http:\/\/www.kosmetologiamagiczna.pl\/index.php\/portfolio\/o-nas\/\",\"name\":\"O nas - Kosmetologia Estetyczna MAGICZNA\",\"isPartOf\":{\"@id\":\"http:\/\/www.kosmetologiamagiczna.pl\/#website\"},\"primaryImageOfPage\":{\"@id\":\"http:\/\/www.kosmetologiamagiczna.pl\/index.php\/portfolio\/o-nas\/#primaryimage\"},\"image\":{\"@id\":\"http:\/\/www.kosmetologiamagiczna.pl\/index.php\/portfolio\/o-nas\/#primaryimage\"},\"thumbnailUrl\":\"http:\/\/www.kosmetologiamagiczna.pl\/wp-content\/uploads\/2020\/09\/onas3.png\",\"datePublished\":\"2025-12-08T18:10:06+00:00\",\"dateModified\":\"2026-01-06T16:47:12+00:00\",\"description\":\"Pi\u0119kno, kt\u00f3re podkre\u015bla Twoj\u0105 naturalno\u015b\u0107. Nasz\u0105 misj\u0105 jest wydobywanie pi\u0119kna \u2014 bez przerysowania, z pe\u0142nym szacunkiem do indywidualnych rys\u00f3w i potrzeb sk\u00f3ry. Zapraszamy do miejsca, w kt\u00f3rym estetyka spotyka si\u0119 z profesjonalizmem.\",\"breadcrumb\":{\"@id\":\"http:\/\/www.kosmetologiamagiczna.pl\/index.php\/portfolio\/o-nas\/#breadcrumb\"},\"inLanguage\":\"pl-PL\",\"potentialAction\":[{\"@type\":\"ReadAction\",\"target\":[\"http:\/\/www.kosmetologiamagiczna.pl\/index.php\/portfolio\/o-nas\/\"]}]},{\"@type\":\"ImageObject\",\"inLanguage\":\"pl-PL\",\"@id\":\"http:\/\/www.kosmetologiamagiczna.pl\/index.php\/portfolio\/o-nas\/#primaryimage\",\"url\":\"http:\/\/www.kosmetologiamagiczna.pl\/wp-content\/uploads\/2020\/09\/onas3.png\",\"contentUrl\":\"http:\/\/www.kosmetologiamagiczna.pl\/wp-content\/uploads\/2020\/09\/onas3.png\",\"width\":742,\"height\":700},{\"@type\":\"BreadcrumbList\",\"@id\":\"http:\/\/www.kosmetologiamagiczna.pl\/index.php\/portfolio\/o-nas\/#breadcrumb\",\"itemListElement\":[{\"@type\":\"ListItem\",\"position\":1,\"name\":\"Strona g\u0142\u00f3wna\",\"item\":\"http:\/\/www.kosmetologiamagiczna.pl\/\"},{\"@type\":\"ListItem\",\"position\":2,\"name\":\"Portfolios\",\"item\":\"http:\/\/www.kosmetologiamagiczna.pl\/index.php\/portfolio\/\"},{\"@type\":\"ListItem\",\"position\":3,\"name\":\"O nas\"}]},{\"@type\":\"WebSite\",\"@id\":\"http:\/\/www.kosmetologiamagiczna.pl\/#website\",\"url\":\"http:\/\/www.kosmetologiamagiczna.pl\/\",\"name\":\"Kosmetologia Estetyczna MAGICZNA\",\"description\":\"Pi\u0119kno, kt\u00f3re podkre\u015bla Twoj\u0105 naturalno\u015b\u0107.\",\"publisher\":{\"@id\":\"http:\/\/www.kosmetologiamagiczna.pl\/#organization\"},\"potentialAction\":[{\"@type\":\"SearchAction\",\"target\":{\"@type\":\"EntryPoint\",\"urlTemplate\":\"http:\/\/www.kosmetologiamagiczna.pl\/?s={search_term_string}\"},\"query-input\":{\"@type\":\"PropertyValueSpecification\",\"valueRequired\":true,\"valueName\":\"search_term_string\"}}],\"inLanguage\":\"pl-PL\"},{\"@type\":\"Organization\",\"@id\":\"http:\/\/www.kosmetologiamagiczna.pl\/#organization\",\"name\":\"Kosmetologia Estetyczna MAGICZNA\",\"url\":\"http:\/\/www.kosmetologiamagiczna.pl\/\",\"logo\":{\"@type\":\"ImageObject\",\"inLanguage\":\"pl-PL\",\"@id\":\"http:\/\/www.kosmetologiamagiczna.pl\/#\/schema\/logo\/image\/\",\"url\":\"http:\/\/www.kosmetologiamagiczna.pl\/wp-content\/uploads\/2025\/11\/cropped-logoAnkaCorel18.png\",\"contentUrl\":\"http:\/\/www.kosmetologiamagiczna.pl\/wp-content\/uploads\/2025\/11\/cropped-logoAnkaCorel18.png\",\"width\":512,\"height\":512,\"caption\":\"Kosmetologia Estetyczna MAGICZNA\"},\"image\":{\"@id\":\"http:\/\/www.kosmetologiamagiczna.pl\/#\/schema\/logo\/image\/\"},\"sameAs\":[\"https:\/\/www.facebook.com\/KosmetologiaEstetycznaMAGICZNA\"]}]}<\/script>\n<!-- \/ Yoast SEO plugin. -->","yoast_head_json":{"title":"O nas - Kosmetologia Estetyczna MAGICZNA","description":"Pi\u0119kno, kt\u00f3re podkre\u015bla Twoj\u0105 naturalno\u015b\u0107. Nasz\u0105 misj\u0105 jest wydobywanie pi\u0119kna \u2014 bez przerysowania, z pe\u0142nym szacunkiem do indywidualnych rys\u00f3w i potrzeb sk\u00f3ry. Zapraszamy do miejsca, w kt\u00f3rym estetyka spotyka si\u0119 z profesjonalizmem.","robots":{"index":"index","follow":"follow","max-snippet":"max-snippet:-1","max-image-preview":"max-image-preview:large","max-video-preview":"max-video-preview:-1"},"canonical":"http:\/\/www.kosmetologiamagiczna.pl\/index.php\/portfolio\/o-nas\/","og_locale":"pl_PL","og_type":"article","og_title":"O nas - Kosmetologia Estetyczna MAGICZNA","og_description":"Pi\u0119kno, kt\u00f3re podkre\u015bla Twoj\u0105 naturalno\u015b\u0107. Nasz\u0105 misj\u0105 jest wydobywanie pi\u0119kna \u2014 bez przerysowania, z pe\u0142nym szacunkiem do indywidualnych rys\u00f3w i potrzeb sk\u00f3ry. Zapraszamy do miejsca, w kt\u00f3rym estetyka spotyka si\u0119 z profesjonalizmem.","og_url":"http:\/\/www.kosmetologiamagiczna.pl\/index.php\/portfolio\/o-nas\/","og_site_name":"Kosmetologia Estetyczna MAGICZNA","article_publisher":"https:\/\/www.facebook.com\/KosmetologiaEstetycznaMAGICZNA","article_modified_time":"2026-01-06T16:47:12+00:00","og_image":[{"width":742,"height":700,"url":"http:\/\/www.kosmetologiamagiczna.pl\/wp-content\/uploads\/2020\/09\/onas3.png","type":"image\/png"}],"twitter_card":"summary_large_image","twitter_misc":{"Szacowany czas czytania":"1 minuta"},"schema":{"@context":"https:\/\/schema.org","@graph":[{"@type":"WebPage","@id":"http:\/\/www.kosmetologiamagiczna.pl\/index.php\/portfolio\/o-nas\/","url":"http:\/\/www.kosmetologiamagiczna.pl\/index.php\/portfolio\/o-nas\/","name":"O nas - Kosmetologia Estetyczna MAGICZNA","isPartOf":{"@id":"http:\/\/www.kosmetologiamagiczna.pl\/#website"},"primaryImageOfPage":{"@id":"http:\/\/www.kosmetologiamagiczna.pl\/index.php\/portfolio\/o-nas\/#primaryimage"},"image":{"@id":"http:\/\/www.kosmetologiamagiczna.pl\/index.php\/portfolio\/o-nas\/#primaryimage"},"thumbnailUrl":"http:\/\/www.kosmetologiamagiczna.pl\/wp-content\/uploads\/2020\/09\/onas3.png","datePublished":"2025-12-08T18:10:06+00:00","dateModified":"2026-01-06T16:47:12+00:00","description":"Pi\u0119kno, kt\u00f3re podkre\u015bla Twoj\u0105 naturalno\u015b\u0107. Nasz\u0105 misj\u0105 jest wydobywanie pi\u0119kna \u2014 bez przerysowania, z pe\u0142nym szacunkiem do indywidualnych rys\u00f3w i potrzeb sk\u00f3ry. Zapraszamy do miejsca, w kt\u00f3rym estetyka spotyka si\u0119 z profesjonalizmem.","breadcrumb":{"@id":"http:\/\/www.kosmetologiamagiczna.pl\/index.php\/portfolio\/o-nas\/#breadcrumb"},"inLanguage":"pl-PL","potentialAction":[{"@type":"ReadAction","target":["http:\/\/www.kosmetologiamagiczna.pl\/index.php\/portfolio\/o-nas\/"]}]},{"@type":"ImageObject","inLanguage":"pl-PL","@id":"http:\/\/www.kosmetologiamagiczna.pl\/index.php\/portfolio\/o-nas\/#primaryimage","url":"http:\/\/www.kosmetologiamagiczna.pl\/wp-content\/uploads\/2020\/09\/onas3.png","contentUrl":"http:\/\/www.kosmetologiamagiczna.pl\/wp-content\/uploads\/2020\/09\/onas3.png","width":742,"height":700},{"@type":"BreadcrumbList","@id":"http:\/\/www.kosmetologiamagiczna.pl\/index.php\/portfolio\/o-nas\/#breadcrumb","itemListElement":[{"@type":"ListItem","position":1,"name":"Strona g\u0142\u00f3wna","item":"http:\/\/www.kosmetologiamagiczna.pl\/"},{"@type":"ListItem","position":2,"name":"Portfolios","item":"http:\/\/www.kosmetologiamagiczna.pl\/index.php\/portfolio\/"},{"@type":"ListItem","position":3,"name":"O nas"}]},{"@type":"WebSite","@id":"http:\/\/www.kosmetologiamagiczna.pl\/#website","url":"http:\/\/www.kosmetologiamagiczna.pl\/","name":"Kosmetologia Estetyczna MAGICZNA","description":"Pi\u0119kno, kt\u00f3re podkre\u015bla Twoj\u0105 naturalno\u015b\u0107.","publisher":{"@id":"http:\/\/www.kosmetologiamagiczna.pl\/#organization"},"potentialAction":[{"@type":"SearchAction","target":{"@type":"EntryPoint","urlTemplate":"http:\/\/www.kosmetologiamagiczna.pl\/?s={search_term_string}"},"query-input":{"@type":"PropertyValueSpecification","valueRequired":true,"valueName":"search_term_string"}}],"inLanguage":"pl-PL"},{"@type":"Organization","@id":"http:\/\/www.kosmetologiamagiczna.pl\/#organization","name":"Kosmetologia Estetyczna MAGICZNA","url":"http:\/\/www.kosmetologiamagiczna.pl\/","logo":{"@type":"ImageObject","inLanguage":"pl-PL","@id":"http:\/\/www.kosmetologiamagiczna.pl\/#\/schema\/logo\/image\/","url":"http:\/\/www.kosmetologiamagiczna.pl\/wp-content\/uploads\/2025\/11\/cropped-logoAnkaCorel18.png","contentUrl":"http:\/\/www.kosmetologiamagiczna.pl\/wp-content\/uploads\/2025\/11\/cropped-logoAnkaCorel18.png","width":512,"height":512,"caption":"Kosmetologia Estetyczna MAGICZNA"},"image":{"@id":"http:\/\/www.kosmetologiamagiczna.pl\/#\/schema\/logo\/image\/"},"sameAs":["https:\/\/www.facebook.com\/KosmetologiaEstetycznaMAGICZNA"]}]}},"_links":{"self":[{"href":"http:\/\/www.kosmetologiamagiczna.pl\/index.php\/wp-json\/wp\/v2\/portfolio\/2468","targetHints":{"allow":["GET"]}}],"collection":[{"href":"http:\/\/www.kosmetologiamagiczna.pl\/index.php\/wp-json\/wp\/v2\/portfolio"}],"about":[{"href":"http:\/\/www.kosmetologiamagiczna.pl\/index.php\/wp-json\/wp\/v2\/types\/portfolio"}],"author":[{"embeddable":true,"href":"http:\/\/www.kosmetologiamagiczna.pl\/index.php\/wp-json\/wp\/v2\/users\/1"}],"replies":[{"embeddable":true,"href":"http:\/\/www.kosmetologiamagiczna.pl\/index.php\/wp-json\/wp\/v2\/comments?post=2468"}],"version-history":[{"count":8,"href":"http:\/\/www.kosmetologiamagiczna.pl\/index.php\/wp-json\/wp\/v2\/portfolio\/2468\/revisions"}],"predecessor-version":[{"id":4510,"href":"http:\/\/www.kosmetologiamagiczna.pl\/index.php\/wp-json\/wp\/v2\/portfolio\/2468\/revisions\/4510"}],"wp:featuredmedia":[{"embeddable":true,"href":"http:\/\/www.kosmetologiamagiczna.pl\/index.php\/wp-json\/wp\/v2\/media\/4507"}],"wp:attachment":[{"href":"http:\/\/www.kosmetologiamagiczna.pl\/index.php\/wp-json\/wp\/v2\/media?parent=2468"}],"wp:term":[{"taxonomy":"portfolio_category","embeddable":true,"href":"http:\/\/www.kosmetologiamagiczna.pl\/index.php\/wp-json\/wp\/v2\/portfolio_category?post=2468"},{"taxonomy":"portfolio_tag","embeddable":true,"href":"http:\/\/www.kosmetologiamagiczna.pl\/index.php\/wp-json\/wp\/v2\/portfolio_tag?post=2468"}],"curies":[{"name":"wp","href":"https:\/\/api.w.org\/{rel}","templated":true}]}}